{"id":9288,"date":"2019-05-22T08:36:02","date_gmt":"2019-05-22T07:36:02","guid":{"rendered":"http:\/\/artsetculture.fr\/?page_id=9288"},"modified":"2020-08-25T17:34:58","modified_gmt":"2020-08-25T16:34:58","slug":"programme-de-la-saison","status":"publish","type":"page","link":"https:\/\/artsetculture.fr\/index.php\/historique\/programme-de-la-saison\/","title":{"rendered":"Saison 2018-2019"},"content":{"rendered":"<h3><span style=\"color: #800000;\"><span style=\"text-decoration: underline;\">Conf\u00e9rences<\/span> \u00a0 \u00a0 \u00a0 \u00a0 \u00a0 \u00a0 \u00a0 \u00a0 \u00a0 \u00a0 \u00a0 \u00a0 \u00a0 \u00a0 \u00a0 \u00a0 \u00a0 \u00a0 \u00a0 \u00a0 \u00a0 \u00a0 \u00a0 \u00a0\u00a0<\/span><\/h3>\n<h4 style=\"text-align: left;\"><span style=\"color: #000000;\"><em><a href=\"http:\/\/artsetculture.fr\/index.php\/2018\/07\/31\/architectes-japonais-en-france\/\"><span style=\"color: #008000;\">Architectes japonais en France<\/span><\/a>\u00a0 \u00a0 \u00a0 \u00a0 \u00a0\u00a0<\/em><\/span><span style=\"color: #0000ff;\">Catherine \u00a0Coudert<\/span><\/h4>\n<p style=\"text-align: left;\"><strong><a href=\"http:\/\/artsetculture.fr\/index.php\/event\/architectes1\/\"><em><span style=\"color: #339966;\"><img loading=\"lazy\" decoding=\"async\" class=\"alignright wp-image-8287\" src=\"http:\/\/artsetculture.fr\/wp-content\/uploads\/2018\/06\/Seine-musicale-40628039774_5607564923_b-WEB-300x200.jpg\" alt=\"Seine musicale-40628039774_5607564923_b-WEB\" width=\"140\" height=\"93\" srcset=\"https:\/\/artsetculture.fr\/wp-content\/uploads\/2018\/06\/Seine-musicale-40628039774_5607564923_b-WEB-300x200.jpg 300w, https:\/\/artsetculture.fr\/wp-content\/uploads\/2018\/06\/Seine-musicale-40628039774_5607564923_b-WEB.jpg 448w\" sizes=\"auto, (max-width: 140px) 100vw, 140px\" \/><\/span><\/em><\/a><a href=\"https:\/\/artsetculture.fr\/index.php\/event\/architectes-japonais-en-france-1\/\"><em><span style=\"color: #339966;\">13\/09\/1<\/span><\/em><\/a><em><a href=\"https:\/\/artsetculture.fr\/index.php\/event\/architectes-japonais-en-france-1\/\"><span style=\"color: #339966;\">8<\/span><\/a><span style=\"color: #ffffff;\">_ __<span style=\"color: #333333;\">Tadao Ando et Toyo Ito<\/span>\u00a0<\/span><\/em>\u00a0 \u00a0 \u00a0 \u00a0 \u00a0 \u00a0<em><a href=\"https:\/\/artsetculture.fr\/index.php\/event\/architectes-japonais-en-france-2\/\"><span style=\"color: #339966;\">20\/09\/18<\/span><\/a><span style=\"color: #333333;\"><span style=\"color: #ffffff;\">___<span style=\"color: #333333;\">Agence Sanaa, Shinguru Ban,\u00a0<span style=\"color: #ffffff;\"> ____<\/span>\u00a0 <span style=\"color: #ffffff;\">_________<\/span>\u00a0 Sou Fujimoto<\/span><\/span><\/span><\/em><\/strong><strong><br \/>\n<\/strong><\/p>\n<h4><strong><span style=\"color: #000000;\"><span style=\"color: #339966;\"><a href=\"http:\/\/artsetculture.fr\/index.php\/2018\/07\/31\/lirlande-a-la-croisee-des-chemins\/\"><span style=\"color: #008000;\"><em>L&rsquo;Irlande \u00e0 la crois\u00e9e des chemins<\/em><\/span><\/a>\u00a0<\/span>\u00a0 \u00a0 \u00a0 <\/span><span style=\"color: #0000ff;\">V\u00e9ronique Cromb\u00e9<br \/>\n<\/span><\/strong><\/h4>\n<p><em><strong><a style=\"font-weight: bold;\" href=\"https:\/\/artsetculture.fr\/index.php\/event\/lirlande-a-la-croisee-des-chemins-1\/\">27\/09\/18<\/a><a href=\"http:\/\/artsetculture.fr\/index.php\/event\/hindouisme1\/\"><img loading=\"lazy\" decoding=\"async\" class=\"wp-image-8436 alignright\" src=\"http:\/\/artsetculture.fr\/wp-content\/uploads\/2018\/07\/Ballyseedy-Monument-180418-CAC1WEBR-300x208.jpg\" alt=\"Ballyseedy Monument-180418-CAC1WEBR\" width=\"140\" height=\"97\" srcset=\"https:\/\/artsetculture.fr\/wp-content\/uploads\/2018\/07\/Ballyseedy-Monument-180418-CAC1WEBR-300x208.jpg 300w, https:\/\/artsetculture.fr\/wp-content\/uploads\/2018\/07\/Ballyseedy-Monument-180418-CAC1WEBR.jpg 343w\" sizes=\"auto, (max-width: 140px) 100vw, 140px\" \/><\/a><\/strong><\/em><em><span style=\"color: #333333;\"><strong><span style=\"color: #ffffff;\"><span style=\"color: #ffffff;\">_\u00a0 \u00a0<\/span><span style=\"color: #333333;\">Des United\u00a0 Irishmen\u00a0<\/span><span style=\"color: #333333;\"><span style=\"color: #ffffff;\">\u00a0<\/span><span style=\"color: #ffffff;\"><span style=\"color: #333333;\">\u00e0\u00a0 \u00a0<span style=\"color: #ffffff;\">_____________<\/span> l&rsquo;insurrection de\u00a0<\/span><\/span><span style=\"color: #333333;\">P\u00e2ques 1916<\/span> <a style=\"font-weight: bold;\" href=\"https:\/\/artsetculture.fr\/index.php\/event\/lirlande-a-la-croisee-des-chemins-2\/\">04\/10\/18<\/a><em style=\"color: #333333;\"><span style=\"color: #333333;\"><strong><span style=\"color: #ffffff;\">_\u00a0 \u00a0<span style=\"color: #333333;\">De la guerre d&rsquo;ind\u00e9pendance \u00e0 la <span style=\"color: #ffffff;\">_____________<\/span>\u00a0 \u00a0guerre civile<\/span><\/span><\/strong><\/span><\/em><\/span><\/span><\/strong><\/span><\/em><\/p>\n<h4 style=\"text-align: left;\"><span style=\"color: #000000;\"><a href=\"http:\/\/artsetculture.fr\/index.php\/2018\/07\/31\/histoire-de-lempire-ottoman-1453-1923\/\"><span style=\"color: #008000;\"><em>Histoire de l&#8217;empire ottoman<\/em><\/span><\/a><a href=\"http:\/\/artsetculture.fr\/index.php\/2017\/08\/12\/merci-detre-velu-une-histoire-du-poil\/\">\u00a0<\/a>\u00a0<\/span>\u00a0 \u00a0 \u00a0 \u00a0 \u00a0 \u00a0 \u00a0 \u00a0<span style=\"color: #0000ff;\">Pierre-Alain Mallet<\/span><\/h4>\n<p style=\"text-align: left;\"><strong><em><a href=\"http:\/\/artsetculture.fr\/index.php\/event\/poils1\/\"><span style=\"color: #339966;\"><img loading=\"lazy\" decoding=\"async\" class=\"alignright wp-image-8346\" src=\"http:\/\/artsetculture.fr\/wp-content\/uploads\/2018\/06\/Soliman-CAR-300x225.jpg\" alt=\"Soliman-CAR\" width=\"140\" height=\"105\" srcset=\"https:\/\/artsetculture.fr\/wp-content\/uploads\/2018\/06\/Soliman-CAR-300x225.jpg 300w, https:\/\/artsetculture.fr\/wp-content\/uploads\/2018\/06\/Soliman-CAR.jpg 346w\" sizes=\"auto, (max-width: 140px) 100vw, 140px\" \/><\/span><\/a><a href=\"https:\/\/artsetculture.fr\/index.php\/event\/histoire-de-lempire-ottoman-1\/\"><span style=\"color: #339966;\">18\/10\/18<\/span><\/a><\/em><span style=\"color: #339966;\">\u00a0<\/span><\/strong><span style=\"color: #ffffff;\"><strong>__<\/strong><\/span><strong><em>La fondation de l&#8217;empire ottoman\u00a0 \u00a0<a href=\"https:\/\/artsetculture.fr\/index.php\/event\/histoire-de-lempire-ottoman-2\/\"><span style=\"color: #339966;\">08\/11\/18<\/span><\/a><span style=\"color: #ffffff;\">__ <\/span><strong><em>Soliman le Magnifique et l&rsquo;apog\u00e9e <span style=\"color: #ffffff;\">_____________<\/span>\u00a0 \u00a0de l&#8217;empire ottoman<\/em><\/strong><\/em><\/strong><strong><em><strong><em><strong><a href=\"https:\/\/artsetculture.fr\/index.php\/event\/histoire-de-lempire-ottoman-3\/\"><br \/>\n15\/11\/18<\/a><span style=\"color: #ffffff;\">__\u00a0\u00a0<span style=\"color: #333333;\">L&rsquo;art ottoman<\/span><\/span><em><span style=\"color: #333333;\">\u00a0<\/span>\u00a0 \u00a0 \u00a0 \u00a0 \u00a0 \u00a0 \u00a0 \u00a0 \u00a0 \u00a0 \u00a0 \u00a0 <a href=\"https:\/\/artsetculture.fr\/index.php\/event\/histoire-de-lempire-ottoman-4\/\">\u00a0<\/a><\/em><\/strong><\/em><\/strong><\/em><\/strong><strong><em><a href=\"https:\/\/artsetculture.fr\/index.php\/event\/histoire-de-lempire-ottoman-4\/\">22\/11\/18<\/a><span style=\"color: #ffffff;\">_<\/span><span style=\"color: #333333;\"> \u00a0 Un lent d\u00e9clin\u00a0<span style=\"color: #ffffff;\"> ________\u00a0<\/span> \u00a0<\/span><\/em><strong><span style=\"color: #008000;\"><em><a style=\"color: #008000;\" href=\"https:\/\/artsetculture.fr\/index.php\/event\/histoire-de-lempire-ottoman-5\/\">29\/11\/18<\/a><\/em><\/span><span style=\"color: #ffffff;\">_\u00a0 \u00a0<em><span style=\"color: #333333;\">De l&#8217;empire ottoman \u00e0 laTurquie\u00a0 \u00a0<\/span><\/em><\/span><\/strong><\/strong><\/p>\n<h4><strong><em><strong><em><strong><em><a href=\"http:\/\/artsetculture.fr\/index.php\/2018\/07\/31\/licone-russe-et-son-heritage-byzantin\/\"><span style=\"color: #008000;\">L&rsquo;ic\u00f4ne russe et son h\u00e9ritage byzantin<\/span><\/a>\u00a0 \u00a0 \u00a0<\/em><\/strong><\/em><\/strong><\/em><strong><strong><span style=\"color: #0000ff;\">Thierry Soulard<\/span><\/strong><\/strong><em><strong><em><strong><em><br \/>\n<\/em><\/strong><\/em><\/strong><\/em><\/strong><\/h4>\n<p><em><a href=\"http:\/\/artsetculture.fr\/index.php\/event\/scineces-medievale1\/\"><strong><img loading=\"lazy\" decoding=\"async\" class=\"alignright wp-image-8437\" src=\"http:\/\/artsetculture.fr\/wp-content\/uploads\/2018\/07\/4-Andre\u00ef-Roublev-Trinit\u00e9-d\u00e9but-XIVe-si\u00e8cle-Galerie-Tretiakov-CAWEBR-300x230.jpg\" alt=\"4-Andre\u00ef Roublev, Trinit\u00e9, d\u00e9but XIVe si\u00e8cle, Galerie Tretiakov-CAWEBR\" width=\"140\" height=\"107\" srcset=\"https:\/\/artsetculture.fr\/wp-content\/uploads\/2018\/07\/4-Andre\u00ef-Roublev-Trinit\u00e9-d\u00e9but-XIVe-si\u00e8cle-Galerie-Tretiakov-CAWEBR-300x230.jpg 300w, https:\/\/artsetculture.fr\/wp-content\/uploads\/2018\/07\/4-Andre\u00ef-Roublev-Trinit\u00e9-d\u00e9but-XIVe-si\u00e8cle-Galerie-Tretiakov-CAWEBR.jpg 328w\" sizes=\"auto, (max-width: 140px) 100vw, 140px\" \/><\/strong><\/a><a href=\"https:\/\/artsetculture.fr\/index.php\/event\/licone-russe-et-son-heritage-byzantin-1\/\"><strong>06\/12\/18<\/strong><\/a><strong><a href=\"http:\/\/artsetculture.fr\/index.php\/event\/la-peinture-hollandaise\/\">\u00a0<\/a>\u00a0 <strong>Th\u00e9ologie et r\u00e8gles de composition\u00a0 <\/strong><\/strong><\/em><em><strong><strong><a href=\"https:\/\/artsetculture.fr\/index.php\/event\/licone-russe-et-son-heritage-byzantin-2\/\">13\/12\/18<\/a><\/strong><\/strong><\/em><em><strong><strong>\u00a0 \u00a0<strong>De l&rsquo;ic\u00f4ne byzantine \u00e0 l&rsquo;ic\u00f4ne russe\u00a0 <a href=\"https:\/\/artsetculture.fr\/index.php\/event\/licone-russe-et-son-heritage-byzantin-3\/\">20\/12\/18<\/a>\u00a0 \u00a0 La floraison de l&rsquo;ic\u00f4ne russe<strong>\u00a0 \u00a0<\/strong>\u00a0 \u00a0 \u00a0 \u00a0 \u00a0 \u00a0 \u00a0 <span style=\"color: #ffffff;\">____________________________________<\/span>\u00a0 \u00a0 \u00a0 \u00a0 \u00a0 \u00a0 \u00a0 \u00a0 \u00a0 \u00a0 \u00a0 \u00a0 \u00a0 \u00a0 \u00a0 \u00a0\u00a0<\/strong><\/strong><\/strong><\/em><strong><span style=\"color: #000000;\"><span style=\"color: #0000ff;\"><br \/>\n<\/span><\/span><\/strong><\/p>\n<h4 style=\"text-align: left;\"><strong><span style=\"color: #000000;\"><em><span style=\"color: #339966;\"><a href=\"http:\/\/artsetculture.fr\/index.php\/2018\/07\/31\/le-baroque-faste-et-illusion-2\/\"><span style=\"color: #008000;\">Le Baroque, faste et illusions<\/span><\/a>\u00a0 \u00a0 \u00a0 \u00a0 \u00a0 \u00a0 \u00a0 \u00a0 \u00a0 \u00a0 \u00a0<\/span><\/em><\/span><\/strong><strong><span style=\"color: #0000ff;\">Claire Gr\u00e9bille<\/span><\/strong><\/h4>\n<p style=\"text-align: left;\"><strong><em><a href=\"https:\/\/artsetculture.fr\/index.php\/event\/le-baroque-faste-et-illusions-1\/\"><img loading=\"lazy\" decoding=\"async\" class=\"alignright wp-image-8321\" src=\"http:\/\/artsetculture.fr\/wp-content\/uploads\/2018\/06\/cycle-baroque-180507-girardon-apollon-nymphes-1-f1-CADOC-300x202.jpg\" alt=\"cycle baroque-180507 girardon-apollon-nymphes-1-f[1]-CADOC\" width=\"140\" height=\"94\" srcset=\"https:\/\/artsetculture.fr\/wp-content\/uploads\/2018\/06\/cycle-baroque-180507-girardon-apollon-nymphes-1-f1-CADOC-300x202.jpg 300w, https:\/\/artsetculture.fr\/wp-content\/uploads\/2018\/06\/cycle-baroque-180507-girardon-apollon-nymphes-1-f1-CADOC-768x517.jpg 768w, https:\/\/artsetculture.fr\/wp-content\/uploads\/2018\/06\/cycle-baroque-180507-girardon-apollon-nymphes-1-f1-CADOC.jpg 1024w\" sizes=\"auto, (max-width: 140px) 100vw, 140px\" \/><\/a><\/em><\/strong><strong><a href=\"https:\/\/artsetculture.fr\/index.php\/event\/le-baroque-faste-et-illusions-1\/\"><em>10\/01\/19<\/em><\/a><\/strong><em><strong><span style=\"color: #ffffff;\">___<\/span>Civilisation de l&rsquo;Europe baroque\u00a0 \u00a0 \u00a0 <\/strong><\/em><strong><em><a href=\"https:\/\/artsetculture.fr\/index.php\/event\/le-baroque-faste-et-illusions-2\/\">17\/01\/19<\/a>\u00a0 \u00a0 \u00a0 Rome, architecture et urbanisme\u00a0 <\/em><\/strong><strong><em><a href=\"https:\/\/artsetculture.fr\/index.php\/event\/le-baroque-faste-et-illusions-3\/\">24\/01\/19<\/a><span style=\"color: #ffffff;\">_<\/span><span style=\"color: #ffffff;\">__<\/span><em><strong>Rome, peinture et sculpture\u00a0 <a href=\"https:\/\/artsetculture.fr\/index.php\/event\/le-baroque-faste-et-illusions-4\/\">31\/01\/19<\/a><span style=\"color: #ffffff;\">_<\/span><span style=\"color: #ffffff;\">_\u00a0<\/span>Le Baroque dans le reste de l&rsquo;Italie\u00a0 <\/strong><\/em><\/em><\/strong><strong><em><em><strong><a href=\"https:\/\/artsetculture.fr\/index.php\/event\/le-baroque-faste-et-illusions-5\/\">07\/02\/19<\/a><span style=\"color: #ffffff;\">_<\/span><span style=\"color: #ffffff;\">_\u00a0<\/span>Expansion et r\u00e9sistance\u00a0 \u00a0 \u00a0 \u00a0 \u00a0<\/strong><\/em><\/em><\/strong><\/p>\n<h4 style=\"text-align: left;\"><strong><span style=\"color: #000000;\"><em><span style=\"color: #008000;\"><a href=\"http:\/\/artsetculture.fr\/index.php\/2018\/07\/31\/civilisations-de-la-peninsule-arabique\/\">Civilisations de la p\u00e9ninsule<\/a>\u00a0 \u00a0 \u00a0 \u00a0 \u00a0 \u00a0<\/span><a href=\"http:\/\/artsetculture.fr\/index.php\/2017\/06\/20\/panorama-des-civilisations-mediterraneennes\/\">\u00a0<\/a><\/em><\/span><span style=\"color: #0000ff;\">Christine Darmagnac\u00a0 <a href=\"http:\/\/artsetculture.fr\/index.php\/2018\/07\/31\/civilisations-de-la-peninsule-arabique\/\"><span style=\"color: #008000;\"><em>\u00a0arabique<\/em><\/span><\/a><\/span><\/strong><strong><span style=\"color: #0000ff;\"><br \/>\n<\/span><\/strong><\/h4>\n<p><strong><em><a style=\"font-weight: bold;\" href=\"https:\/\/artsetculture.fr\/index.php\/event\/civilisations-de-la-peninsule-arabique-1\/\">14\/02\/19<\/a><a href=\"http:\/\/artsetculture.fr\/index.php\/event\/civilisations-mediterranee-1\/\"><img loading=\"lazy\" decoding=\"async\" class=\"alignright wp-image-8316\" src=\"http:\/\/artsetculture.fr\/wp-content\/uploads\/2018\/06\/Carte-p\u00e9ninsule-arabique-300x234.jpg\" alt=\"Carte p\u00e9ninsule arabique\" width=\"140\" height=\"109\" srcset=\"https:\/\/artsetculture.fr\/wp-content\/uploads\/2018\/06\/Carte-p\u00e9ninsule-arabique-300x234.jpg 300w, https:\/\/artsetculture.fr\/wp-content\/uploads\/2018\/06\/Carte-p\u00e9ninsule-arabique.jpg 605w\" sizes=\"auto, (max-width: 140px) 100vw, 140px\" \/><\/a><\/em><\/strong><strong><em>\u00a0 \u00a0 \u00a0<strong><em>La civilisation de Dilmoun\u00a0 \u00a0 \u00a0 \u00a0 \u00a0 \u00a0 \u00a0 \u00a0 \u00a0 <\/em><\/strong><span style=\"color: #008000;\"><a style=\"color: #008000;\" href=\"https:\/\/artsetculture.fr\/index.php\/event\/civilisations-de-la-peninsule-arabique-2\/\">21\/02\/19<\/a><\/span>\u00a0 \u00a0 \u00a0<\/em><\/strong><strong><em>Royaumes caravaniers et route de <span style=\"color: #ffffff;\">_____________<\/span>\u00a0 \u00a0l&rsquo;encens \u00a0 \u00a0 \u00a0 \u00a0 \u00a0 \u00a0 \u00a0 \u00a0 \u00a0 \u00a0 \u00a0 \u00a0 \u00a0 \u00a0 \u00a0 \u00a0 \u00a0 <span style=\"color: #008000;\"><a style=\"color: #008000;\" href=\"https:\/\/artsetculture.fr\/index.php\/event\/civilisations-de-la-peninsule-arabique-3\/\">14\/03\/19<\/a><\/span>\u00a0 \u00a0\u00a0 Le sultanat d&rsquo;Oman<span style=\"color: #ffffff;\"> ______\u00a0 \u00a0<\/span> \u00a0 <span style=\"color: #008000;\"><a style=\"color: #008000;\" href=\"https:\/\/artsetculture.fr\/index.php\/event\/civilisations-de-la-peninsule-arabique-4\/\">21\/03\/19<\/a><\/span>\u00a0 \u00a0 \u00a0L&rsquo;Arabie saoudite\u00a0 \u00a0 \u00a0<span style=\"color: #ffffff;\"> ________\u00a0<\/span> \u00a0 <\/em><\/strong><strong><em><span style=\"color: #008000;\"><a style=\"color: #008000;\" href=\"https:\/\/artsetculture.fr\/index.php\/event\/civilisations-de-la-peninsule-arabique-5\/\">28\/03\/19<\/a><\/span>\u00a0 \u00a0 \u00a0<strong><em>La civilisation nabat\u00e9enne, P\u00e9tra\u00a0\u00a0<\/em><\/strong><br \/>\n<\/em><\/strong><\/p>\n<h4 style=\"text-align: left;\"><strong><span style=\"color: #000000;\"><em><a href=\"http:\/\/artsetculture.fr\/index.php\/2018\/07\/31\/histoire-du-ballet\/\">L&rsquo;histoire du Ballet<\/a>\u00a0 \u00a0 \u00a0 \u00a0\u00a0<\/em><\/span>\u00a0 \u00a0 \u00a0 \u00a0 \u00a0 \u00a0 \u00a0 \u00a0 \u00a0 \u00a0 \u00a0 \u00a0 \u00a0 \u00a0 \u00a0 \u00a0 \u00a0\u00a0<span style=\"color: #0000ff;\">Martine Anstett<\/span><\/strong><\/h4>\n<p style=\"text-align: left;\"><em><strong><a href=\"https:\/\/artsetculture.fr\/index.php\/event\/histoire-du-ballet-4-2-2\/\">11\/04\/19<\/a><a href=\"http:\/\/artsetculture.fr\/index.php\/event\/histoire-du-ballet-3\/\"><img loading=\"lazy\" decoding=\"async\" class=\"alignright wp-image-8205\" src=\"http:\/\/artsetculture.fr\/wp-content\/uploads\/2018\/06\/Paquita-Pas-de-Trois-180401-300x240.jpg\" alt=\"Paquita Pas de Trois-180401\" width=\"140\" height=\"112\" srcset=\"https:\/\/artsetculture.fr\/wp-content\/uploads\/2018\/06\/Paquita-Pas-de-Trois-180401-300x240.jpg 300w, https:\/\/artsetculture.fr\/wp-content\/uploads\/2018\/06\/Paquita-Pas-de-Trois-180401.jpg 500w\" sizes=\"auto, (max-width: 140px) 100vw, 140px\" \/><\/a><\/strong><\/em>\u00a0 \u00a0 \u00a0<em><strong>Marius Petipa\u00a0 \u00a0 \u00a0 \u00a0 \u00a0 \u00a0 \u00a0 \u00a0 \u00a0 \u00a0 \u00a0 \u00a0 \u00a0 \u00a0 \u00a0 \u00a0 \u00a0 \u00a0 \u00a0 \u00a0 \u00a0 \u00a0 <\/strong><\/em><strong><em><a href=\"https:\/\/artsetculture.fr\/index.php\/event\/histoire-du-ballet-4-2\/\">18\/04\/19<\/a>\u00a0 \u00a0 \u00a0Les ballets russes de Diaghilev <\/em><\/strong><strong><em>\u00a0 \u00a0 \u00a0 \u00a0 \u00a0\u00a0<span style=\"color: #ffffff;\">\u00a0<\/span><\/em><\/strong><strong><span style=\"color: #ffffff;\">______________________________________<\/span><\/strong><\/p>\n<p>&nbsp;<\/p>\n<h3><span style=\"color: #800000;\"><span style=\"text-decoration: underline;\">Visites &#8211; Expositions<\/span><\/span><\/h3>\n<p><span style=\"color: #ff0000;\"><em><strong>Pour vous inscrire, cliquez sur la date de la visite.<\/strong><\/em><\/span><\/p>\n<h4 style=\"text-align: left;\"><strong><span style=\"color: #000000;\"><em>Le\u00a0Marais de Mme de S\u00e9vign\u00e9 \u00a0 \u00a0 \u00a0\u00a0<\/em><\/span>\u00a0 <span style=\"color: #0000ff;\">Patrick Hemmler<br \/>\n<\/span><\/strong><\/h4>\n<p><img loading=\"lazy\" decoding=\"async\" class=\"alignright wp-image-8594\" src=\"http:\/\/artsetculture.fr\/wp-content\/uploads\/2018\/07\/752413-2-RWEB-300x218.jpg\" alt=\"752413 (2)-RWEB\" width=\"140\" height=\"102\" srcset=\"https:\/\/artsetculture.fr\/wp-content\/uploads\/2018\/07\/752413-2-RWEB-300x218.jpg 300w, https:\/\/artsetculture.fr\/wp-content\/uploads\/2018\/07\/752413-2-RWEB.jpg 448w\" sizes=\"auto, (max-width: 140px) 100vw, 140px\" \/><\/p>\n<p><em><a href=\"https:\/\/artsetculture.fr\/index.php\/event\/le-marais-de-madame-de-sevigne-a\/\"><span style=\"color: #008000;\"><strong>21\/09\/18<\/strong><\/span><\/a><\/em>\u00a0 \u00a0 \u00a0<strong><em>\u00a0Groupe \u00a0A \u00a0 \u00a0 \u00a0 \u00a0 \u00a0 \u00a0 \u00a0 \u00a0 \u00a0 \u00a0 \u00a0 \u00a0 \u00a0 \u00a0 \u00a0 \u00a0 \u00a0 \u00a0 \u00a0 \u00a0 <a href=\"https:\/\/artsetculture.fr\/index.php\/event\/le-marais-de-madame-de-sevigne-b\/\"><span style=\"color: #008000;\">28\/09\/18<\/span><\/a>\u00a0 \u00a0 \u00a0 Groupe \u00a0B\u00a0 \u00a0 \u00a0 \u00a0 \u00a0 \u00a0 \u00a0 \u00a0 \u00a0\u00a0<span style=\"color: #ffffff;\">_____________________________________________________<\/span><\/em><\/strong><\/p>\n<h4 style=\"text-align: left;\"><strong><span style=\"color: #000000;\"><em>Alphonse Mucha\u00a0 \u00a0 \u00a0 \u00a0 \u00a0 \u00a0 \u00a0 \u00a0 \u00a0 \u00a0 \u00a0 \u00a0 \u00a0 \u00a0 \u00a0 \u00a0 \u00a0 \u00a0\u00a0<\/em><\/span><span style=\"color: #0000ff;\">Fran\u00e7oise Gagliano\u00a0<\/span><\/strong><\/h4>\n<p style=\"text-align: left;\"><strong>Mus\u00e9e du Luxembourg<\/strong>\u00a0<img loading=\"lazy\" decoding=\"async\" class=\"wp-image-8590 alignright\" src=\"http:\/\/artsetculture.fr\/wp-content\/uploads\/2018\/07\/Four_Seasons_by_Alfons_Mucha-RWEB-300x218.jpg\" alt=\"Four_Seasons_by_Alfons_Mucha,-RWEB\" width=\"140\" height=\"102\" srcset=\"https:\/\/artsetculture.fr\/wp-content\/uploads\/2018\/07\/Four_Seasons_by_Alfons_Mucha-RWEB-300x218.jpg 300w, https:\/\/artsetculture.fr\/wp-content\/uploads\/2018\/07\/Four_Seasons_by_Alfons_Mucha-RWEB.jpg 448w\" sizes=\"auto, (max-width: 140px) 100vw, 140px\" \/>\u00a0 \u00a0 \u00a0 \u00a0 \u00a0 \u00a0 \u00a0 \u00a0 \u00a0 \u00a0 \u00a0 \u00a0 \u00a0 \u00a0 \u00a0<a href=\"https:\/\/artsetculture.fr\/index.php\/event\/alphonse-mucha-a-et-b\/\"><span style=\"color: #008000;\"><em><strong>08\/10\/18<\/strong><\/em><\/span><\/a>\u00a0\u00a0<strong><em>\u00a0 Groupes \u00a0A et B\u00a0 \u00a0 \u00a0 \u00a0 \u00a0 <span style=\"color: #ffffff;\">\u00a0_____________\u00a0<\/span> \u00a0 \u00a0 \u00a0 \u00a0 \u00a0 \u00a0 \u00a0 \u00a0 \u00a0 \u00a0 \u00a0 \u00a0 \u00a0 \u00a0<span style=\"color: #ffffff;\">____________________________________________________<\/span><\/em><\/strong><strong><br \/>\n<\/strong><\/p>\n<h4 style=\"text-align: left;\"><strong><span style=\"color: #000000;\"><em>Caravage \u00e0 Rome\u00a0 \u00a0 \u00a0 \u00a0 \u00a0 \u00a0 \u00a0 \u00a0 \u00a0 \u00a0 \u00a0 \u00a0 \u00a0 \u00a0 \u00a0\u00a0<\/em><\/span>\u00a0 \u00a0 \u00a0<span style=\"color: #0000ff;\">Fran\u00e7oise Gagliano \u00a0<\/span><\/strong><\/h4>\n<p style=\"text-align: left;\"><strong><img loading=\"lazy\" decoding=\"async\" class=\"wp-image-8333 alignright\" src=\"http:\/\/artsetculture.fr\/wp-content\/uploads\/2018\/06\/La_Diseuse_de_bonne_aventure_Caravaggio_CAC1WEB-300x218.jpg\" alt=\"La_Diseuse_de_bonne_aventure,_Caravaggio_CAC1WEB\" width=\"140\" height=\"102\" srcset=\"https:\/\/artsetculture.fr\/wp-content\/uploads\/2018\/06\/La_Diseuse_de_bonne_aventure_Caravaggio_CAC1WEB-300x218.jpg 300w, https:\/\/artsetculture.fr\/wp-content\/uploads\/2018\/06\/La_Diseuse_de_bonne_aventure_Caravaggio_CAC1WEB.jpg 448w\" sizes=\"auto, (max-width: 140px) 100vw, 140px\" \/>Jacquemart-Abdr\u00e9<span style=\"color: #ffffff;\">\u00a0___________<\/span><\/strong><span style=\"color: #ffffff;\">\u00a0<\/span> \u00a0 \u00a0 \u00a0 \u00a0 \u00a0 \u00a0 \u00a0 \u00a0 \u00a0 \u00a0 \u00a0 \u00a0 \u00a0 <span style=\"color: #008000;\"><em><strong><a style=\"color: #008000;\" href=\"https:\/\/artsetculture.fr\/index.php\/event\/caravage-a-rome-a-et-b\/\">27\/11\/1<\/a>8<\/strong><\/em><\/span>\u00a0 \u00a0<strong><em>\u00a0 Groupes\u00a0 A<\/em><\/strong><strong><em>\u00a0et B\u00a0 \u00a0 \u00a0 \u00a0<span style=\"color: #ffffff;\"> ___________ \u00a0 \u00a0 \u00a0 \u00a0 \u00a0 <span style=\"color: #000000;\"><strong><em>\u00a0<\/em><\/strong>\u00a0<\/span>\u00a0 \u00a0 \u00a0_________ \u00a0 \u00a0 \u00a0 \u00a0 \u00a0 \u00a0 \u00a0 \u00a0________________ \u00a0 \u00a0 \u00a0 \u00a0 \u00a0 \u00a0 \u00a0 \u00a0 \u00a0 \u00a0 \u00a0 \u00a0 \u00a0 \u00a0 \u00a0 \u00a0 \u00a0 \u00a0 \u00a0 \u00a0 \u00a0 \u00a0 \u00a0\u00a0<\/span><\/em><\/strong><\/p>\n<h4 style=\"text-align: left;\"><strong><span style=\"color: #000000;\"><em>Giacometti\u00a0 \u00a0 \u00a0 \u00a0 \u00a0 \u00a0 \u00a0 \u00a0 \u00a0 \u00a0 \u00a0 \u00a0 \u00a0 \u00a0 \u00a0 \u00a0 \u00a0 \u00a0 \u00a0 \u00a0 \u00a0 \u00a0 \u00a0\u00a0<\/em><\/span>\u00a0 \u00a0<span style=\"color: #0000ff;\">Fran\u00e7oise Gagliano \u00a0<\/span><\/strong><\/h4>\n<p style=\"text-align: left;\"><strong><span style=\"color: #ffffff;\"><span style=\"color: #333333;\">\u00a0<img loading=\"lazy\" decoding=\"async\" class=\"alignright wp-image-8591\" src=\"http:\/\/artsetculture.fr\/wp-content\/uploads\/2018\/07\/Giacom-RWEB-300x216.jpg\" alt=\"Giacom-RWEB\" width=\"140\" height=\"101\" srcset=\"https:\/\/artsetculture.fr\/wp-content\/uploads\/2018\/07\/Giacom-RWEB-300x216.jpg 300w, https:\/\/artsetculture.fr\/wp-content\/uploads\/2018\/07\/Giacom-RWEB.jpg 448w\" sizes=\"auto, (max-width: 140px) 100vw, 140px\" \/>Mus\u00e9e Maillol<span style=\"color: #ffffff;\">\u00a0________<\/span><\/span>___<\/span><\/strong><span style=\"color: #ffffff;\">\u00a0<\/span>\u00a0\u00a0 \u00a0 \u00a0 \u00a0 \u00a0 \u00a0 \u00a0 \u00a0 \u00a0 \u00a0 \u00a0 \u00a0 <a href=\"https:\/\/artsetculture.fr\/index.php\/event\/giacometti-a-et-b\/\"><span style=\"color: #008000;\"><em><strong>10\/12\/18<\/strong><\/em><\/span><\/a>\u00a0 \u00a0<strong><em>\u00a0 Groupes \u00a0A et B<\/em><\/strong><strong><em>\u00a0 \u00a0 \u00a0 \u00a0 \u00a0<span style=\"color: #ffffff;\">\u00a0___________ \u00a0 \u00a0 \u00a0 \u00a0 \u00a0\u00a0<span style=\"color: #000000;\"><strong><em>\u00a0<\/em><\/strong>\u00a0\u00a0<strong><em>\u00a0\u00a0<\/em><\/strong>\u00a0<\/span>\u00a0 \u00a0 \u00a0_________ \u00a0 \u00a0 \u00a0 \u00a0 \u00a0 \u00a0 \u00a0 \u00a0________________ \u00a0 \u00a0 \u00a0 \u00a0 \u00a0 \u00a0 \u00a0 \u00a0 \u00a0 \u00a0 \u00a0 \u00a0 \u00a0 \u00a0 \u00a0 \u00a0 \u00a0 \u00a0 \u00a0 \u00a0 \u00a0 \u00a0 \u00a0\u00a0<\/span><\/em><\/strong><\/p>\n<h4 style=\"text-align: left;\"><strong><span style=\"color: #000000;\"><em><span style=\"color: #000000;\">Joan Miro<\/span>\u00a0 \u00a0 \u00a0 \u00a0 \u00a0 \u00a0 \u00a0 \u00a0 \u00a0 \u00a0 \u00a0 \u00a0 \u00a0 \u00a0 \u00a0 \u00a0 \u00a0 \u00a0 \u00a0 \u00a0 \u00a0 \u00a0 \u00a0 \u00a0 \u00a0 \u00a0<\/em><\/span><\/strong><strong><span style=\"color: #0000ff;\">Fran\u00e7oise Gagliano\u00a0<\/span><\/strong><\/h4>\n<p style=\"text-align: left;\"><strong>\u00a0<img loading=\"lazy\" decoding=\"async\" class=\"wp-image-8592 alignright\" src=\"http:\/\/artsetculture.fr\/wp-content\/uploads\/2018\/07\/1546_0_Miro_Zephirvogel_1-CARDOC-300x196.jpg\" alt=\"1546_0_Miro_Zephirvogel_1-CARDOC\" width=\"140\" height=\"91\" srcset=\"https:\/\/artsetculture.fr\/wp-content\/uploads\/2018\/07\/1546_0_Miro_Zephirvogel_1-CARDOC-300x196.jpg 300w, https:\/\/artsetculture.fr\/wp-content\/uploads\/2018\/07\/1546_0_Miro_Zephirvogel_1-CARDOC-768x502.jpg 768w, https:\/\/artsetculture.fr\/wp-content\/uploads\/2018\/07\/1546_0_Miro_Zephirvogel_1-CARDOC.jpg 1024w\" sizes=\"auto, (max-width: 140px) 100vw, 140px\" \/>Grand Palais\u00a0 \u00a0 \u00a0 \u00a0<span style=\"color: #ffffff;\">\u00a0_______________________ <\/span><em><span style=\"color: #008000;\"><a style=\"font-weight: bold; color: #008000;\" href=\"https:\/\/artsetculture.fr\/index.php\/event\/joan-miro-a\/\">07\/01\/19<\/a><\/span><\/em><\/strong>\u00a0 \u00a0<strong><em>\u00a0 Groupe \u00a0A \u00a0<span style=\"color: #ffffff;\"> \u00a0_________________<\/span> <a href=\"https:\/\/artsetculture.fr\/index.php\/event\/joan-miro-b\/\"><span style=\"color: #008000;\">21\/01\/19<\/span><\/a>\u00a0 \u00a0<strong><em>\u00a0 Groupe \u00a0B\u00a0 <span style=\"color: #ffffff;\">\u00a0 __________________\u00a0<\/span><\/em><\/strong><span style=\"color: #ffffff;\">\u00a0<\/span> \u00a0 \u00a0 \u00a0 \u00a0 \u00a0 \u00a0 \u00a0 \u00a0 \u00a0 \u00a0 \u00a0 \u00a0 \u00a0 \u00a0 \u00a0 \u00a0 \u00a0 \u00a0\u00a0<\/em><\/strong><\/p>\n<h4><strong><em>Le Cubisme\u00a0 \u00a0 \u00a0 \u00a0 \u00a0 \u00a0 \u00a0 \u00a0 \u00a0 \u00a0 \u00a0 \u00a0 \u00a0 \u00a0 \u00a0 \u00a0 \u00a0 \u00a0 \u00a0 \u00a0 \u00a0 \u00a0\u00a0<\/em>\u00a0 \u00a0<span style=\"color: #0000ff;\">Fran\u00e7oise G<\/span>a<\/strong><strong><span style=\"color: #0000ff;\">gliano \u00a0<\/span><\/strong><\/h4>\n<p style=\"text-align: left;\"><strong><span style=\"color: #ffffff;\"><span style=\"color: #333333;\"><img loading=\"lazy\" decoding=\"async\" class=\"wp-image-8541 alignright\" src=\"http:\/\/artsetculture.fr\/wp-content\/uploads\/2018\/08\/11564993754_8e58c7e109_b-300x200.jpg\" alt=\"11564993754_8e58c7e109_b\" width=\"140\" height=\"93\" srcset=\"https:\/\/artsetculture.fr\/wp-content\/uploads\/2018\/08\/11564993754_8e58c7e109_b-300x200.jpg 300w, https:\/\/artsetculture.fr\/wp-content\/uploads\/2018\/08\/11564993754_8e58c7e109_b-768x512.jpg 768w, https:\/\/artsetculture.fr\/wp-content\/uploads\/2018\/08\/11564993754_8e58c7e109_b.jpg 1024w\" sizes=\"auto, (max-width: 140px) 100vw, 140px\" \/>Centre Pompidou<span style=\"color: #ffffff;\">_____<\/span><\/span>___<\/span><\/strong><span style=\"color: #ffffff;\">\u00a0<\/span>\u00a0 \u00a0 \u00a0 \u00a0 \u00a0 \u00a0 \u00a0 \u00a0 \u00a0 \u00a0 \u00a0 <a href=\"https:\/\/artsetculture.fr\/index.php\/event\/le-cubisme-a-2\/\"><span style=\"color: #008000;\"><em><strong>04\/02\/19<\/strong><\/em><\/span><\/a>\u00a0 \u00a0<strong><em>\u00a0 Groupe\u00a0 A <\/em><\/strong><strong><em>\u00a0 \u00a0 \u00a0 \u00a0 \u00a0<span style=\"color: #ffffff;\">\u00a0___________\u00a0 <a href=\"https:\/\/artsetculture.fr\/index.php\/event\/le-cubisme-a\/\"><span style=\"color: #008000;\">18\/02\/19<\/span><\/a>\u00a0 \u00a0<strong><em>\u00a0 <span style=\"color: #333333;\">Groupe\u00a0 B\u00a0 \u00a0 \u00a0 \u00a0 <span style=\"color: #ffffff;\">________________________<\/span><\/span><\/em><\/strong><\/span><\/em><\/strong><\/p>\n<h4><span style=\"color: #0000ff;\"><em>\u00a0 \u00a0 \u00a0 \u00a0 \u00a0 \u00a0 \u00a0 \u00a0 \u00a0 \u00a0 \u00a0 \u00a0 \u00a0 3 prochaines visites \u00e0 programmer<\/em><\/span><\/h4>\n<p><span style=\"color: #ffffff;\">_______________________________________________________________<\/span><\/p>\n<h3><span style=\"color: #800000;\"><span style=\"text-decoration: underline;\">Patrimoine local<\/span>\u00a0 \u00a0 \u00a0 \u00a0 \u00a0 \u00a0 \u00a0 \u00a0 \u00a0 \u00a0 \u00a0 \u00a0 \u00a0 \u00a0 \u00a0 \u00a0 \u00a0 \u00a0 \u00a0 \u00a0 \u00a0 \u00a0 \u00a0 \u00a0 \u00a0<\/span><\/h3>\n<h4 style=\"text-align: left;\"><span style=\"color: #000000;\"><em><img loading=\"lazy\" decoding=\"async\" class=\"alignright wp-image-8348\" src=\"http:\/\/artsetculture.fr\/wp-content\/uploads\/2018\/06\/sur-le-motif-800x0-CARWEB-300x224.jpg\" alt=\"sur-le-motif-800x0-CARWEB\" width=\"140\" height=\"105\" srcset=\"https:\/\/artsetculture.fr\/wp-content\/uploads\/2018\/06\/sur-le-motif-800x0-CARWEB-300x224.jpg 300w, https:\/\/artsetculture.fr\/wp-content\/uploads\/2018\/06\/sur-le-motif-800x0-CARWEB.jpg 448w\" sizes=\"auto, (max-width: 140px) 100vw, 140px\" \/>Sur le motif\u00a0<\/em> \u00a0 \u00a0<\/span><\/h4>\n<p style=\"text-align: left;\"><strong>Mus\u00e9e Senlecq &#8211; L&rsquo;Isle-Adam\u00a0 \u00a0 \u00a0 \u00a0 \u00a0 \u00a0 \u00a0 \u00a0 \u00a0 \u00a0 \u00a0 \u00a0 \u00a0 \u00a0 \u00a0 \u00a0 \u00a0 \u00a0 <span style=\"color: #008000;\"><em><a style=\"color: #008000;\" href=\"https:\/\/artsetculture.fr\/index.php\/activites1\/patrimoine-local\/\">14\/09\/18<\/a><\/em><\/span>\u00a0 \u00a0 \u00a0\u00a0<em>Groupes A et B\u00a0<\/em>\u00a0 \u00a0 \u00a0 \u00a0 \u00a0 \u00a0 \u00a0 \u00a0 \u00a0 \u00a0 \u00a0 \u00a0 \u00a0 \u00a0 \u00a0 \u00a0 \u00a0 \u00a0 <\/strong><strong>\u00a0<\/strong><\/p>\n<h3><\/h3>\n<h3><span style=\"color: #ffffff;\">_____________________<\/span><\/h3>\n<p><em><strong><span style=\"color: #ffffff;\">_\u00a0 \u00a0___<a href=\"https:\/\/artsetculture.fr\/index.php\/activites1\/programme-de-la-saison\/\">Programme saison en cours<\/a><em><strong>\u00a0\u00a0\u00a0 \u00a0 \u00a0 \u00a0 \u00a0 \u00a0 \u00a0 \u00a0 \u00a0 \u00a0<a href=\"http:\/\/artsetculture.fr\/index.php\/infos-pratiques-2\/conditions\/\">Informations \u00a0pratiques<\/a><\/strong><\/em><\/span><\/strong><\/em><\/p>\n<h1 style=\"text-align: left;\"><span style=\"color: #339966;\"><strong><a style=\"color: #339966;\" href=\"http:\/\/artsetculture.fr\/index.php\/historique\/programme-de-la-saison\/\">\u00a0__________________________________________ \u21d1<\/a><\/strong><\/span><\/h1>\n<p>&nbsp;<\/p>\n","protected":false},"excerpt":{"rendered":"<p>Conf\u00e9rences \u00a0 \u00a0 \u00a0 \u00a0 \u00a0 \u00a0 \u00a0 \u00a0 \u00a0 \u00a0 \u00a0 \u00a0 \u00a0 \u00a0 \u00a0 \u00a0 \u00a0 \u00a0 \u00a0 \u00a0 \u00a0 \u00a0 \u00a0 \u00a0\u00a0 Architectes japonais en France\u00a0 \u00a0 \u00a0 \u00a0 \u00a0\u00a0Catherine \u00a0Coudert 13\/09\/18_ __Tadao Ando et Toyo Ito\u00a0\u00a0 \u00a0 \u00a0 \u00a0 \u00a0 \u00a020\/09\/18___Agence Sanaa, Shinguru Ban,\u00a0 ____\u00a0 _________\u00a0 Sou Fujimoto L&rsquo;Irlande \u00e0 la &hellip; <a href=\"https:\/\/artsetculture.fr\/index.php\/historique\/programme-de-la-saison\/\" class=\"more-link\">Continuer la lecture de <span class=\"screen-reader-text\">Saison 2018-2019<\/span>  <span class=\"meta-nav\">&rarr;<\/span><\/a><\/p>\n","protected":false},"author":1,"featured_media":0,"parent":88,"menu_order":6,"comment_status":"closed","ping_status":"closed","template":"","meta":{"footnotes":""},"class_list":["post-9288","page","type-page","status-publish","hentry"],"_links":{"self":[{"href":"https:\/\/artsetculture.fr\/index.php\/wp-json\/wp\/v2\/pages\/9288","targetHints":{"allow":["GET"]}}],"collection":[{"href":"https:\/\/artsetculture.fr\/index.php\/wp-json\/wp\/v2\/pages"}],"about":[{"href":"https:\/\/artsetculture.fr\/index.php\/wp-json\/wp\/v2\/types\/page"}],"author":[{"embeddable":true,"href":"https:\/\/artsetculture.fr\/index.php\/wp-json\/wp\/v2\/users\/1"}],"replies":[{"embeddable":true,"href":"https:\/\/artsetculture.fr\/index.php\/wp-json\/wp\/v2\/comments?post=9288"}],"version-history":[{"count":4,"href":"https:\/\/artsetculture.fr\/index.php\/wp-json\/wp\/v2\/pages\/9288\/revisions"}],"predecessor-version":[{"id":11019,"href":"https:\/\/artsetculture.fr\/index.php\/wp-json\/wp\/v2\/pages\/9288\/revisions\/11019"}],"up":[{"embeddable":true,"href":"https:\/\/artsetculture.fr\/index.php\/wp-json\/wp\/v2\/pages\/88"}],"wp:attachment":[{"href":"https:\/\/artsetculture.fr\/index.php\/wp-json\/wp\/v2\/media?parent=9288"}],"curies":[{"name":"wp","href":"https:\/\/api.w.org\/{rel}","templated":true}]}}