{"id":6333,"date":"2017-05-03T16:25:45","date_gmt":"2017-05-03T15:25:45","guid":{"rendered":"http:\/\/artsetculture.fr\/?page_id=6333"},"modified":"2020-08-25T17:24:36","modified_gmt":"2020-08-25T16:24:36","slug":"saison2016-2017","status":"publish","type":"page","link":"https:\/\/artsetculture.fr\/index.php\/historique\/saison2016-2017\/","title":{"rendered":"Saison 2016-2017"},"content":{"rendered":"<h3><span style=\"color: #800000;\"><span style=\"text-decoration: underline;\">Conf\u00e9rences<\/span> \u00a0 \u00a0 \u00a0 \u00a0 \u00a0 \u00a0 \u00a0 \u00a0 \u00a0 \u00a0 \u00a0 \u00a0 \u00a0 \u00a0 \u00a0 \u00a0 \u00a0 \u00a0 \u00a0 \u00a0 \u00a0 \u00a0 \u00a0 \u00a0\u00a0<\/span><\/h3>\n<h4 style=\"text-align: left;\"><span style=\"color: #000000;\"><a href=\"http:\/\/artsetculture.fr\/index.php\/2016\/05\/02\/architectes-contemporains\/\"><em>Architectes contemporains<\/em><\/a>\u00a0 \u00a0 \u00a0<\/span>\u00a0 \u00a0 \u00a0 \u00a0 \u00a0<span style=\"color: #0000ff;\">Catherine \u00a0Coudert<\/span><\/h4>\n<p style=\"text-align: left;\"><span style=\"color: #0000ff;\"><a href=\"http:\/\/artsetculture.fr\/index.php\/event\/rudy-ricciotti\/\"><img loading=\"lazy\" decoding=\"async\" class=\"alignright wp-image-2912\" src=\"http:\/\/artsetculture.fr\/wp-content\/uploads\/2016\/04\/1024px-Mucem-Villa-de-la-Mediterannee-Marseille-SD-C1-300x200.jpg\" alt=\"1024px-Mucem-Villa-de-la-Mediterannee-Marseille-SD-C1\" width=\"144\" height=\"96\" srcset=\"https:\/\/artsetculture.fr\/wp-content\/uploads\/2016\/04\/1024px-Mucem-Villa-de-la-Mediterannee-Marseille-SD-C1-300x200.jpg 300w, https:\/\/artsetculture.fr\/wp-content\/uploads\/2016\/04\/1024px-Mucem-Villa-de-la-Mediterannee-Marseille-SD-C1-768x511.jpg 768w, https:\/\/artsetculture.fr\/wp-content\/uploads\/2016\/04\/1024px-Mucem-Villa-de-la-Mediterannee-Marseille-SD-C1.jpg 862w\" sizes=\"auto, (max-width: 144px) 100vw, 144px\" \/><\/a><\/span><strong><a href=\"http:\/\/artsetculture.fr\/index.php\/event\/rudy-ricciotti\/\">15\/09\/16<\/a><span style=\"color: #ffffff;\">___<\/span><em>Rudy Ricciotti \u00a0<\/em>\u00a0 \u00a0 \u00a0 \u00a0 \u00a0 \u00a0 \u00a0 \u00a0 \u00a0 \u00a0 \u00a0 \u00a0 \u00a0 \u00a0 \u00a0 <a href=\"http:\/\/artsetculture.fr\/index.php\/event\/renzo-piano\/\">22\/09\/16<\/a><span style=\"color: #ffffff;\">___<\/span><\/strong><strong><em>Renzo Piano<\/em>\u00a0 \u00a0\u00a0<\/strong><\/p>\n<p style=\"text-align: left;\"><strong>\u00a0 \u00a0 \u00a0 \u00a0 \u00a0 \u00a0 \u00a0 \u00a0 \u00a0 \u00a0 \u00a0 \u00a0 \u00a0 \u00a0 \u00a0 \u00a0 \u00a0 \u00a0 \u00a0 \u00a0 <\/strong><strong>\u00a0 \u00a0 \u00a0 \u00a0 \u00a0 \u00a0\u00a0<\/strong><\/p>\n<h4 style=\"text-align: left;\"><span style=\"color: #000000;\"><a href=\"http:\/\/artsetculture.fr\/index.php\/2016\/05\/03\/histoire-de-la-caricature\/\"><em>Histoire de la caricature<\/em><\/a>\u00a0\u00a0<\/span>\u00a0 \u00a0 \u00a0 \u00a0 \u00a0 \u00a0 \u00a0 \u00a0 \u00a0\u00a0<span style=\"color: #0000ff;\">Pierre-Alain Mallet<\/span><\/h4>\n<p style=\"text-align: left;\"><strong><a href=\"http:\/\/artsetculture.fr\/index.php\/event\/histoire-de-la-caricarure\/\"><img loading=\"lazy\" decoding=\"async\" class=\"wp-image-4149 alignright\" src=\"http:\/\/artsetculture.fr\/wp-content\/uploads\/2016\/05\/GraffitisSD-CP-MT-300x250.jpg\" alt=\"GraffitisSD-CP-MT\" width=\"144\" height=\"120\" \/>29\/09\/16<\/a><span style=\"color: #ffffff;\">__<\/span><\/strong><strong><em>De l\u2019antiquit\u00e9 au Moyen-\u00e2ge \u00a0 \u00a0 \u00a0 <span style=\"color: #ffffff;\">_______________<\/span>qu\u2019est-ce <span style=\"color: #ffffff;\">.<\/span>qu\u2019une caricature <a href=\"http:\/\/artsetculture.fr\/index.php\/event\/histoire-de-la-caricature\/\">06\/10\/16<\/a><span style=\"color: #ffffff;\">___<\/span><strong><em>La caricature imprim\u00e9e au \u00a0 \u00a0 \u00a0 \u00a0 \u00a0 <span style=\"color: #ffffff;\">_______________<\/span>service d\u2019une<span style=\"color: #ffffff;\">.<\/span>propagande \u00a0 \u00a0 \u00a0 \u00a0 \u00a0 <span style=\"color: #ffffff;\">_______________<\/span>religieuse et sociale \u00a0 \u00a0 \u00a0 \u00a0 \u00a0 \u00a0 \u00a0 \u00a0 \u00a0 \u00a0 \u00a0\u00a0<\/em><\/strong><\/em><\/strong><strong><em><strong><em><strong><a href=\"http:\/\/artsetculture.fr\/index.php\/event\/histoire-de-la-caricature-2\/\"><br \/>\n13\/10\/16<\/a><span style=\"color: #ffffff;\">___<\/span><em>Les journaux satiriques au<\/em><\/strong>\u00a0 \u00a0\u00a0<\/em><\/strong><\/em><\/strong><strong><em>\u00a0 \u00a0 \u00a0 \u00a0 <\/em><\/strong><strong><em><span style=\"color: #ffffff;\">_______________<\/span>XIX\u00e8me si\u00e8cle \u00a0 \u00a0 \u00a0 \u00a0 \u00a0 \u00a0 \u00a0 \u00a0 <img loading=\"lazy\" decoding=\"async\" class=\"wp-image-2904 alignright\" src=\"http:\/\/artsetculture.fr\/wp-content\/uploads\/2016\/04\/Carte_jaccuse-SD-C3-300x211.jpg\" alt=\"Carte_jaccuse-SD-C3\" width=\"144\" height=\"101\" srcset=\"https:\/\/artsetculture.fr\/wp-content\/uploads\/2016\/04\/Carte_jaccuse-SD-C3-300x211.jpg 300w, https:\/\/artsetculture.fr\/wp-content\/uploads\/2016\/04\/Carte_jaccuse-SD-C3-768x541.jpg 768w, https:\/\/artsetculture.fr\/wp-content\/uploads\/2016\/04\/Carte_jaccuse-SD-C3.jpg 844w\" sizes=\"auto, (max-width: 144px) 100vw, 144px\" \/>\u00a0 \u00a0 \u00a0 \u00a0 \u00a0 <\/em><a href=\"http:\/\/artsetculture.fr\/index.php\/event\/histoire-de-la-caricature-3\/\">03\/11\/16<\/a><span style=\"color: #ffffff;\"><em>___<\/em><\/span><em><strong><em>Les artistes face \u00e0 l\u2019histoire \u00a0 \u00a0 \u00a0 <\/em><\/strong><\/em><strong><a href=\"http:\/\/artsetculture.fr\/index.php\/event\/histoire-de-la-caricarure-2\/\">10\/11\/16<\/a><span style=\"color: #ffffff;\">___<\/span><\/strong><em><strong><em><strong><em>Les journaux au XX\u00e8me si\u00e8cle\u00a0: \u00a0 <\/em><\/strong><\/em><\/strong><\/em><\/strong><strong><em><strong><em><strong><em><span style=\"color: #ffffff;\">________________<\/span>du Canard enchain\u00e9 \u00a0 \u00a0 \u00a0 \u00a0 \u00a0 \u00a0 \u00a0 \u00a0 \u00a0 \u00a0 \u00a0 <span style=\"color: #ffffff;\">________________<\/span>\u00e0 Charlie Hebdo<\/em><\/strong><\/em><\/strong><\/em><\/strong><\/p>\n<h4><strong><span style=\"color: #000000;\"><a href=\"http:\/\/artsetculture.fr\/index.php\/2016\/05\/04\/la-russie-contemporaine-2\/\"><em>La Russie contemporaine<\/em><\/a>\u00a0 \u00a0 \u00a0 \u00a0 \u00a0 \u00a0 \u00a0 \u00a0\u00a0<\/span><span style=\"color: #0000ff;\">Edith de la Fourni\u00e8re<a href=\"http:\/\/artsetculture.fr\/index.php\/event\/vladimir-poutine\/\"><img loading=\"lazy\" decoding=\"async\" class=\"alignright wp-image-2218\" src=\"http:\/\/artsetculture.fr\/wp-content\/uploads\/2016\/03\/Poutine-e1462300281219.jpg\" alt=\"Poutine\" width=\"140\" height=\"95\" \/><\/a><br \/>\n<\/span><\/strong><\/h4>\n<p><a style=\"font-weight: bold;\" href=\"http:\/\/artsetculture.fr\/index.php\/event\/la-russie-contemporaine\/\">17\/11\/16<\/a><strong><span style=\"color: #ffffff;\">___<\/span><\/strong><strong><em>Passage de l&rsquo;URSS \u00e0 la \u00a0 \u00a0 \u00a0 \u00a0 \u00a0 \u00a0 \u00a0 \u00a0 \u00a0 <span style=\"color: #ffffff;\">_________\u00e7______<\/span>F\u00e9d\u00e9ration de Russie \u00a0 \u00a0 \u00a0 \u00a0 \u00a0 \u00a0 <a href=\"http:\/\/artsetculture.fr\/index.php\/event\/vladimir-poutine\/\">24\/11\/16<\/a><span style=\"color: #ffffff;\">_ __<\/span><\/em><\/strong><strong><em>Poutine &#8211; De l&rsquo;ombre \u00e0 la \u00a0 \u00a0 \u00a0 \u00a0 \u00a0 <span style=\"color: #ffffff;\">__________\u00e7_____<\/span>lumi\u00e8re <\/em><\/strong><strong><a href=\"http:\/\/artsetculture.fr\/index.php\/event\/economie-russe\/\"><br \/>\n01\/12\/16<\/a><span style=\"color: #ffffff;\">___<\/span><em>L&rsquo;\u00e9conomie russe \u00a0 \u00a0 \u00a0 \u00a0 \u00a0 \u00a0 \u00a0 \u00a0 \u00a0 \u00a0 \u00a0 \u00a0 \u00a0 \u00a0 <span style=\"color: #333333;\"><span style=\"color: #ffffff;\">___________\u00e7____<\/span>C<\/span><\/em><\/strong><strong><em><span style=\"color: #333333;\">olosse<\/span> aux \u00a0pieds d&rsquo;argile?\u00a0<a href=\"http:\/\/artsetculture.fr\/index.php\/event\/eglise-orthodoxe\/\"><img loading=\"lazy\" decoding=\"async\" class=\"alignright wp-image-2619\" src=\"http:\/\/artsetculture.fr\/wp-content\/uploads\/2016\/04\/moscou-300x202.jpg\" alt=\"moscou\" width=\"141\" height=\"95\" srcset=\"https:\/\/artsetculture.fr\/wp-content\/uploads\/2016\/04\/moscou-300x202.jpg 300w, https:\/\/artsetculture.fr\/wp-content\/uploads\/2016\/04\/moscou.jpg 595w\" sizes=\"auto, (max-width: 141px) 100vw, 141px\" \/><\/a><br \/>\n<\/em><\/strong><strong><a href=\"http:\/\/artsetculture.fr\/index.php\/event\/eglise-orthodoxe\/\">08\/12\/16<\/a><span style=\"color: #ffffff;\">___<\/span><em><strong><em>La renaissance de l&rsquo;Eglise \u00a0 \u00a0 \u00a0 \u00a0 \u00a0 \u00a0 <span style=\"color: #ffffff;\">________________<\/span>orthodoxe \u00a0 \u00a0 \u00a0 \u00a0 \u00a0 \u00a0 \u00a0 \u00a0 \u00a0 \u00a0 \u00a0 \u00a0\u00a0 \u00a0 \u00a0 <\/em><\/strong><\/em><a href=\"http:\/\/artsetculture.fr\/index.php\/event\/vie-artistique\/\"><strong>15\/12\/16<\/strong><\/a><strong><span style=\"color: #ffffff;\">___<\/span><\/strong><em><strong><em><strong><em>La vie artistique et \u00a0 \u00a0 \u00a0 \u00a0 \u00a0 \u00a0 \u00a0 \u00a0 \u00a0 \u00a0 \u00a0 \u00a0 <span style=\"color: #ffffff;\">________________<\/span>l&rsquo;Intelligentsia \u00a0 \u00a0 \u00a0 \u00a0 \u00a0 \u00a0 \u00a0 \u00a0 \u00a0\u00a0<\/em><\/strong><\/em><\/strong><\/em><\/strong><\/p>\n<h4><strong><em><strong><em><strong><em><a href=\"http:\/\/artsetculture.fr\/index.php\/2016\/05\/05\/la-peinture-hollandaise\/\">Les \u00ab\u00a0Primitifs\u00a0\u00bb flamands<\/a> \u00a0 \u00a0 \u00a0 \u00a0 \u00a0 \u00a0 \u00a0 \u00a0 \u00a0 \u00a0 <\/em><\/strong><\/em><\/strong><\/em><strong><strong><span style=\"color: #0000ff;\">Claire Grebille<\/span><\/strong><\/strong><em><strong><em><strong><em> \u00a0 \u00a0<\/em><\/strong><\/em><\/strong><\/em><\/strong><\/h4>\n<p><em><a href=\"http:\/\/artsetculture.fr\/index.php\/event\/la-peinture-hollandaise-2-2-2-2\/\"><img loading=\"lazy\" decoding=\"async\" class=\"alignright wp-image-3754\" src=\"http:\/\/artsetculture.fr\/wp-content\/uploads\/2016\/05\/06-Pieter_Bruegel_the_Elder_-_Hunters_in_the_Snow_Winter-WEB-300x214.jpg\" alt=\"06-Pieter_Bruegel_the_Elder_-_Hunters_in_the_Snow_(Winter)-WEB\" width=\"141\" height=\"100\" srcset=\"https:\/\/artsetculture.fr\/wp-content\/uploads\/2016\/05\/06-Pieter_Bruegel_the_Elder_-_Hunters_in_the_Snow_Winter-WEB-300x214.jpg 300w, https:\/\/artsetculture.fr\/wp-content\/uploads\/2016\/05\/06-Pieter_Bruegel_the_Elder_-_Hunters_in_the_Snow_Winter-WEB.jpg 448w\" sizes=\"auto, (max-width: 141px) 100vw, 141px\" \/><\/a><a href=\"http:\/\/artsetculture.fr\/index.php\/event\/la-peinture-hollandaise\/\"><strong>05\/01\/17<\/strong><\/a><strong><a href=\"http:\/\/artsetculture.fr\/index.php\/event\/la-peinture-hollandaise\/\">\u00a0<\/a>\u00a0 \u00a0 \u00a0<strong>Les Etats de Bourgogne \u00a0 \u00a0 \u00a0 <a href=\"http:\/\/artsetculture.fr\/index.php\/event\/la-peinture-hollandaise-2\/\">12\/01\/17<\/a><\/strong><\/strong><\/em><em><strong><strong>\u00a0 \u00a0 \u00a0\u00a0<strong>Van Eyck &#8211; R\u00e9volution du regard <a style=\"font-weight: bold;\" href=\"http:\/\/artsetculture.fr\/index.php\/event\/la-peinture-hollandaise-2-2\/\">19\/0<\/a><a href=\"http:\/\/artsetculture.fr\/index.php\/event\/la-peinture-hollandaise-2-2\/\">1\/17<\/a>\u00a0 \u00a0 \u00a0 Ars Nova et Devotio moderna \u00a0 <a style=\"font-weight: bold;\" href=\"http:\/\/artsetculture.fr\/index.php\/event\/la-peinture-hollandaise-2-2-2\/\">26\/01\/17<\/a>\u00a0 \u00a0 \u00a0 Le peintre et le commanditaire \u00a0 \u00a0 <a style=\"font-weight: bold;\" href=\"http:\/\/artsetculture.fr\/index.php\/event\/la-peinture-hollandaise-2-2-2-2\/\">02\/02\/17<\/a>\u00a0 \u00a0 \u00a0 Bosch et Bruegel<strong>\u00a0 \u00a0<\/strong>\u00a0\u00a0<\/strong><\/strong><\/strong><\/em><strong><span style=\"color: #000000;\"><span style=\"color: #0000ff;\"><br \/>\n<\/span><\/span><\/strong><\/p>\n<h4 style=\"text-align: left;\"><strong><span style=\"color: #000000;\"><em><a href=\"http:\/\/artsetculture.fr\/index.php\/2016\/05\/06\/histoire-du-maroc\/\">Histoire du Maroc<\/a>\u00a0 \u00a0 \u00a0 \u00a0 \u00a0 \u00a0 \u00a0 \u00a0 \u00a0 \u00a0 \u00a0 \u00a0 \u00a0 \u00a0 \u00a0 \u00a0 \u00a0 \u00a0 \u00a0 \u00a0 \u00a0 \u00a0 \u00a0 \u00a0 \u00a0 \u00a0 \u00a0 \u00a0 \u00a0 \u00a0 \u00a0 \u00a0 \u00a0 \u00a0 \u00a0 \u00a0 \u00a0 <\/em><\/span><\/strong><span style=\"color: #008000;\"><a style=\"color: #008000;\" href=\"http:\/\/artsetculture.fr\/index.php\/2016\/05\/06\/histoire-du-maroc\/\"><strong><em>du<span style=\"color: #ffffff;\">_<\/span>VIIe<span style=\"color: #ffffff;\">_<\/span>au<span style=\"color: #ffffff;\">_<\/span>XXe<span style=\"color: #ffffff;\">_<\/span>si\u00e8cle<\/em><\/strong><\/a><\/span> <a href=\"http:\/\/artsetculture.fr\/index.php\/2016\/04\/28\/histoire-du-maroc\/\"><strong><span style=\"color: #0000ff;\"><span style=\"color: #000000;\"><em>\u00a0<\/em><\/span><\/span><\/strong><\/a><strong><span style=\"color: #0000ff;\">\u00a0 \u00a0 \u00a0 \u00a0 \u00a0 \u00a0 \u00a0 \u00a0\u00a0 \u00a0\u00a0 Christine Darmagnac<\/span><\/strong><\/h4>\n<p style=\"text-align: left;\"><a style=\"font-weight: bold;\" href=\"http:\/\/artsetculture.fr\/index.php\/event\/histoire-du-maroc-du-viie-au-xxe-siecle\/\">23\/02\/17<\/a><a href=\"http:\/\/artsetculture.fr\/index.php\/event\/histoire-du-maroc-du-viie-au-xxe-siecle-2\/\"><img loading=\"lazy\" decoding=\"async\" class=\"alignright wp-image-3355\" src=\"http:\/\/artsetculture.fr\/wp-content\/uploads\/2016\/05\/Bab-el-khemis-300x225.jpg\" alt=\"Bab el khemis\" width=\"130\" height=\"98\" srcset=\"https:\/\/artsetculture.fr\/wp-content\/uploads\/2016\/05\/Bab-el-khemis-300x225.jpg 300w, https:\/\/artsetculture.fr\/wp-content\/uploads\/2016\/05\/Bab-el-khemis.jpg 502w\" sizes=\"auto, (max-width: 130px) 100vw, 130px\" \/><\/a><em><strong><span style=\"color: #ffffff;\">___<\/span>Dynastie des Idrissides \u00a0 \u00a0 \u00a0 \u00a0 \u00a0 \u00a0 \u00a0 \u00a0 \u00a0 \u00a0 \u00a0 \u00a0 <span style=\"color: #ffffff;\">_______________<\/span>Fondation de F\u00e8s<span style=\"color: #ffffff;\">_________<\/span><\/strong><\/em><span style=\"color: #ffffff;\">\u00a0<\/span> \u00a0 \u00a0 \u00a0 \u00a0 \u00a0 \u00a0 \u00a0 <strong><em><a href=\"http:\/\/artsetculture.fr\/index.php\/event\/histoire-du-maroc-du-viie-au-xxe-siecle-2\/\">02\/03\/17<\/a>\u00a0 \u00a0 \u00a0 Les Almoravides et les Almohades \u00a0 <span style=\"color: #ffffff;\">_______________<\/span>Fondation de Marrakech \u00a0 \u00a0 \u00a0 <\/em><\/strong><strong><em><a href=\"http:\/\/artsetculture.fr\/index.php\/event\/histoire-du-maroc-du-viie-au-xxe-siecle-2-2\/\">09\/03\/17<\/a><span style=\"color: #ffffff;\">_<\/span><span style=\"color: #ffffff;\">__<\/span><em><strong>L&rsquo;Andalousie musulmane \u00a0 \u00a0 \u00a0 \u00a0 \u00a0 \u00a0 \u00a0 \u00a0 <a href=\"http:\/\/artsetculture.fr\/index.php\/event\/histoire-du-maroc-du-viie-au-xxe-siecle-2-2-2\">16\/03\/17<\/a><span style=\"color: #ffffff;\">_<\/span><span style=\"color: #ffffff;\">__<\/span>Les M\u00e9rinides, les Ouatissides, \u00a0 \u00a0 \u00a0 \u00a0 \u00a0 \u00a0 \u00a0 \u00a0 \u00a0 \u00a0 \u00a0 \u00a0 \u00a0 \u00a0 \u00a0 \u00a0 \u00a0 <span style=\"color: #ffffff;\">_______________<\/span>les<span style=\"color: #ffffff;\">_<\/span><a href=\"http:\/\/artsetculture.fr\/index.php\/event\/histoire-du-maroc-du-viie-au-xxe-siecle-2-2\/\"><img loading=\"lazy\" decoding=\"async\" class=\"alignright wp-image-3354\" src=\"http:\/\/artsetculture.fr\/wp-content\/uploads\/2016\/05\/Alcazar-Cordoue-300x225.jpg\" alt=\"Alcazar Cordoue\" width=\"130\" height=\"98\" srcset=\"https:\/\/artsetculture.fr\/wp-content\/uploads\/2016\/05\/Alcazar-Cordoue-300x225.jpg 300w, https:\/\/artsetculture.fr\/wp-content\/uploads\/2016\/05\/Alcazar-Cordoue-768x577.jpg 768w, https:\/\/artsetculture.fr\/wp-content\/uploads\/2016\/05\/Alcazar-Cordoue-1024x769.jpg 1024w, https:\/\/artsetculture.fr\/wp-content\/uploads\/2016\/05\/Alcazar-Cordoue.jpg 1136w\" sizes=\"auto, (max-width: 130px) 100vw, 130px\" \/><\/a><\/strong><\/em><\/em><\/strong><strong><em><em><strong>Saadiens-Fondation de Rabat <a href=\"http:\/\/artsetculture.fr\/index.php\/event\/histoire-du-maroc-du-viie-au-xxe-siecle-2-2-2-2\/\">23\/03\/17<\/a><span style=\"color: #ffffff;\">_<\/span><span style=\"color: #ffffff;\">__<\/span>Les Alaouites, le protectorat \u00a0 \u00a0 \u00a0 \u00a0 \u00a0 <span style=\"color: #ffffff;\">____________ ___<\/span>fran\u00e7ais-Fondation de Mekn\u00e8s <a href=\"http:\/\/artsetculture.fr\/index.php\/event\/histoire-du-maroc-du-viie-au-xxe-siecle-2-2-2-2-2\/\">30\/03\/17<\/a><span style=\"color: #ffffff;\">___<\/span>Tanger de 1923 \u00a0\u00e0 1956 \u00a0 \u00a0 \u00a0 \u00a0 \u00a0 \u00a0 \u00a0 \u00a0 \u00a0 \u00a0 <span style=\"color: #ffffff;\">___________ ____<\/span>Ecrivains et peintres\u00a0<\/strong><\/em><\/em><\/strong><\/p>\n<h4 style=\"text-align: left;\"><strong><span style=\"color: #000000;\"><em><a href=\"http:\/\/artsetculture.fr\/index.php\/2016\/05\/07\/lart-du-ballet\/\">L&rsquo;art du Ballet<\/a>\u00a0 \u00a0 \u00a0 \u00a0\u00a0<\/em><\/span>\u00a0 \u00a0 \u00a0 \u00a0 \u00a0 \u00a0 \u00a0 \u00a0 \u00a0 \u00a0 \u00a0 \u00a0 \u00a0 \u00a0 \u00a0 \u00a0 \u00a0<span style=\"color: #0000ff;\">Martine Anstett<\/span><\/strong><strong><br \/>\n<span style=\"color: #0000ff;\"><a href=\"http:\/\/artsetculture.fr\/index.php\/event\/lart-du-ballet-2\/\"><img loading=\"lazy\" decoding=\"async\" class=\"alignright wp-image-3107\" src=\"http:\/\/artsetculture.fr\/wp-content\/uploads\/2016\/05\/540_3907-300x201.jpg\" alt=\"540_3907\" width=\"139\" height=\"93\" srcset=\"https:\/\/artsetculture.fr\/wp-content\/uploads\/2016\/05\/540_3907-300x201.jpg 300w, https:\/\/artsetculture.fr\/wp-content\/uploads\/2016\/05\/540_3907.jpg 500w\" sizes=\"auto, (max-width: 139px) 100vw, 139px\" \/><\/a><\/span><\/strong><\/h4>\n<p><a style=\"font-weight: bold;\" href=\"http:\/\/artsetculture.fr\/index.php\/event\/lart-du-ballet\/\">20\/04\/17<\/a>\u00a0 \u00a0 \u00a0\u00a0<strong><em>La naissance du Ballet classique <a href=\"http:\/\/artsetculture.fr\/index.php\/event\/lart-du-ballet-2\/\">27\/04\/17<\/a>\u00a0 \u00a0 \u00a0 \u00a0<\/em><\/strong><strong><em>L&rsquo;\u00e9volution du Ballet classique \u00a0 \u00a0 \u00a0 <span style=\"color: #ffffff;\">________________<\/span>au \u00a0XXe si\u00e8cle<\/em><\/strong><\/p>\n<h3><span style=\"color: #800000;\"><span style=\"text-decoration: underline;\">Visites &#8211; Expositions<\/span><\/span><\/h3>\n<p><span style=\"color: #ff0000;\"><em><strong>Pour vous inscrire, cliquez sur la date de la visite.<\/strong><\/em><\/span><\/p>\n<h4 style=\"text-align: left;\"><strong><span style=\"color: #000000;\"><em>La Cit\u00e9 universitaire\u00a0 \u00a0 \u00a0 \u00a0<\/em><\/span>\u00a0 \u00a0 \u00a0 \u00a0 \u00a0 \u00a0 \u00a0 \u00a0 \u00a0\u00a0 \u00a0 \u00a0 <span style=\"color: #0000ff;\">Patrick Hemmler<img loading=\"lazy\" decoding=\"async\" class=\"wp-image-3279 alignright\" src=\"http:\/\/artsetculture.fr\/wp-content\/uploads\/2016\/05\/Cit\u00e9U-C2-300x200.jpg\" alt=\"Cit\u00e9U-C2\" width=\"141\" height=\"94\" srcset=\"https:\/\/artsetculture.fr\/wp-content\/uploads\/2016\/05\/Cit\u00e9U-C2-300x200.jpg 300w, https:\/\/artsetculture.fr\/wp-content\/uploads\/2016\/05\/Cit\u00e9U-C2-768x512.jpg 768w, https:\/\/artsetculture.fr\/wp-content\/uploads\/2016\/05\/Cit\u00e9U-C2.jpg 838w\" sizes=\"auto, (max-width: 141px) 100vw, 141px\" \/><br \/>\n<\/span><\/strong><\/h4>\n<p><a style=\"font-weight: bold;\" href=\"http:\/\/artsetculture.fr\/index.php\/event\/cite-universitaire-a-2\/\">11\/10\/16<\/a>\u00a0 \u00a0 \u00a0<strong><em>\u00a0Groupe \u00a0A \u00a0 \u00a0 \u00a0 \u00a0 \u00a0 \u00a0 \u00a0 \u00a0 \u00a0 \u00a0 \u00a0 \u00a0 \u00a0 \u00a0 \u00a0 \u00a0 \u00a0 \u00a0 \u00a0 \u00a0 <a href=\"http:\/\/artsetculture.fr\/index.php\/event\/cite-universitaire-a-2\/\">14\/10\/16<\/a>\u00a0 \u00a0 \u00a0 \u00a0Groupe \u00a0B \u00a0 \u00a0 \u00a0 \u00a0 \u00a0 \u00a0 \u00a0 \u00a0 \u00a0 \u00a0 \u00a0 \u00a0 \u00a0 \u00a0 \u00a0 \u00a0 \u00a0 \u00a0 \u00a0 \u00a0 \u00a0 \u00a0 \u00a0 \u00a0 \u00a0 \u00a0 \u00a0 \u00a0<\/em><\/strong><\/p>\n<h4 style=\"text-align: left;\"><strong><span style=\"color: #000000;\"><em>Magritte \u00a0 \u00a0 \u00a0 \u00a0 \u00a0 \u00a0 \u00a0 \u00a0 \u00a0 \u00a0 \u00a0 \u00a0 \u00a0 \u00a0 \u00a0 \u00a0 \u00a0 \u00a0 \u00a0 \u00a0 \u00a0\u00a0<\/em><\/span> \u00a0\u00a0 \u00a0 \u00a0 \u00a0 <span style=\"color: #0000ff;\">Fran\u00e7oise Gagliano\u00a0<\/span><\/strong><\/h4>\n<p style=\"text-align: left;\"><strong>Mus\u00e9e Georges Pompidou<\/strong>\u00a0<img loading=\"lazy\" decoding=\"async\" class=\"wp-image-4267 alignright\" src=\"http:\/\/artsetculture.fr\/wp-content\/uploads\/2016\/05\/Les-amants-C1-300x229.jpg\" alt=\"Les amants-C1\" width=\"141\" height=\"106\" \/> \u00a0 \u00a0 \u00a0 \u00a0 \u00a0 \u00a0 \u00a0 \u00a0 \u00a0 \u00a0 \u00a0 \u00a0 \u00a0 \u00a0 <a style=\"font-weight: bold;\" href=\"http:\/\/artsetculture.fr\/index.php\/event\/rembrandt-2-2-2\/\">07\/11\/16<\/a>\u00a0 \u00a0<strong><em>\u00a0 Groupe \u00a0A \u00a0 \u00a0 \u00a0 \u00a0 \u00a0 \u00a0 \u00a0 \u00a0 \u00a0 \u00a0 \u00a0 \u00a0 \u00a0 \u00a0 \u00a0 \u00a0 \u00a0 \u00a0 \u00a0 \u00a0 \u00a0 <a href=\"http:\/\/artsetculture.fr\/index.php\/event\/rembrandt-2-2-2\/\">14\/11\/16<\/a>\u00a0 \u00a0 \u00a0 Groupe \u00a0B \u00a0 \u00a0 \u00a0<\/em><\/strong><strong><em>\u00a0 \u00a0 \u00a0 \u00a0 \u00a0 \u00a0 \u00a0 \u00a0 \u00a0 \u00a0 \u00a0 \u00a0 \u00a0 \u00a0 \u00a0 \u00a0 \u00a0 \u00a0 \u00a0 \u00a0 \u00a0 \u00a0 \u00a0\u00a0<\/em><\/strong><strong><br \/>\n<\/strong><\/p>\n<h4 style=\"text-align: left;\"><strong><span style=\"color: #000000;\"><em>Rembrandt \u00a0intime \u00a0 \u00a0 \u00a0 \u00a0 \u00a0 \u00a0 \u00a0 \u00a0 \u00a0 \u00a0 \u00a0 \u00a0<\/em><\/span>\u00a0 \u00a0 \u00a0 \u00a0\u00a0 <span style=\"color: #0000ff;\">Fran\u00e7oise Gagliano \u00a0<\/span><\/strong><\/h4>\n<p style=\"text-align: left;\"><strong><img loading=\"lazy\" decoding=\"async\" class=\"wp-image-3786 alignright\" src=\"http:\/\/artsetculture.fr\/wp-content\/uploads\/2016\/05\/Rembrandt-2-300x219.jpg\" alt=\"Rembrandt-2\" width=\"141\" height=\"103\" srcset=\"https:\/\/artsetculture.fr\/wp-content\/uploads\/2016\/05\/Rembrandt-2-300x219.jpg 300w, https:\/\/artsetculture.fr\/wp-content\/uploads\/2016\/05\/Rembrandt-2.jpg 336w\" sizes=\"auto, (max-width: 141px) 100vw, 141px\" \/>Mus\u00e9e Jacquemart-Andr\u00e9<\/strong>\u00a0 \u00a0 \u00a0 \u00a0 \u00a0 \u00a0 \u00a0 \u00a0 \u00a0 \u00a0 \u00a0 \u00a0 \u00a0 \u00a0 \u00a0 <a style=\"font-weight: bold;\" href=\"http:\/\/artsetculture.fr\/index.php\/event\/rembrandt-2-3\/\">22\/11\/16<\/a>\u00a0 \u00a0<strong><em>\u00a0 Groupe \u00a0A \u00a0 \u00a0 \u00a0 \u00a0 \u00a0 \u00a0 \u00a0 \u00a0 \u00a0 \u00a0 \u00a0 \u00a0 \u00a0 \u00a0 \u00a0 \u00a0 \u00a0 \u00a0 \u00a0 \u00a0 \u00a0 <a href=\"http:\/\/artsetculture.fr\/index.php\/event\/rembrandt-2-3\/\">06\/12\/16<\/a>\u00a0 \u00a0 \u00a0Groupe \u00a0B \u00a0 \u00a0 \u00a0 \u00a0 \u00a0 \u00a0 \u00a0 \u00a0 \u00a0 \u00a0 \u00a0 \u00a0 \u00a0 \u00a0 \u00a0 \u00a0 \u00a0 \u00a0 \u00a0 \u00a0 \u00a0 \u00a0 \u00a0 \u00a0 \u00a0 \u00a0 \u00a0 \u00a0 \u00a0 \u00a0<\/em><\/strong><\/p>\n<h4 style=\"text-align: left;\"><strong><span style=\"color: #000000;\"><em>Fantin-Latour \u00a0 \u00a0 \u00a0 \u00a0 \u00a0 \u00a0 \u00a0 \u00a0 \u00a0 \u00a0 \u00a0 \u00a0 \u00a0 \u00a0 \u00a0 \u00a0 \u00a0 \u00a0 \u00a0 \u00a0\u00a0\u00a0 <\/em><\/span><span style=\"color: #0000ff;\">Fran\u00e7oise Gagliano\u00a0<\/span><\/strong><\/h4>\n<p style=\"text-align: left;\"><strong><img loading=\"lazy\" decoding=\"async\" class=\"wp-image-3787 alignright\" src=\"http:\/\/artsetculture.fr\/wp-content\/uploads\/2016\/05\/Fantin-Latour-2-300x251.jpg\" alt=\"Fantin-Latour-2\" width=\"141\" height=\"118\" srcset=\"https:\/\/artsetculture.fr\/wp-content\/uploads\/2016\/05\/Fantin-Latour-2-300x251.jpg 300w, https:\/\/artsetculture.fr\/wp-content\/uploads\/2016\/05\/Fantin-Latour-2.jpg 430w\" sizes=\"auto, (max-width: 141px) 100vw, 141px\" \/>Mus\u00e9e \u00a0du Luxembourg \u00a0 \u00a0 \u00a0 \u00a0 \u00a0 \u00a0 \u00a0 \u00a0 \u00a0 \u00a0 \u00a0 \u00a0 \u00a0 \u00a0 \u00a0 \u00a0 \u00a0 \u00a0 <\/strong><a style=\"font-weight: bold;\" href=\"http:\/\/artsetculture.fr\/index.php\/event\/rembrandt-2-2\/\">28\/11\/16<\/a>\u00a0 \u00a0<strong><em>\u00a0 Groupes \u00a0A et B \u00a0 \u00a0 \u00a0 \u00a0 \u00a0 \u00a0 \u00a0 \u00a0 \u00a0 \u00a0 \u00a0 \u00a0 \u00a0 \u00a0 \u00a0 \u00a0 \u00a0<\/em><\/strong><\/p>\n<p style=\"text-align: left;\"><strong><em>\u00a0 \u00a0 \u00a0 \u00a0 \u00a0 \u00a0 \u00a0 \u00a0 \u00a0 \u00a0 \u00a0 \u00a0 \u00a0 \u00a0 \u00a0 \u00a0 \u00a0 \u00a0 \u00a0 \u00a0 \u00a0 \u00a0 \u00a0 \u00a0 \u00a0 \u00a0 \u00a0 \u00a0 \u00a0 \u00a0 \u00a0 \u00a0 \u00a0 \u00a0 \u00a0 \u00a0 \u00a0 \u00a0 \u00a0 \u00a0 \u00a0 \u00a0 \u00a0 \u00a0<\/em><\/strong><\/p>\n<h4 style=\"text-align: left;\"><strong><span style=\"color: #000000;\"><em>Tous \u00e0 la plage \u00a0 \u00a0 \u00a0 \u00a0 \u00a0 \u00a0 \u00a0 \u00a0 \u00a0 \u00a0 \u00a0<\/em><\/span>\u00a0 \u00a0 \u00a0 \u00a0 \u00a0\u00a0 \u00a0 \u00a0 \u00a0 \u00a0\u00a0 <span style=\"color: #0000ff;\">Fran\u00e7oise Gagliano\u00a0<\/span><\/strong><b><br \/>\n<\/b><\/h4>\n<p style=\"text-align: left;\"><b>Cit\u00e9 de l&rsquo;Architecture et du Patrimoine<\/b>\u00a0<img loading=\"lazy\" decoding=\"async\" class=\"wp-image-4281 alignright\" src=\"http:\/\/artsetculture.fr\/wp-content\/uploads\/2016\/07\/Locations-vacances-Veules-C1-300x225.jpg\" alt=\"Locations-vacances-Veules-C1\" width=\"141\" height=\"104\" \/> \u00a0 \u00a0 \u00a0 <em><strong><a style=\"font-weight: bold;\" href=\"http:\/\/artsetculture.fr\/index.php\/event\/tous-a-la-plage-a\/\">18\/01\/17<\/a><\/strong><\/em>\u00a0 \u00a0<strong><em>\u00a0 Groupe \u00a0A \u00a0 \u00a0 \u00a0 \u00a0 \u00a0 \u00a0 \u00a0 \u00a0 \u00a0 \u00a0 \u00a0 \u00a0 \u00a0 \u00a0 \u00a0 \u00a0 \u00a0 \u00a0 \u00a0 \u00a0 \u00a0 <a href=\"http:\/\/artsetculture.fr\/index.php\/event\/tous-a-la-plage-a-2\/\">25\/01\/17<\/a>\u00a0\u00a0 \u00a0 Groupe \u00a0B \u00a0 \u00a0 \u00a0 \u00a0 \u00a0 \u00a0 \u00a0 \u00a0 \u00a0 \u00a0 \u00a0 \u00a0 \u00a0 \u00a0 \u00a0 \u00a0 \u00a0 \u00a0 \u00a0 \u00a0 \u00a0 \u00a0 \u00a0 \u00a0 \u00a0 \u00a0 \u00a0 \u00a0 \u00a0 \u00a0<\/em><\/strong><\/p>\n<h4 style=\"text-align: left;\"><strong><span style=\"color: #000000;\"><em>Vermeer et les ma\u00eetres \u00a0 \u00a0 \u00a0 \u00a0 \u00a0 \u00a0 \u00a0 \u00a0 \u00a0\u00a0 \u00a0 \u00a0 \u00a0 <\/em><span style=\"color: #0000ff;\">Fran\u00e7oise Gagliano<\/span><em><br \/>\n<img loading=\"lazy\" decoding=\"async\" class=\"wp-image-5490 alignright\" src=\"http:\/\/artsetculture.fr\/wp-content\/uploads\/2016\/05\/Johannes_Vermeer_-_The_lacemaker_c.1669-1671-WEB2-300x226.jpg\" alt=\"Johannes_Vermeer_-_The_lacemaker_(c.1669-1671)-WEB2\" width=\"140\" height=\"105\" srcset=\"https:\/\/artsetculture.fr\/wp-content\/uploads\/2016\/05\/Johannes_Vermeer_-_The_lacemaker_c.1669-1671-WEB2-300x226.jpg 300w, https:\/\/artsetculture.fr\/wp-content\/uploads\/2016\/05\/Johannes_Vermeer_-_The_lacemaker_c.1669-1671-WEB2.jpg 336w\" sizes=\"auto, (max-width: 140px) 100vw, 140px\" \/>de la peinture de genre \u00a0 \u00a0 \u00a0 \u00a0 \u00a0 \u00a0 \u00a0 \u00a0 \u00a0 \u00a0 \u00a0 \u00a0<\/em><\/span><\/strong><\/h4>\n<p style=\"text-align: left;\"><b>Palais du Louvre \u00a0 \u00a0 \u00a0 \u00a0 \u00a0 \u00a0 \u00a0 \u00a0 \u00a0 \u00a0 \u00a0 \u00a0 \u00a0 \u00a0 \u00a0 \u00a0 \u00a0 \u00a0 \u00a0 \u00a0 <\/b><em><strong><a style=\"font-weight: bold;\" href=\"http:\/\/artsetculture.fr\/index.php\/event\/rembrandt-2-2-3-2\/\">22\/02\/17<\/a><\/strong><\/em>\u00a0 \u00a0<strong><em>\u00a0 Groupes \u00a0A \u00a0et \u00a0B \u00a0 \u00a0 \u00a0 \u00a0 \u00a0 \u00a0 \u00a0 \u00a0 \u00a0 \u00a0 \u00a0 \u00a0 \u00a0 \u00a0 \u00a0 \u00a0 \u00a0 \u00a0 \u00a0 \u00a0 \u00a0\u00a0\u00a0 \u00a0 \u00a0 \u00a0 \u00a0 \u00a0 \u00a0 \u00a0 \u00a0 \u00a0 \u00a0 \u00a0 \u00a0 \u00a0 \u00a0 \u00a0 \u00a0 \u00a0 \u00a0 \u00a0 \u00a0 \u00a0 \u00a0 \u00a0 \u00a0 \u00a0 \u00a0 \u00a0 \u00a0\u00a0<\/em><\/strong><\/p>\n<h4 style=\"text-align: left;\"><strong><span style=\"color: #000000;\"><em>La coul\u00e9e verte\u00a0 \u00a0 \u00a0 \u00a0 \u00a0 \u00a0 \u00a0 \u00a0 \u00a0 \u00a0 \u00a0 \u00a0 \u00a0 \u00a0 \u00a0\u00a0 \u00a0 \u00a0 \u00a0 \u00a0 \u00a0 <\/em><\/span><span style=\"color: #0000ff;\">Patrick Hemmler \u00a0<\/span><\/strong><b><br \/>\n<\/b><\/h4>\n<p style=\"text-align: left;\"><b>P<img loading=\"lazy\" decoding=\"async\" class=\"wp-image-5340 alignright\" src=\"http:\/\/artsetculture.fr\/wp-content\/uploads\/2017\/01\/La_Promenade_Plant\u00e9e-bassins_April_2015_009-WEB-300x225.jpg\" alt=\"la_promenade_plantee-bassins_april_2015_009-web\" width=\"140\" height=\"105\" srcset=\"https:\/\/artsetculture.fr\/wp-content\/uploads\/2017\/01\/La_Promenade_Plant\u00e9e-bassins_April_2015_009-WEB-300x225.jpg 300w, https:\/\/artsetculture.fr\/wp-content\/uploads\/2017\/01\/La_Promenade_Plant\u00e9e-bassins_April_2015_009-WEB.jpg 448w\" sizes=\"auto, (max-width: 140px) 100vw, 140px\" \/>romenade plant\u00e9e Ren\u00e9 Dumont<\/b><br \/>\n<em><strong><a href=\"http:\/\/artsetculture.fr\/index.php\/event\/tous-a-la-plage-a-4\/\">24\/03\/17<\/a><\/strong><\/em>\u00a0 \u00a0<strong><em>\u00a0 Groupe \u00a0A \u00a0 \u00a0 \u00a0 \u00a0 \u00a0 \u00a0 \u00a0 \u00a0 \u00a0 \u00a0 \u00a0 \u00a0 \u00a0 \u00a0 \u00a0 \u00a0 \u00a0 \u00a0 \u00a0 \u00a0 \u00a0 \u00a0 <a href=\"http:\/\/artsetculture.fr\/index.php\/event\/tous-a-la-plage-a-3\/\">31\/03\/17<\/a>\u00a0\u00a0 \u00a0 Groupe \u00a0B \u00a0 \u00a0 \u00a0 \u00a0 \u00a0 \u00a0 \u00a0 \u00a0 \u00a0 \u00a0 \u00a0 \u00a0 \u00a0 \u00a0 \u00a0 \u00a0 \u00a0 \u00a0 \u00a0 \u00a0 \u00a0 \u00a0 \u00a0 \u00a0 \u00a0 \u00a0 \u00a0 \u00a0 \u00a0 \u00a0<\/em><\/strong><\/p>\n<h4 style=\"text-align: left;\"><strong><span style=\"color: #000000;\"><em>Rodin-L&rsquo;exposition du centenaire \u00a0\u00a0\u00a0 <\/em><\/span><span style=\"color: #0000ff;\">Fran\u00e7oise Gagliano\u00a0<\/span><\/strong><b><br \/>\n<\/b><\/h4>\n<p style=\"text-align: left;\"><b><img loading=\"lazy\" decoding=\"async\" class=\"wp-image-5491 alignright\" src=\"http:\/\/artsetculture.fr\/wp-content\/uploads\/2016\/05\/images-1.jpg\" alt=\"images\" width=\"140\" height=\"105\" \/>Grand Palais<\/b><br \/>\n<strong><em><a style=\"font-weight: bold;\" href=\"http:\/\/artsetculture.fr\/index.php\/event\/tous-a-la-plage-a-4-2\/\">27\/03\/17<\/a><\/em><\/strong>\u00a0 \u00a0<strong><em>\u00a0 Groupe \u00a0A \u00a0 \u00a0 \u00a0 \u00a0 \u00a0 \u00a0 \u00a0 \u00a0 \u00a0 \u00a0 \u00a0 \u00a0 \u00a0 \u00a0 \u00a0 \u00a0 \u00a0 \u00a0 \u00a0 \u00a0 \u00a0 \u00a0 <a href=\"http:\/\/artsetculture.fr\/index.php\/event\/tous-a-la-plage-a-4-2-2\/\">28\/04\/17<\/a>\u00a0\u00a0 \u00a0 Groupe \u00a0B \u00a0 \u00a0 \u00a0 \u00a0 \u00a0 \u00a0 \u00a0 \u00a0 \u00a0 \u00a0 \u00a0 \u00a0 \u00a0 \u00a0 \u00a0 \u00a0 \u00a0 \u00a0 \u00a0 \u00a0 \u00a0 \u00a0 \u00a0 \u00a0 \u00a0 \u00a0 \u00a0 \u00a0 \u00a0 \u00a0<\/em><\/strong><\/p>\n<h4 style=\"text-align: left;\"><strong><span style=\"color: #000000;\"><em>21 rue La Bo\u00e9tie \u00a0 \u00a0 \u00a0 \u00a0 \u00a0 \u00a0 \u00a0 \u00a0 \u00a0 \u00a0 \u00a0 \u00a0 \u00a0 \u00a0 \u00a0 \u00a0 \u00a0\u00a0 \u00a0 <\/em><\/span><span style=\"color: #0000ff;\">Fran\u00e7oise Gagliano \u00a0<\/span><\/strong><b><br \/>\n<\/b><\/h4>\n<p style=\"text-align: left;\"><b><img loading=\"lazy\" decoding=\"async\" class=\"wp-image-5492 alignright\" src=\"http:\/\/artsetculture.fr\/wp-content\/uploads\/2016\/05\/pablo_picasso_nature_morte_19.4.1937_WEB2-300x209.jpg\" width=\"140\" height=\"98\" \/>Mus\u00e9e Maillol \u00a0 \u00a0 \u00a0 \u00a0 \u00a0 \u00a0 \u00a0 \u00a0 \u00a0 \u00a0 \u00a0 \u00a0 \u00a0 \u00a0 \u00a0 \u00a0 \u00a0\u00a0 \u00a0 \u00a0 \u00a0 \u00a0 \u00a0 \u00a0 \u00a0 \u00a0 \u00a0 \u00a0 \u00a0 \u00a0 \u00a0 Collection \u00a0Rosenberg<\/b><\/p>\n<p style=\"text-align: left;\"><strong><em><a style=\"font-weight: bold;\" href=\"http:\/\/artsetculture.fr\/index.php\/event\/rembrandt-2-2-3\/\">05\/05\/17<\/a><\/em><\/strong>\u00a0 \u00a0<strong><em>\u00a0 Groupes \u00a0A \u00a0et \u00a0B \u00a0 \u00a0 \u00a0 \u00a0 \u00a0 \u00a0 \u00a0 \u00a0 \u00a0 \u00a0 \u00a0 \u00a0 \u00a0 \u00a0 \u00a0 \u00a0 \u00a0 \u00a0 \u00a0 \u00a0 \u00a0 \u00a0 \u00a0\u00a0 \u00a0 \u00a0 \u00a0 \u00a0 \u00a0 \u00a0 \u00a0 \u00a0 \u00a0 \u00a0 \u00a0 \u00a0 \u00a0 \u00a0 \u00a0 \u00a0 \u00a0 \u00a0 \u00a0 \u00a0 \u00a0 \u00a0 \u00a0 \u00a0 \u00a0 \u00a0 \u00a0 \u00a0\u00a0<\/em><\/strong><\/p>\n<h3><span style=\"color: #800000;\"><span style=\"text-decoration: underline;\">Patrimoine local<\/span>\u00a0 \u00a0 \u00a0 \u00a0 \u00a0 \u00a0 \u00a0 \u00a0 \u00a0 \u00a0 \u00a0 \u00a0 \u00a0 \u00a0 \u00a0 \u00a0 \u00a0 \u00a0 \u00a0 \u00a0 \u00a0 \u00a0 \u00a0 \u00a0 \u00a0<\/span><\/h3>\n<h4 style=\"text-align: left;\"><span style=\"color: #000000;\"><em><img loading=\"lazy\" decoding=\"async\" class=\"wp-image-4190 alignright\" src=\"http:\/\/artsetculture.fr\/wp-content\/uploads\/2016\/07\/Claude-Viseux-texte_hight-277x300.jpg\" alt=\"Claude-Viseux-texte_hight\" width=\"142\" height=\"152\" \/>Claude Viseux<\/em>\u00a0 \u00a0 \u00a0<\/span><\/h4>\n<p style=\"text-align: left;\"><strong>Mus\u00e9e Senlecq &#8211; L&rsquo;Isle-Adam \u00a0 \u00a0 \u00a0 \u00a0 \u00a0 \u00a0 \u00a0 \u00a0 \u00a0 \u00a0 \u00a0 \u00a0 \u00a0 <a href=\"http:\/\/artsetculture.fr\/index.php\/event\/claude-viseux\/\">23\/09\/16<\/a>\u00a0 \u00a0 \u00a0 <em>La r\u00e9alit\u00e9 transform\u00e9e\u00a0<\/em>\u00a0 \u00a0 \u00a0 \u00a0 \u00a0 \u00a0 \u00a0 \u00a0 \u00a0 \u00a0 \u00a0 \u00a0 \u00a0 \u00a0 \u00a0 \u00a0 \u00a0 \u00a0 <\/strong><strong>\u00a0<\/strong><\/p>\n<h3><span style=\"color: #800000;\"><span style=\"text-decoration: underline;\">Escapade culturelle<\/span><\/span><\/h3>\n<h4 style=\"text-align: left;\"><span style=\"color: #000000;\"><img loading=\"lazy\" decoding=\"async\" class=\"wp-image-5708 alignright\" src=\"http:\/\/artsetculture.fr\/wp-content\/uploads\/2017\/02\/Face-privative-C-5-300x200.jpg\" alt=\"Face-privative--C-5\" width=\"144\" height=\"96\" srcset=\"https:\/\/artsetculture.fr\/wp-content\/uploads\/2017\/02\/Face-privative-C-5-300x200.jpg 300w, https:\/\/artsetculture.fr\/wp-content\/uploads\/2017\/02\/Face-privative-C-5-768x513.jpg 768w, https:\/\/artsetculture.fr\/wp-content\/uploads\/2017\/02\/Face-privative-C-5.jpg 800w\" sizes=\"auto, (max-width: 144px) 100vw, 144px\" \/><em>La Champagne<\/em>\u00a0 \u00a0 \u00a0<\/span><\/h4>\n<p style=\"text-align: left;\"><strong><a href=\"http:\/\/artsetculture.fr\/index.php\/activites-2\/sorties-voyages\/\">11\/05\/17<\/a>\u00a0 \u00a0 \u00a0\u00a0<em>Visite du Ch\u00e2teau de Pierry \u00a0 \u00a0 <span style=\"color: #ffffff;\">________________<\/span>et de la vieille ville de \u00a0 \u00a0 \u00a0 <span style=\"color: #ffffff;\">________________<\/span>Chalons en Champagne<\/em>\u00a0 \u00a0 \u00a0 \u00a0 \u00a0 \u00a0 \u00a0 \u00a0 \u00a0 \u00a0 \u00a0 \u00a0 \u00a0 \u00a0 \u00a0 \u00a0 \u00a0 \u00a0\u00a0<\/strong><strong>\u00a0\u00a0<\/strong><\/p>\n<p><em><strong>\u00a0 \u00a0 \u00a0 \u00a0 \u00a0 \u00a0<\/strong><\/em><\/p>\n<p><em><strong>\u00a0 \u00a0 \u00a0 \u00a0 \u00a0 \u00a0<a href=\"https:\/\/artsetculture.fr\/index.php\/activites1\/programme-de-la-saison\/\">Programme saison en cours<\/a>\u00a0 \u00a0 \u00a0 \u00a0 \u00a0 \u00a0 \u00a0 \u00a0 \u00a0 \u00a0 \u00a0<a href=\"http:\/\/artsetculture.fr\/index.php\/infos-pratiques-2\/conditions\/\">Informations \u00a0pratiques<\/a><\/strong><\/em><\/p>\n<h1 style=\"text-align: left;\"><span style=\"color: #339966;\"><strong><a style=\"color: #339966;\" href=\"http:\/\/artsetculture.fr\/index.php\/historique\/saison2016-2017\/\">\u00a0__________________________________________ \u21d1<\/a><\/strong><\/span><\/h1>\n","protected":false},"excerpt":{"rendered":"<p>Conf\u00e9rences \u00a0 \u00a0 \u00a0 \u00a0 \u00a0 \u00a0 \u00a0 \u00a0 \u00a0 \u00a0 \u00a0 \u00a0 \u00a0 \u00a0 \u00a0 \u00a0 \u00a0 \u00a0 \u00a0 \u00a0 \u00a0 \u00a0 \u00a0 \u00a0\u00a0 Architectes contemporains\u00a0 \u00a0 \u00a0\u00a0 \u00a0 \u00a0 \u00a0 \u00a0Catherine \u00a0Coudert 15\/09\/16___Rudy Ricciotti \u00a0\u00a0 \u00a0 \u00a0 \u00a0 \u00a0 \u00a0 \u00a0 \u00a0 \u00a0 \u00a0 \u00a0 \u00a0 \u00a0 \u00a0 \u00a0 22\/09\/16___Renzo Piano\u00a0 \u00a0\u00a0 \u00a0 &hellip; <a href=\"https:\/\/artsetculture.fr\/index.php\/historique\/saison2016-2017\/\" class=\"more-link\">Continuer la lecture de <span class=\"screen-reader-text\">Saison 2016-2017<\/span>  <span class=\"meta-nav\">&rarr;<\/span><\/a><\/p>\n","protected":false},"author":1,"featured_media":0,"parent":88,"menu_order":8,"comment_status":"closed","ping_status":"closed","template":"","meta":{"footnotes":""},"class_list":["post-6333","page","type-page","status-publish","hentry"],"_links":{"self":[{"href":"https:\/\/artsetculture.fr\/index.php\/wp-json\/wp\/v2\/pages\/6333","targetHints":{"allow":["GET"]}}],"collection":[{"href":"https:\/\/artsetculture.fr\/index.php\/wp-json\/wp\/v2\/pages"}],"about":[{"href":"https:\/\/artsetculture.fr\/index.php\/wp-json\/wp\/v2\/types\/page"}],"author":[{"embeddable":true,"href":"https:\/\/artsetculture.fr\/index.php\/wp-json\/wp\/v2\/users\/1"}],"replies":[{"embeddable":true,"href":"https:\/\/artsetculture.fr\/index.php\/wp-json\/wp\/v2\/comments?post=6333"}],"version-history":[{"count":10,"href":"https:\/\/artsetculture.fr\/index.php\/wp-json\/wp\/v2\/pages\/6333\/revisions"}],"predecessor-version":[{"id":11016,"href":"https:\/\/artsetculture.fr\/index.php\/wp-json\/wp\/v2\/pages\/6333\/revisions\/11016"}],"up":[{"embeddable":true,"href":"https:\/\/artsetculture.fr\/index.php\/wp-json\/wp\/v2\/pages\/88"}],"wp:attachment":[{"href":"https:\/\/artsetculture.fr\/index.php\/wp-json\/wp\/v2\/media?parent=6333"}],"curies":[{"name":"wp","href":"https:\/\/api.w.org\/{rel}","templated":true}]}}