{"id":13510,"date":"2025-02-13T11:26:07","date_gmt":"2025-02-13T10:26:07","guid":{"rendered":"https:\/\/artsetculture.fr\/?page_id=13510"},"modified":"2025-02-13T11:34:14","modified_gmt":"2025-02-13T10:34:14","slug":"conferences-2022-2023","status":"publish","type":"page","link":"https:\/\/artsetculture.fr\/index.php\/historique\/saison-2022-2023\/conferences-2022-2023\/","title":{"rendered":"Conf\u00e9rences 2022-2023"},"content":{"rendered":"<h2>d\u00e9cembre 2023<\/h2><div class=\"qem \"><div class=\"qem-icon\"><div class=\"qem-calendar-small\" style=\"margin:0 6px 8px 0;\"><span class=\"day\" >07<\/span><span class=\"nonday\" ><span class=\"month\"><b><em>D\u00e9c<\/em><\/b><\/span><span class=\"year\">2023<\/span><\/span><\/div><\/div><div class=\"qem-small\"><div class=\"qemlistright\">\r\n<a href=\"https:\/\/artsetculture.fr\/index.php\/event\/loeil-et-loreille-1-3-3\/\"><img decoding=\"async\" class=\"qem-list-image\" src=\"http:\/\/artsetculture.fr\/wp-content\/uploads\/2023\/07\/Conf-2-Redon-La-Coquille.jpg\"><\/a><br>\r\n<\/div>\r\n<h2 class=\"qem_title\"><a href=\"https:\/\/artsetculture.fr\/index.php\/event\/loeil-et-loreille-1-3-3\/\">L'OEIL ET L'OREILLE - 2<\/a><\/h2><p class=\"desc\" style=\"font-weight: bold; font-style: italic; font-size: 100%; \" >Erik Satie, Odilon Redon<\/p><p class=\"location\" style=\"font-weight: bold; font-style: italic; color: #dd3333; font-size: 90%; \" >Salle de l'amiti\u00e9<\/p><p class=\"organisation\" style=\"font-weight: bold; color: #021ed6; font-size: 100%; \" >Catherine Aubriot<\/p><div style=\"clear:both\"><\/div><\/div><\/div>\r\n<div class=\"qem \"><div class=\"qem-icon\"><div class=\"qem-calendar-small\" style=\"margin:0 6px 8px 0;\"><span class=\"day\" >14<\/span><span class=\"nonday\" ><span class=\"month\"><b><em>D\u00e9c<\/em><\/b><\/span><span class=\"year\">2023<\/span><\/span><\/div><\/div><div class=\"qem-small\"><div class=\"qemlistright\">\r\n<a href=\"https:\/\/artsetculture.fr\/index.php\/event\/loeil-et-loreille-1-3-4\/\"><img decoding=\"async\" class=\"qem-list-image\" src=\"http:\/\/artsetculture.fr\/wp-content\/uploads\/2023\/07\/Conf-3-Friedrich-Deux-hommes-contemplant-la-lune.jpg\"><\/a><br>\r\n<\/div>\r\n<h2 class=\"qem_title\"><a href=\"https:\/\/artsetculture.fr\/index.php\/event\/loeil-et-loreille-1-3-4\/\">L'OEIL ET L'OREILLE - 3<\/a><\/h2><p class=\"desc\" style=\"font-weight: bold; font-style: italic; font-size: 100%; \" >Ludwig Van Beethoven, Caspar Friedrich<\/p><p class=\"location\" style=\"font-weight: bold; font-style: italic; color: #dd3333; font-size: 90%; \" >Salle de l'amiti\u00e9<\/p><p class=\"organisation\" style=\"font-weight: bold; color: #021ed6; font-size: 100%; \" >Catherine Aubriot<\/p><div style=\"clear:both\"><\/div><\/div><\/div>\r\n\n<h2><\/h2>\n<h2>novembre 2023<\/h2><div class=\"qem \"><div class=\"qem-icon\"><div class=\"qem-calendar-small\" style=\"margin:0 6px 8px 0;\"><span class=\"day\" >09<\/span><span class=\"nonday\" ><span class=\"month\"><b><em>Nov<\/em><\/b><\/span><span class=\"year\">2023<\/span><\/span><\/div><\/div><div class=\"qem-small\"><div class=\"qemlistright\">\r\n<a href=\"https:\/\/artsetculture.fr\/index.php\/event\/les-grands-aventuriers-3-6\/\"><img decoding=\"async\" class=\"qem-list-image\" src=\"http:\/\/artsetculture.fr\/wp-content\/uploads\/2023\/07\/Pays-Baltes-4-1.jpg\"><\/a><br>\r\n<\/div>\r\n<h2 class=\"qem_title\"><a href=\"https:\/\/artsetculture.fr\/index.php\/event\/les-grands-aventuriers-3-6\/\">LES PAYS BALTES - 3<\/a><\/h2><p class=\"desc\" style=\"font-weight: bold; font-style: italic; font-size: 100%; \" >La proie des grands royaumes<\/p><p class=\"location\" style=\"font-weight: bold; font-style: italic; color: #dd3333; font-size: 90%; \" >Salle de l'amiti\u00e9<\/p><p class=\"organisation\" style=\"font-weight: bold; color: #021ed6; font-size: 100%; \" >Pierre-Alain Mallet<\/p><div style=\"clear:both\"><\/div><\/div><\/div>\r\n<div class=\"qem \"><div class=\"qem-icon\"><div class=\"qem-calendar-small\" style=\"margin:0 6px 8px 0;\"><span class=\"day\" >16<\/span><span class=\"nonday\" ><span class=\"month\"><b><em>Nov<\/em><\/b><\/span><span class=\"year\">2023<\/span><\/span><\/div><\/div><div class=\"qem-small\"><div class=\"qemlistright\">\r\n<a href=\"https:\/\/artsetculture.fr\/index.php\/event\/lumieres-scandinaves-la-peinture-deckersberg-a-e-munch-1-2\/\"><img decoding=\"async\" class=\"qem-list-image\" src=\"http:\/\/artsetculture.fr\/wp-content\/uploads\/2023\/07\/Gioto-Chapelle-Scrovegni-Lavement-de-pied-Conf-1-.jpg\"><\/a><br>\r\n<\/div>\r\n<h2 class=\"qem_title\"><a href=\"https:\/\/artsetculture.fr\/index.php\/event\/lumieres-scandinaves-la-peinture-deckersberg-a-e-munch-1-2\/\">LES GRANDS DECORS PEINTS DE GIOTTO A MICHEL-ANGE - 1<\/a><\/h2><p class=\"desc\" style=\"font-weight: bold; font-style: italic; font-size: 100%; \" >Padoue : Giotto \u00e0 la chapelle Scrovegni<\/p><p class=\"location\" style=\"font-weight: bold; font-style: italic; color: #dd3333; font-size: 90%; \" >Salle de l'amiti\u00e9<\/p><p class=\"organisation\" style=\"font-weight: bold; color: #021ed6; font-size: 100%; \" >Claire Gr\u00e9bille<\/p><div style=\"clear:both\"><\/div><\/div><\/div>\r\n<div class=\"qem \"><div class=\"qem-icon\"><div class=\"qem-calendar-small\" style=\"margin:0 6px 8px 0;\"><span class=\"day\" >23<\/span><span class=\"nonday\" ><span class=\"month\"><b><em>Nov<\/em><\/b><\/span><span class=\"year\">2023<\/span><\/span><\/div><\/div><div class=\"qem-small\"><div class=\"qemlistright\">\r\n<a href=\"https:\/\/artsetculture.fr\/index.php\/event\/loeil-et-loreille-1-3-2\/\"><img decoding=\"async\" class=\"qem-list-image\" src=\"http:\/\/artsetculture.fr\/wp-content\/uploads\/2023\/07\/Conf-1-Hartmann-La-Grande-porte-de-Kiev.jpg\"><\/a><br>\r\n<\/div>\r\n<h2 class=\"qem_title\"><a href=\"https:\/\/artsetculture.fr\/index.php\/event\/loeil-et-loreille-1-3-2\/\">L'OEIL ET L'OREILLE - 1<\/a><\/h2><p class=\"desc\" style=\"font-weight: bold; font-style: italic; font-size: 100%; \" >Modeste Moussorgski, Victor Hartmann<\/p><p class=\"location\" style=\"font-weight: bold; font-style: italic; color: #dd3333; font-size: 90%; \" >Salle de l'amiti\u00e9<\/p><p class=\"organisation\" style=\"font-weight: bold; color: #021ed6; font-size: 100%; \" >Catherine Aubriot<\/p><div style=\"clear:both\"><\/div><\/div><\/div>\r\n<div class=\"qem \"><div class=\"qem-icon\"><div class=\"qem-calendar-small\" style=\"margin:0 6px 8px 0;\"><span class=\"day\" >30<\/span><span class=\"nonday\" ><span class=\"month\"><b><em>Nov<\/em><\/b><\/span><span class=\"year\">2023<\/span><\/span><\/div><\/div><div class=\"qem-small\"><div class=\"qemlistright\">\r\n<a href=\"https:\/\/artsetculture.fr\/index.php\/event\/le-peuplement-de-lamerique-2\/\"><img decoding=\"async\" class=\"qem-list-image\" src=\"http:\/\/artsetculture.fr\/wp-content\/uploads\/2023\/06\/groupe-indiens-web-002.jpg\"><\/a><br>\r\n<\/div>\r\n<h2 class=\"qem_title\"><a href=\"https:\/\/artsetculture.fr\/index.php\/event\/le-peuplement-de-lamerique-2\/\">LA RELIGION ANDINE<\/a><\/h2><p class=\"desc\" style=\"font-weight: bold; font-style: italic; font-size: 100%; \" >Le syncr\u00e9tisme religieux<\/p><p class=\"location\" style=\"font-weight: bold; font-style: italic; color: #dd3333; font-size: 90%; \" >Salle de l'amiti\u00e9<\/p><p class=\"organisation\" style=\"font-weight: bold; color: #021ed6; font-size: 100%; \" >Blandine GAUTIER<\/p><div style=\"clear:both\"><\/div><\/div><\/div>\r\n\n<h2><\/h2>\n<h2>octobre 2023<\/h2><div class=\"qem \"><div class=\"qem-icon\"><div class=\"qem-calendar-small\" style=\"margin:0 6px 8px 0;\"><span class=\"day\" >05<\/span><span class=\"nonday\" ><span class=\"month\"><b><em>Oct<\/em><\/b><\/span><span class=\"year\">2023<\/span><\/span><\/div><\/div><div class=\"qem-small\"><div class=\"qemlistright\">\r\n<a href=\"https:\/\/artsetculture.fr\/index.php\/event\/les-grands-aventuriers-3-3\/\"><img decoding=\"async\" class=\"qem-list-image\" src=\"http:\/\/artsetculture.fr\/wp-content\/uploads\/2023\/07\/MALLET-Pays-Baltes.png\"><\/a><br>\r\n<\/div>\r\n<h2 class=\"qem_title\"><a href=\"https:\/\/artsetculture.fr\/index.php\/event\/les-grands-aventuriers-3-3\/\">L'ISLANDE - 2<\/a><\/h2><p class=\"desc\" style=\"font-weight: bold; font-style: italic; font-size: 100%; \" >La lutte pour l'ind\u00e9pendance<\/p><p class=\"location\" style=\"font-weight: bold; font-style: italic; color: #dd3333; font-size: 90%; \" >Salle de l'amiti\u00e9<\/p><p class=\"organisation\" style=\"font-weight: bold; color: #021ed6; font-size: 100%; \" >Pierre-Alain Mallet<\/p><div style=\"clear:both\"><\/div><\/div><\/div>\r\n<div class=\"qem \"><div class=\"qem-icon\"><div class=\"qem-calendar-small\" style=\"margin:0 6px 8px 0;\"><span class=\"day\" >12<\/span><span class=\"nonday\" ><span class=\"month\"><b><em>Oct<\/em><\/b><\/span><span class=\"year\">2023<\/span><\/span><\/div><\/div><div class=\"qem-small\"><div class=\"qemlistright\">\r\n<a href=\"https:\/\/artsetculture.fr\/index.php\/event\/les-grands-aventuriers-3-4\/\"><img decoding=\"async\" class=\"qem-list-image\" src=\"http:\/\/artsetculture.fr\/wp-content\/uploads\/2023\/07\/Pays-Baltes-2.png\"><\/a><br>\r\n<\/div>\r\n<h2 class=\"qem_title\"><a href=\"https:\/\/artsetculture.fr\/index.php\/event\/les-grands-aventuriers-3-4\/\">LES PAYS BALTES - 1<\/a><\/h2><p class=\"desc\" style=\"font-weight: bold; font-style: italic; font-size: 100%; \" >Les pays Baltes, d\u00e9finition<\/p><p class=\"location\" style=\"font-weight: bold; font-style: italic; color: #dd3333; font-size: 90%; \" >Salle de l'amiti\u00e9<\/p><p class=\"organisation\" style=\"font-weight: bold; color: #021ed6; font-size: 100%; \" >Pierre-Alain Mallet<\/p><div style=\"clear:both\"><\/div><\/div><\/div>\r\n<div class=\"qem \"><div class=\"qem-icon\"><div class=\"qem-calendar-small\" style=\"margin:0 6px 8px 0;\"><span class=\"day\" >19<\/span><span class=\"nonday\" ><span class=\"month\"><b><em>Oct<\/em><\/b><\/span><span class=\"year\">2023<\/span><\/span><\/div><\/div><div class=\"qem-small\"><div class=\"qemlistright\">\r\n<a href=\"https:\/\/artsetculture.fr\/index.php\/event\/les-grands-aventuriers-3-5\/\"><img decoding=\"async\" class=\"qem-list-image\" src=\"http:\/\/artsetculture.fr\/wp-content\/uploads\/2023\/07\/Pays-Baltes-3.jpg\"><\/a><br>\r\n<\/div>\r\n<h2 class=\"qem_title\"><a href=\"https:\/\/artsetculture.fr\/index.php\/event\/les-grands-aventuriers-3-5\/\">LES PAYS BALTES - 2<\/a><\/h2><p class=\"desc\" style=\"font-weight: bold; font-style: italic; font-size: 100%; \" >Du Moyen Age \u00e0 la renaissance<\/p><p class=\"location\" style=\"font-weight: bold; font-style: italic; color: #dd3333; font-size: 90%; \" >Salle de l'amiti\u00e9<\/p><p class=\"organisation\" style=\"font-weight: bold; color: #021ed6; font-size: 100%; \" >Pierre-Alain Mallet<\/p><div style=\"clear:both\"><\/div><\/div><\/div>\r\n\n<h2><\/h2>\n<h2>septembre 2023<\/h2><div class=\"qem \"><div class=\"qem-icon\"><div class=\"qem-calendar-small\" style=\"margin:0 6px 8px 0;\"><span class=\"day\" >14<\/span><span class=\"nonday\" ><span class=\"month\"><b><em>Sep<\/em><\/b><\/span><span class=\"year\">2023<\/span><\/span><\/div><\/div><div class=\"qem-small\"><div class=\"qemlistright\">\r\n<a href=\"https:\/\/artsetculture.fr\/index.php\/event\/la-photographie-vivian-maier-1\/\"><img decoding=\"async\" class=\"qem-list-image\" src=\"http:\/\/artsetculture.fr\/wp-content\/uploads\/2023\/05\/vivian-maier.jpgPortrait.jpg\"><\/a><br>\r\n<\/div>\r\n<h2 class=\"qem_title\"><a href=\"https:\/\/artsetculture.fr\/index.php\/event\/la-photographie-vivian-maier-1\/\">LA PHOTOGRAPHIE - 1<\/a><\/h2><p class=\"desc\" style=\"font-weight: bold; font-style: italic; font-size: 100%; \" >Vivian Maier<\/p><p class=\"location\" style=\"font-weight: bold; font-style: italic; color: #dd3333; font-size: 90%; \" >Salle de l'amiti\u00e9<\/p><p class=\"organisation\" style=\"font-weight: bold; color: #021ed6; font-size: 100%; \" >Hilda Biancardi<\/p><div style=\"clear:both\"><\/div><\/div><\/div>\r\n<div class=\"qem \"><div class=\"qem-icon\"><div class=\"qem-calendar-small\" style=\"margin:0 6px 8px 0;\"><span class=\"day\" >21<\/span><span class=\"nonday\" ><span class=\"month\"><b><em>Sep<\/em><\/b><\/span><span class=\"year\">2023<\/span><\/span><\/div><\/div><div class=\"qem-small\"><div class=\"qemlistright\">\r\n<a href=\"https:\/\/artsetculture.fr\/index.php\/event\/la-photographie-2\/\"><img decoding=\"async\" class=\"qem-list-image\" src=\"http:\/\/artsetculture.fr\/wp-content\/uploads\/2023\/05\/Young_Edward_Weston_with_a_camera.jpg\"><\/a><br>\r\n<\/div>\r\n<h2 class=\"qem_title\"><a href=\"https:\/\/artsetculture.fr\/index.php\/event\/la-photographie-2\/\">LA PHOTOGRAPHIE - 2<\/a><\/h2><p class=\"desc\" style=\"font-weight: bold; font-style: italic; font-size: 100%; \" >Edward Weston<\/p><p class=\"location\" style=\"font-weight: bold; font-style: italic; color: #dd3333; font-size: 90%; \" >Salle de l'amiti\u00e9<\/p><p class=\"organisation\" style=\"font-weight: bold; color: #021ed6; font-size: 100%; \" >Hilda Brancardi<\/p><div style=\"clear:both\"><\/div><\/div><\/div>\r\n<div class=\"qem \"><div class=\"qem-icon\"><div class=\"qem-calendar-small\" style=\"margin:0 6px 8px 0;\"><span class=\"day\" >28<\/span><span class=\"nonday\" ><span class=\"month\"><b><em>Sep<\/em><\/b><\/span><span class=\"year\">2023<\/span><\/span><\/div><\/div><div class=\"qem-small\"><div class=\"qemlistright\">\r\n<a href=\"https:\/\/artsetculture.fr\/index.php\/event\/les-grands-aventuriers-3-2\/\"><img decoding=\"async\" class=\"qem-list-image\" src=\"http:\/\/artsetculture.fr\/wp-content\/uploads\/2022\/06\/5-Gallen-Kallela-d\u00e9fense-du-Sanpo-005.jpg\"><\/a><br>\r\n<\/div>\r\n<h2 class=\"qem_title\"><a href=\"https:\/\/artsetculture.fr\/index.php\/event\/les-grands-aventuriers-3-2\/\">L'ISLANDE - 1<\/a><\/h2><p class=\"desc\" style=\"font-weight: bold; font-style: italic; font-size: 100%; \" >Le temps des sagas<\/p><p class=\"location\" style=\"font-weight: bold; font-style: italic; color: #dd3333; font-size: 90%; \" >Salle de l'amiti\u00e9<\/p><p class=\"organisation\" style=\"font-weight: bold; color: #021ed6; font-size: 100%; \" >Pierre-Alain Mallet<\/p><div style=\"clear:both\"><\/div><\/div><\/div>\r\n<div class=\"qem \"><div class=\"qem-icon\"><div class=\"qem-calendar-small\" style=\"margin:0 6px 8px 0;\"><span class=\"day\" >29<\/span><span class=\"nonday\" ><span class=\"month\"><b><em>Sep<\/em><\/b><\/span><span class=\"year\">2023<\/span><\/span><\/div><\/div><div class=\"qem-small\"><div class=\"qemlistright\">\r\n<a href=\"https:\/\/artsetculture.fr\/index.php\/event\/les-incas-2-2\/\"><img decoding=\"async\" class=\"qem-list-image\" src=\"http:\/\/artsetculture.fr\/wp-content\/uploads\/2023\/06\/OIP.jpg\"><\/a><br>\r\n<\/div>\r\n<h2 class=\"qem_title\"><a href=\"https:\/\/artsetculture.fr\/index.php\/event\/les-incas-2-2\/\">LES INCAS - 2<\/a><\/h2><p class=\"desc\" style=\"font-weight: bold; font-style: italic; font-size: 100%; \" >Le peuple du soleil<\/p><p class=\"location\" style=\"font-weight: bold; font-style: italic; color: #dd3333; font-size: 90%; \" >Salle de l'amiti\u00e9<\/p><p class=\"organisation\" style=\"font-weight: bold; color: #021ed6; font-size: 100%; \" >Blandine GAUTIER<\/p><div style=\"clear:both\"><\/div><\/div><\/div>\r\n\n<h2><\/h2>\n<h2><\/h2>\n<h2><\/h2>\n<h2><\/h2>\n<h2><\/h2>\n<h2><\/h2>\n<h2><\/h2>\n<h2><\/h2>\n<h2><\/h2>\n<h2>avril 2023<\/h2><div class=\"qem \"><div class=\"qem-icon\"><div class=\"qem-calendar-small\" style=\"margin:0 6px 8px 0;\"><span class=\"day\" >13<\/span><span class=\"nonday\" ><span class=\"month\"><b><em>Avr<\/em><\/b><\/span><span class=\"year\">2023<\/span><\/span><\/div><\/div><div class=\"qem-small\"><div class=\"qemlistright\">\r\n<a href=\"https:\/\/artsetculture.fr\/index.php\/event\/histoire-du-ballet-2-4\/\"><img decoding=\"async\" class=\"qem-list-image\" src=\"http:\/\/artsetculture.fr\/wp-content\/uploads\/2020\/08\/Noureev-1.jpg\"><\/a><br>\r\n<\/div>\r\n<h2 class=\"qem_title\"><a href=\"https:\/\/artsetculture.fr\/index.php\/event\/histoire-du-ballet-2-4\/\">Histoire du Ballet-2<\/a><\/h2><p class=\"desc\" style=\"font-weight: bold; font-style: italic; font-size: 100%; \" >Rudolf Noureev, danseur et chor\u00e9graphe<\/p><p class=\"location\" style=\"font-weight: bold; font-style: italic; color: #dd3333; font-size: 90%; \" >Maison de l'amiti\u00e9<\/p><p class=\"organisation\" style=\"font-weight: bold; color: #021ed6; font-size: 100%; \" >Martine Anstett<\/p><div style=\"clear:both\"><\/div><\/div><\/div>\r\n<div class=\"qem \"><div class=\"qem-icon\"><div class=\"qem-calendar-small\" style=\"margin:0 6px 8px 0;\"><span class=\"day\" >20<\/span><span class=\"nonday\" ><span class=\"month\"><b><em>Avr<\/em><\/b><\/span><span class=\"year\">2023<\/span><\/span><\/div><\/div><div class=\"qem-small\"><h2 class=\"qem_title\"><a href=\"https:\/\/artsetculture.fr\/index.php\/event\/les-incas-1\/\">LES INCAS - 1<\/a><\/h2><p class=\"desc\" style=\"font-weight: bold; font-style: italic; font-size: 100%; \" >Panorama des cultures pr\u00e9-incas du P\u00e9rou<\/p><p class=\"location\" style=\"font-weight: bold; font-style: italic; color: #dd3333; font-size: 90%; \" >Maison de l'amiti\u00e9<\/p><p class=\"organisation\" style=\"font-weight: bold; color: #021ed6; font-size: 100%; \" >Blandine GAUTIER<\/p><div style=\"clear:both\"><\/div><\/div><\/div>\r\n<div class=\"qem \"><div class=\"qem-icon\"><div class=\"qem-calendar-small\" style=\"margin:0 6px 8px 0;\"><span class=\"day\" >27<\/span><span class=\"nonday\" ><span class=\"month\"><b><em>Avr<\/em><\/b><\/span><span class=\"year\">2023<\/span><\/span><\/div><\/div><div class=\"qem-small\"><h2 class=\"qem_title\"><a href=\"https:\/\/artsetculture.fr\/index.php\/event\/les-incas-2\/\">LES INCAS - 2<\/a><\/h2><p class=\"desc\" style=\"font-weight: bold; font-style: italic; font-size: 100%; \" >Le peuple du soleil<\/p><p class=\"location\" style=\"font-weight: bold; font-style: italic; color: #dd3333; font-size: 90%; \" >Salle de l'amiti\u00e9<\/p><p class=\"organisation\" style=\"font-weight: bold; color: #021ed6; font-size: 100%; \" >Blandine GAUTIER<\/p><div style=\"clear:both\"><\/div><\/div><\/div>\r\n\n<h2><\/h2>\n<h2>mars 2023<\/h2><div class=\"qem \"><div class=\"qem-icon\"><div class=\"qem-calendar-small\" style=\"margin:0 6px 8px 0;\"><span class=\"day\" >09<\/span><span class=\"nonday\" ><span class=\"month\"><b><em>Mar<\/em><\/b><\/span><span class=\"year\">2023<\/span><\/span><\/div><\/div><div class=\"qem-small\"><div class=\"qemlistright\">\r\n<a href=\"https:\/\/artsetculture.fr\/index.php\/event\/la-grece-antique-3\/\"><img decoding=\"async\" class=\"qem-list-image\" src=\"http:\/\/artsetculture.fr\/wp-content\/uploads\/2022\/06\/Darmagnac-4-P\u00e9ricl\u00e8s.png\"><\/a><br>\r\n<\/div>\r\n<h2 class=\"qem_title\"><a href=\"https:\/\/artsetculture.fr\/index.php\/event\/la-grece-antique-3\/\">LA GRECE ANTIQUE- 3<\/a><\/h2><p class=\"desc\" style=\"font-weight: bold; font-style: italic; font-size: 100%; \" >P\u00e9ricl\u00e8s, Ath\u00e8nes<\/p><p class=\"location\" style=\"font-weight: bold; font-style: italic; color: #dd3333; font-size: 90%; \" >Salle de l'amiti\u00e9<\/p><p class=\"organisation\" style=\"font-weight: bold; color: #021ed6; font-size: 100%; \" >Christine Darmagnac<\/p><div style=\"clear:both\"><\/div><\/div><\/div>\r\n<div class=\"qem \"><div class=\"qem-icon\"><div class=\"qem-calendar-small\" style=\"margin:0 6px 8px 0;\"><span class=\"day\" >16<\/span><span class=\"nonday\" ><span class=\"month\"><b><em>Mar<\/em><\/b><\/span><span class=\"year\">2023<\/span><\/span><\/div><\/div><div class=\"qem-small\"><div class=\"qemlistright\">\r\n<a href=\"https:\/\/artsetculture.fr\/index.php\/event\/la-grece-antique-4\/\"><img decoding=\"async\" class=\"qem-list-image\" src=\"http:\/\/artsetculture.fr\/wp-content\/uploads\/2022\/06\/Darmagnac-6-Sculpture-Grecque.png\"><\/a><br>\r\n<\/div>\r\n<h2 class=\"qem_title\"><a href=\"https:\/\/artsetculture.fr\/index.php\/event\/la-grece-antique-4\/\">LA GRECE ANTIQUE- 4<\/a><\/h2><p class=\"desc\" style=\"font-weight: bold; font-style: italic; font-size: 100%; \" >L'art \u00e0 travers l'architecture, la sculpture et la c\u00e9ramique<\/p><p class=\"location\" style=\"font-weight: bold; font-style: italic; color: #dd3333; font-size: 90%; \" >Salle de l'amiti\u00e9<\/p><p class=\"organisation\" style=\"font-weight: bold; color: #021ed6; font-size: 100%; \" >Christine Darmagnac<\/p><div style=\"clear:both\"><\/div><\/div><\/div>\r\n<div class=\"qem \"><div class=\"qem-icon\"><div class=\"qem-calendar-small\" style=\"margin:0 6px 8px 0;\"><span class=\"day\" >23<\/span><span class=\"nonday\" ><span class=\"month\"><b><em>Mar<\/em><\/b><\/span><span class=\"year\">2023<\/span><\/span><\/div><\/div><div class=\"qem-small\"><div class=\"qemlistright\">\r\n<a href=\"https:\/\/artsetculture.fr\/index.php\/event\/la-grece-antique-5-2\/\"><img decoding=\"async\" class=\"qem-list-image\" src=\"http:\/\/artsetculture.fr\/wp-content\/uploads\/2022\/06\/Darmagnac-7-Alexandre.png\"><\/a><br>\r\n<\/div>\r\n<h2 class=\"qem_title\"><a href=\"https:\/\/artsetculture.fr\/index.php\/event\/la-grece-antique-5-2\/\">LA GRECE ANTIQUE- 5<\/a><\/h2><p class=\"desc\" style=\"font-weight: bold; font-style: italic; font-size: 100%; \" >Alexandre le Grand, Alexandrie<\/p><p class=\"location\" style=\"font-weight: bold; font-style: italic; color: #dd3333; font-size: 90%; \" >Salle de l'amiti\u00e9<\/p><p class=\"organisation\" style=\"font-weight: bold; color: #021ed6; font-size: 100%; \" >Christine Darmagnac<\/p><div style=\"clear:both\"><\/div><\/div><\/div>\r\n<div class=\"qem \"><div class=\"qem-icon\"><div class=\"qem-calendar-small\" style=\"margin:0 6px 8px 0;\"><span class=\"day\" >30<\/span><span class=\"nonday\" ><span class=\"month\"><b><em>Mar<\/em><\/b><\/span><span class=\"year\">2023<\/span><\/span><\/div><\/div><div class=\"qem-small\"><div class=\"qemlistright\">\r\n<a href=\"https:\/\/artsetculture.fr\/index.php\/event\/histoire-du-ballet-1-4\/\"><img decoding=\"async\" class=\"qem-list-image\" src=\"http:\/\/artsetculture.fr\/wp-content\/uploads\/2020\/08\/Degas.jpg\"><\/a><br>\r\n<\/div>\r\n<h2 class=\"qem_title\"><a href=\"https:\/\/artsetculture.fr\/index.php\/event\/histoire-du-ballet-1-4\/\">Histoire du Ballet-1<\/a><\/h2><p class=\"desc\" style=\"font-weight: bold; font-style: italic; font-size: 100%; \" >Histoire et actualit\u00e9 de l'Op\u00e9ra de Paris<\/p><p class=\"location\" style=\"font-weight: bold; font-style: italic; color: #dd3333; font-size: 90%; \" >Maison de l'amiti\u00e9<\/p><p class=\"organisation\" style=\"font-weight: bold; color: #021ed6; font-size: 100%; \" >Martine Anstett<\/p><div style=\"clear:both\"><\/div><\/div><\/div>\r\n\n<h2><\/h2>\n<h2>f\u00e9vrier 2023<\/h2><div class=\"qem \"><div class=\"qem-icon\"><div class=\"qem-calendar-small\" style=\"margin:0 6px 8px 0;\"><span class=\"day\" >02<\/span><span class=\"nonday\" ><span class=\"month\"><b><em>F\u00e9v<\/em><\/b><\/span><span class=\"year\">2023<\/span><\/span><\/div><\/div><div class=\"qem-small\"><div class=\"qemlistright\">\r\n<a href=\"https:\/\/artsetculture.fr\/index.php\/event\/lumieres-scandinaves-la-peinture-deckersberg-a-e-munch-5\/\"><img decoding=\"async\" class=\"qem-list-image\" src=\"http:\/\/artsetculture.fr\/wp-content\/uploads\/2022\/06\/5-Gallen-Kallela-d\u00e9fense-du-Sanpo-005.jpg\"><\/a><br>\r\n<\/div>\r\n<h2 class=\"qem_title\"><a href=\"https:\/\/artsetculture.fr\/index.php\/event\/lumieres-scandinaves-la-peinture-deckersberg-a-e-munch-5\/\">LUMIERES SCANDINAVES : La peinture d'Eckersberg \u00e0 E. Munch - 5<\/a><\/h2><p class=\"desc\" style=\"font-weight: bold; font-style: italic; font-size: 100%; \" >Le Symbolisme en Finlande<\/p><p class=\"location\" style=\"font-weight: bold; font-style: italic; color: #dd3333; font-size: 90%; \" >Salle de l'amiti\u00e9<\/p><p class=\"organisation\" style=\"font-weight: bold; color: #021ed6; font-size: 100%; \" >Claire Gr\u00e9bille<\/p><div style=\"clear:both\"><\/div><\/div><\/div>\r\n<div class=\"qem \"><div class=\"qem-icon\"><div class=\"qem-calendar-small\" style=\"margin:0 6px 8px 0;\"><span class=\"day\" >09<\/span><span class=\"nonday\" ><span class=\"month\"><b><em>F\u00e9v<\/em><\/b><\/span><span class=\"year\">2023<\/span><\/span><\/div><\/div><div class=\"qem-small\"><div class=\"qemlistright\">\r\n<a href=\"https:\/\/artsetculture.fr\/index.php\/event\/la-grece-antique-1\/\"><img decoding=\"async\" class=\"qem-list-image\" src=\"http:\/\/artsetculture.fr\/wp-content\/uploads\/2022\/06\/Darmagnac-1Agamemnon.png\"><\/a><br>\r\n<\/div>\r\n<h2 class=\"qem_title\"><a href=\"https:\/\/artsetculture.fr\/index.php\/event\/la-grece-antique-1\/\">LA GRECE ANTIQUE- 1<\/a><\/h2><p class=\"desc\" style=\"font-weight: bold; font-style: italic; font-size: 100%; \" >Agamemnon, Myc\u00e8nes<\/p><p class=\"location\" style=\"font-weight: bold; font-style: italic; color: #dd3333; font-size: 90%; \" >Salle de l'amiti\u00e9<\/p><p class=\"organisation\" style=\"font-weight: bold; color: #021ed6; font-size: 100%; \" >Christine Darmagnac<\/p><div style=\"clear:both\"><\/div><\/div><\/div>\r\n<div class=\"qem \"><div class=\"qem-icon\"><div class=\"qem-calendar-small\" style=\"margin:0 6px 8px 0;\"><span class=\"day\" >16<\/span><span class=\"nonday\" ><span class=\"month\"><b><em>F\u00e9v<\/em><\/b><\/span><span class=\"year\">2023<\/span><\/span><\/div><\/div><div class=\"qem-small\"><div class=\"qemlistright\">\r\n<a href=\"https:\/\/artsetculture.fr\/index.php\/event\/la-grece-antique-2-2\/\"><img decoding=\"async\" class=\"qem-list-image\" src=\"http:\/\/artsetculture.fr\/wp-content\/uploads\/2022\/06\/Darmagnac-3-Syracuse.png\"><\/a><br>\r\n<\/div>\r\n<h2 class=\"qem_title\"><a href=\"https:\/\/artsetculture.fr\/index.php\/event\/la-grece-antique-2-2\/\">LA GRECE ANTIQUE- 2<\/a><\/h2><p class=\"desc\" style=\"font-weight: bold; font-style: italic; font-size: 100%; \" >La colonisation grecque de la Grande Gr\u00e8ce<\/p><p class=\"location\" style=\"font-weight: bold; font-style: italic; color: #dd3333; font-size: 90%; \" >Salle de l'amiti\u00e9<\/p><p class=\"organisation\" style=\"font-weight: bold; color: #021ed6; font-size: 100%; \" >Christine Darmagnac<\/p><div style=\"clear:both\"><\/div><\/div><\/div>\r\n<div class=\"qem \"><div class=\"qem-icon\"><div class=\"qem-calendar-small\" style=\"margin:0 6px 8px 0;\"><span class=\"day\" >16<\/span><span class=\"nonday\" ><span class=\"month\"><b><em>F\u00e9v<\/em><\/b><\/span><span class=\"year\">2023<\/span><\/span><\/div><\/div><div class=\"qem-small\"><div class=\"qemlistright\">\r\n<a href=\"https:\/\/artsetculture.fr\/index.php\/event\/la-grece-antique-2-2-3\/\"><img decoding=\"async\" class=\"qem-list-image\" src=\"http:\/\/artsetculture.fr\/wp-content\/uploads\/2022\/06\/Darmagnac-3-Syracuse.png\"><\/a><br>\r\n<\/div>\r\n<h2 class=\"qem_title\"><a href=\"https:\/\/artsetculture.fr\/index.php\/event\/la-grece-antique-2-2-3\/\">LA GRECE ANTIQUE- 2<\/a><\/h2><p class=\"desc\" style=\"font-weight: bold; font-style: italic; font-size: 100%; \" >La colonisation grecque de la Grande Gr\u00e8ce<\/p><p class=\"location\" style=\"font-weight: bold; font-style: italic; color: #dd3333; font-size: 90%; \" >Salle de l'amiti\u00e9<\/p><p class=\"organisation\" style=\"font-weight: bold; color: #021ed6; font-size: 100%; \" >Christine Darmagnac<\/p><div style=\"clear:both\"><\/div><\/div><\/div>\r\n\n<h2><\/h2>\n<h2>janvier 2023<\/h2><div class=\"qem \"><div class=\"qem-icon\"><div class=\"qem-calendar-small\" style=\"margin:0 6px 8px 0;\"><span class=\"day\" >05<\/span><span class=\"nonday\" ><span class=\"month\"><b><em>Jan<\/em><\/b><\/span><span class=\"year\">2023<\/span><\/span><\/div><\/div><div class=\"qem-small\"><div class=\"qemlistright\">\r\n<a href=\"https:\/\/artsetculture.fr\/index.php\/event\/lumieres-scandinaves-la-peinture-deckersberg-a-e-munch-1\/\"><img decoding=\"async\" class=\"qem-list-image\" src=\"http:\/\/artsetculture.fr\/wp-content\/uploads\/2022\/06\/3-P_S_Kr\u00f8yer_1899_-_Sommeraften_ved_Skagens_strand._Kunstneren_og_hans_hustru-005.jpg\"><\/a><br>\r\n<\/div>\r\n<h2 class=\"qem_title\"><a href=\"https:\/\/artsetculture.fr\/index.php\/event\/lumieres-scandinaves-la-peinture-deckersberg-a-e-munch-1\/\">LUMIERES SCANDINAVES : La peinture d'Eckersberg \u00e0 E. Munch - 1<\/a><\/h2><p class=\"desc\" style=\"font-weight: bold; font-style: italic; font-size: 100%; \" >Histoire des pays scandinaves de la fin du XIIIe - d\u00e9but XXe<\/p><p class=\"location\" style=\"font-weight: bold; font-style: italic; color: #dd3333; font-size: 90%; \" >Salle de l'amiti\u00e9<\/p><p class=\"organisation\" style=\"font-weight: bold; color: #021ed6; font-size: 100%; \" >Claire Gr\u00e9bille<\/p><div style=\"clear:both\"><\/div><\/div><\/div>\r\n<div class=\"qem \"><div class=\"qem-icon\"><div class=\"qem-calendar-small\" style=\"margin:0 6px 8px 0;\"><span class=\"day\" >12<\/span><span class=\"nonday\" ><span class=\"month\"><b><em>Jan<\/em><\/b><\/span><span class=\"year\">2023<\/span><\/span><\/div><\/div><div class=\"qem-small\"><div class=\"qemlistright\">\r\n<a href=\"https:\/\/artsetculture.fr\/index.php\/event\/lumieres-scandinaves-la-peinture-deckersberg-a-e-munch-2\/\"><img decoding=\"async\" class=\"qem-list-image\" src=\"http:\/\/artsetculture.fr\/wp-content\/uploads\/2022\/06\/1christen_kobke_-_le_chateau_de_frederiksborg_vu_de_jaegerbakken.jpg\"><\/a><br>\r\n<\/div>\r\n<h2 class=\"qem_title\"><a href=\"https:\/\/artsetculture.fr\/index.php\/event\/lumieres-scandinaves-la-peinture-deckersberg-a-e-munch-2\/\">LUMIERES SCANDINAVES : La peinture d'Eckersberg \u00e0 E. Munch - 2<\/a><\/h2><p class=\"desc\" style=\"font-weight: bold; font-style: italic; font-size: 100%; \" >Age d'or de la peinture danoise<\/p><p class=\"location\" style=\"font-weight: bold; font-style: italic; color: #dd3333; font-size: 90%; \" >Salle de l'amiti\u00e9<\/p><p class=\"organisation\" style=\"font-weight: bold; color: #021ed6; font-size: 100%; \" >Claire Gr\u00e9bille<\/p><div style=\"clear:both\"><\/div><\/div><\/div>\r\n<div class=\"qem \"><div class=\"qem-icon\"><div class=\"qem-calendar-small\" style=\"margin:0 6px 8px 0;\"><span class=\"day\" >19<\/span><span class=\"nonday\" ><span class=\"month\"><b><em>Jan<\/em><\/b><\/span><span class=\"year\">2023<\/span><\/span><\/div><\/div><div class=\"qem-small\"><div class=\"qemlistright\">\r\n<a href=\"https:\/\/artsetculture.fr\/index.php\/event\/lumieres-scandinaves-la-peinture-deckersberg-a-e-munch-3\/\"><img decoding=\"async\" class=\"qem-list-image\" src=\"http:\/\/artsetculture.fr\/wp-content\/uploads\/2022\/06\/2-_constantin_hansen_-_un_groupe_dartistes_danois_a_rome-006.jpg\"><\/a><br>\r\n<\/div>\r\n<h2 class=\"qem_title\"><a href=\"https:\/\/artsetculture.fr\/index.php\/event\/lumieres-scandinaves-la-peinture-deckersberg-a-e-munch-3\/\">LUMIERES SCANDINAVES : La peinture d'Eckersberg \u00e0 E. Munch - 3<\/a><\/h2><p class=\"desc\" style=\"font-weight: bold; font-style: italic; font-size: 100%; \" >Ecole de Skagen et art du paysage<\/p><p class=\"location\" style=\"font-weight: bold; font-style: italic; color: #dd3333; font-size: 90%; \" >Salle de l'amiti\u00e9<\/p><p class=\"organisation\" style=\"font-weight: bold; color: #021ed6; font-size: 100%; \" >Claire Gr\u00e9bille<\/p><div style=\"clear:both\"><\/div><\/div><\/div>\r\n<div class=\"qem \"><div class=\"qem-icon\"><div class=\"qem-calendar-small\" style=\"margin:0 6px 8px 0;\"><span class=\"day\" >26<\/span><span class=\"nonday\" ><span class=\"month\"><b><em>Jan<\/em><\/b><\/span><span class=\"year\">2023<\/span><\/span><\/div><\/div><div class=\"qem-small\"><div class=\"qemlistright\">\r\n<a href=\"https:\/\/artsetculture.fr\/index.php\/event\/lumieres-scandinaves-la-peinture-deckersberg-a-e-munch-4\/\"><img decoding=\"async\" class=\"qem-list-image\" src=\"http:\/\/artsetculture.fr\/wp-content\/uploads\/2022\/06\/4-Hammersh\u00f8i_Tall_windows-004.jpg\"><\/a><br>\r\n<\/div>\r\n<h2 class=\"qem_title\"><a href=\"https:\/\/artsetculture.fr\/index.php\/event\/lumieres-scandinaves-la-peinture-deckersberg-a-e-munch-4\/\">LUMIERES SCANDINAVES : La peinture d'Eckersberg \u00e0 E. Munch - 4<\/a><\/h2><p class=\"desc\" style=\"font-weight: bold; font-style: italic; font-size: 100%; \" >Le tournant de 1900 : d'Hammerchoi \u00e0 Munch<\/p><p class=\"location\" style=\"font-weight: bold; font-style: italic; color: #dd3333; font-size: 90%; \" >Salle de l'amiti\u00e9<\/p><p class=\"organisation\" style=\"font-weight: bold; color: #021ed6; font-size: 100%; \" >Claire Gr\u00e9bille<\/p><div style=\"clear:both\"><\/div><\/div><\/div>\r\n\n<h2><\/h2>\n<h2>d\u00e9cembre 2022<\/h2><div class=\"qem \"><div class=\"qem-icon\"><div class=\"qem-calendar-small\" style=\"margin:0 6px 8px 0;\"><span class=\"day\" >01<\/span><span class=\"nonday\" ><span class=\"month\"><b><em>D\u00e9c<\/em><\/b><\/span><span class=\"year\">2022<\/span><\/span><\/div><\/div><div class=\"qem-small\"><h2 class=\"qem_title\"><a href=\"https:\/\/artsetculture.fr\/index.php\/event\/le-peuplement-de-lamerique\/\">LE PEUPLEMENT DE L'AMERIQUE<\/a><\/h2><p class=\"desc\" style=\"font-weight: bold; font-style: italic; font-size: 100%; \" >De la migration \u00e0 la s\u00e9dentarisation<\/p><p class=\"location\" style=\"font-weight: bold; font-style: italic; color: #dd3333; font-size: 90%; \" >Salle de l'amiti\u00e9<\/p><p class=\"organisation\" style=\"font-weight: bold; color: #021ed6; font-size: 100%; \" >Blandine GAUTIER<\/p><div style=\"clear:both\"><\/div><\/div><\/div>\r\n<div class=\"qem \"><div class=\"qem-icon\"><div class=\"qem-calendar-small\" style=\"margin:0 6px 8px 0;\"><span class=\"day\" >08<\/span><span class=\"nonday\" ><span class=\"month\"><b><em>D\u00e9c<\/em><\/b><\/span><span class=\"year\">2022<\/span><\/span><\/div><\/div><div class=\"qem-small\"><div class=\"qemlistright\">\r\n<a href=\"https:\/\/artsetculture.fr\/index.php\/event\/loeil-et-loreille-3\/\"><img decoding=\"async\" class=\"qem-list-image\" src=\"http:\/\/artsetculture.fr\/wp-content\/uploads\/2022\/07\/Renoir-Enfants-Caillebotte-002.jpg\"><\/a><br>\r\n<\/div>\r\n<h2 class=\"qem_title\"><a href=\"https:\/\/artsetculture.fr\/index.php\/event\/loeil-et-loreille-3\/\">L'OEIL ET L'OREILLE - 3<\/a><\/h2><p class=\"desc\" style=\"font-weight: bold; font-style: italic; font-size: 100%; \" >Auguste Renoir, portrait d'enfants - Georges Bizet,  jeux d'enfants<\/p><p class=\"location\" style=\"font-weight: bold; font-style: italic; color: #dd3333; font-size: 90%; \" >Salle de l'amiti\u00e9<\/p><p class=\"organisation\" style=\"font-weight: bold; color: #021ed6; font-size: 100%; \" >Catherine Aubriot<\/p><div style=\"clear:both\"><\/div><\/div><\/div>\r\n\n<h2><\/h2>\n<h2>novembre 2022<\/h2><div class=\"qem \"><div class=\"qem-icon\"><div class=\"qem-calendar-small\" style=\"margin:0 6px 8px 0;\"><span class=\"day\" >10<\/span><span class=\"nonday\" ><span class=\"month\"><b><em>Nov<\/em><\/b><\/span><span class=\"year\">2022<\/span><\/span><\/div><\/div><div class=\"qem-small\"><div class=\"qemlistright\">\r\n<a href=\"https:\/\/artsetculture.fr\/index.php\/event\/les-grands-aventuriers-5\/\"><img decoding=\"async\" class=\"qem-list-image\" src=\"http:\/\/artsetculture.fr\/wp-content\/uploads\/2022\/08\/David-NeeCAWEB.jpg\"><\/a><br>\r\n<\/div>\r\n<h2 class=\"qem_title\"><a href=\"https:\/\/artsetculture.fr\/index.php\/event\/les-grands-aventuriers-5\/\">Explorateurs c\u00e9l\u00e8bres - 5<\/a><\/h2><p class=\"desc\" style=\"font-weight: bold; font-style: italic; font-size: 100%; \" >Alexandra David-Neel<\/p><p class=\"location\" style=\"font-weight: bold; font-style: italic; color: #dd3333; font-size: 90%; \" >Salle de l'amiti\u00e9<\/p><p class=\"organisation\" style=\"font-weight: bold; color: #021ed6; font-size: 100%; \" >Pierre-Alain Mallet<\/p><div style=\"clear:both\"><\/div><\/div><\/div>\r\n<div class=\"qem \"><div class=\"qem-icon\"><div class=\"qem-calendar-small\" style=\"margin:0 6px 8px 0;\"><span class=\"day\" >17<\/span><span class=\"nonday\" ><span class=\"month\"><b><em>Nov<\/em><\/b><\/span><span class=\"year\">2022<\/span><\/span><\/div><\/div><div class=\"qem-small\"><div class=\"qemlistright\">\r\n<a href=\"https:\/\/artsetculture.fr\/index.php\/event\/loeil-et-loreille-1-3\/\"><img decoding=\"async\" class=\"qem-list-image\" src=\"http:\/\/artsetculture.fr\/wp-content\/uploads\/2022\/07\/Rousseau-Le-R\u00eave-002.jpg\"><\/a><br>\r\n<\/div>\r\n<h2 class=\"qem_title\"><a href=\"https:\/\/artsetculture.fr\/index.php\/event\/loeil-et-loreille-1-3\/\">L'OEIL ET L'OREILLE - 1<\/a><\/h2><p class=\"desc\" style=\"font-weight: bold; font-style: italic; font-size: 100%; \" >Le Douanier Rousseau, Debussy, Syrinx, pr\u00e9lude \u00e0 l'apr\u00e8s-midi d'un faune<\/p><p class=\"location\" style=\"font-weight: bold; font-style: italic; color: #dd3333; font-size: 90%; \" >Salle de l'amiti\u00e9<\/p><p class=\"organisation\" style=\"font-weight: bold; color: #021ed6; font-size: 100%; \" >Catherine Aubriot<\/p><div style=\"clear:both\"><\/div><\/div><\/div>\r\n<div class=\"qem \"><div class=\"qem-icon\"><div class=\"qem-calendar-small\" style=\"margin:0 6px 8px 0;\"><span class=\"day\" >24<\/span><span class=\"nonday\" ><span class=\"month\"><b><em>Nov<\/em><\/b><\/span><span class=\"year\">2022<\/span><\/span><\/div><\/div><div class=\"qem-small\"><div class=\"qemlistright\">\r\n<a href=\"https:\/\/artsetculture.fr\/index.php\/event\/loeil-et-loreille-2-3\/\"><img decoding=\"async\" class=\"qem-list-image\" src=\"http:\/\/artsetculture.fr\/wp-content\/uploads\/2022\/07\/Goya-Le-Parasol-002.jpg\"><\/a><br>\r\n<\/div>\r\n<h2 class=\"qem_title\"><a href=\"https:\/\/artsetculture.fr\/index.php\/event\/loeil-et-loreille-2-3\/\">L'OEIL ET L'OREILLE - 2<\/a><\/h2><p class=\"desc\" style=\"font-weight: bold; font-style: italic; font-size: 100%; \" >Francisco Goya, sc\u00e8nes galantes - Enrique Granados, Goyescas<\/p><p class=\"location\" style=\"font-weight: bold; font-style: italic; color: #dd3333; font-size: 90%; \" >Salle de l'amiti\u00e9<\/p><p class=\"organisation\" style=\"font-weight: bold; color: #021ed6; font-size: 100%; \" >Catherine Aubriot<\/p><div style=\"clear:both\"><\/div><\/div><\/div>\r\n\n<h2><\/h2>\n<h2>octobre 2022<\/h2><div class=\"qem \"><div class=\"qem-icon\"><div class=\"qem-calendar-small\" style=\"margin:0 6px 8px 0;\"><span class=\"day\" >06<\/span><span class=\"nonday\" ><span class=\"month\"><b><em>Oct<\/em><\/b><\/span><span class=\"year\">2022<\/span><\/span><\/div><\/div><div class=\"qem-small\"><div class=\"qemlistright\">\r\n<a href=\"https:\/\/artsetculture.fr\/index.php\/event\/les-grands-aventuriers-2\/\"><img decoding=\"async\" class=\"qem-list-image\" src=\"http:\/\/artsetculture.fr\/wp-content\/uploads\/2022\/08\/StanleyCA.jpg\"><\/a><br>\r\n<\/div>\r\n<h2 class=\"qem_title\"><a href=\"https:\/\/artsetculture.fr\/index.php\/event\/les-grands-aventuriers-2\/\">Explorateurs c\u00e9l\u00e8bres - 2<\/a><\/h2><p class=\"desc\" style=\"font-weight: bold; font-style: italic; font-size: 100%; \" >Livingstone et Stanley, aux sources du Nil<\/p><p class=\"location\" style=\"font-weight: bold; font-style: italic; color: #dd3333; font-size: 90%; \" >Salle de l'amiti\u00e9<\/p><p class=\"organisation\" style=\"font-weight: bold; color: #021ed6; font-size: 100%; \" >Pierre-Alain Mallet<\/p><div style=\"clear:both\"><\/div><\/div><\/div>\r\n<div class=\"qem \"><div class=\"qem-icon\"><div class=\"qem-calendar-small\" style=\"margin:0 6px 8px 0;\"><span class=\"day\" >13<\/span><span class=\"nonday\" ><span class=\"month\"><b><em>Oct<\/em><\/b><\/span><span class=\"year\">2022<\/span><\/span><\/div><\/div><div class=\"qem-small\"><div class=\"qemlistright\">\r\n<a href=\"https:\/\/artsetculture.fr\/index.php\/event\/les-grands-aventuriers-3\/\"><img decoding=\"async\" class=\"qem-list-image\" src=\"http:\/\/artsetculture.fr\/wp-content\/uploads\/2022\/08\/ShackletonCA.jpg\"><\/a><br>\r\n<\/div>\r\n<h2 class=\"qem_title\"><a href=\"https:\/\/artsetculture.fr\/index.php\/event\/les-grands-aventuriers-3\/\">Explorateurs c\u00e9l\u00e8bres - 3<\/a><\/h2><p class=\"desc\" style=\"font-weight: bold; font-style: italic; font-size: 100%; \" >Shackleton et l'Antartique<\/p><p class=\"location\" style=\"font-weight: bold; font-style: italic; color: #dd3333; font-size: 90%; \" >Salle de l'amiti\u00e9<\/p><p class=\"organisation\" style=\"font-weight: bold; color: #021ed6; font-size: 100%; \" >Pierre-Alain Mallet<\/p><div style=\"clear:both\"><\/div><\/div><\/div>\r\n<div class=\"qem \"><div class=\"qem-icon\"><div class=\"qem-calendar-small\" style=\"margin:0 6px 8px 0;\"><span class=\"day\" >20<\/span><span class=\"nonday\" ><span class=\"month\"><b><em>Oct<\/em><\/b><\/span><span class=\"year\">2022<\/span><\/span><\/div><\/div><div class=\"qem-small\"><div class=\"qemlistright\">\r\n<a href=\"https:\/\/artsetculture.fr\/index.php\/event\/les-grands-aventuriers-4\/\"><img decoding=\"async\" class=\"qem-list-image\" src=\"http:\/\/artsetculture.fr\/wp-content\/uploads\/2022\/08\/De-MonfreidCA.jpg\"><\/a><br>\r\n<\/div>\r\n<h2 class=\"qem_title\"><a href=\"https:\/\/artsetculture.fr\/index.php\/event\/les-grands-aventuriers-4\/\">Explorateurs c\u00e9l\u00e8bres - 4<\/a><\/h2><p class=\"desc\" style=\"font-weight: bold; font-style: italic; font-size: 100%; \" >Henri de Montfreid<\/p><p class=\"location\" style=\"font-weight: bold; font-style: italic; color: #dd3333; font-size: 90%; \" >Salle de l'amiti\u00e9<\/p><p class=\"organisation\" style=\"font-weight: bold; color: #021ed6; font-size: 100%; \" >Pierre-Alain Mallet<\/p><div style=\"clear:both\"><\/div><\/div><\/div>\r\n\n<h2><\/h2>\n<h2>septembre 2022<\/h2><div class=\"qem \"><div class=\"qem-icon\"><div class=\"qem-calendar-small\" style=\"margin:0 6px 8px 0;\"><span class=\"day\" >15<\/span><span class=\"nonday\" ><span class=\"month\"><b><em>Sep<\/em><\/b><\/span><span class=\"year\">2022<\/span><\/span><\/div><\/div><div class=\"qem-small\"><div class=\"qemlistright\">\r\n<a href=\"https:\/\/artsetculture.fr\/index.php\/event\/cartier-bresson\/\"><img decoding=\"async\" class=\"qem-list-image\" src=\"http:\/\/artsetculture.fr\/wp-content\/uploads\/2022\/06\/R.jpg\"><\/a><br>\r\n<\/div>\r\n<h2 class=\"qem_title\"><a href=\"https:\/\/artsetculture.fr\/index.php\/event\/cartier-bresson\/\">Cartier-Bresson<\/a><\/h2><p class=\"desc\" style=\"font-weight: bold; font-style: italic; font-size: 100%; \" >Le ma\u00eetre du noir et blanc<\/p><p class=\"location\" style=\"font-weight: bold; font-style: italic; color: #dd3333; font-size: 90%; \" >Salle de l'amiti\u00e9<\/p><p class=\"organisation\" style=\"font-weight: bold; color: #021ed6; font-size: 100%; \" >Cendrine Vivier<\/p><div style=\"clear:both\"><\/div><\/div><\/div>\r\n<div class=\"qem \"><div class=\"qem-icon\"><div class=\"qem-calendar-small\" style=\"margin:0 6px 8px 0;\"><span class=\"day\" >22<\/span><span class=\"nonday\" ><span class=\"month\"><b><em>Sep<\/em><\/b><\/span><span class=\"year\">2022<\/span><\/span><\/div><\/div><div class=\"qem-small\"><div class=\"qemlistright\">\r\n<a href=\"https:\/\/artsetculture.fr\/index.php\/event\/steeve-mc-curry-2\/\"><img decoding=\"async\" class=\"qem-list-image\" src=\"http:\/\/artsetculture.fr\/wp-content\/uploads\/2022\/08\/mc-curry.jpg\"><\/a><br>\r\n<\/div>\r\n<h2 class=\"qem_title\"><a href=\"https:\/\/artsetculture.fr\/index.php\/event\/steeve-mc-curry-2\/\">STEEVE Mc CURRY<\/a><\/h2><p class=\"location\" style=\"font-weight: bold; font-style: italic; color: #dd3333; font-size: 90%; \" >Salle de l'amiti\u00e9<\/p><p class=\"organisation\" style=\"font-weight: bold; color: #021ed6; font-size: 100%; \" >Hilda BIANCARDI<\/p><div style=\"clear:both\"><\/div><\/div><\/div>\r\n<div class=\"qem \"><div class=\"qem-icon\"><div class=\"qem-calendar-small\" style=\"margin:0 6px 8px 0;\"><span class=\"day\" >29<\/span><span class=\"nonday\" ><span class=\"month\"><b><em>Sep<\/em><\/b><\/span><span class=\"year\">2022<\/span><\/span><\/div><\/div><div class=\"qem-small\"><div class=\"qemlistright\">\r\n<a href=\"https:\/\/artsetculture.fr\/index.php\/event\/les-grands-aventuriers-1\/\"><img decoding=\"async\" class=\"qem-list-image\" src=\"http:\/\/artsetculture.fr\/wp-content\/uploads\/2022\/08\/HumboldtCAC1C2.jpg\"><\/a><br>\r\n<\/div>\r\n<h2 class=\"qem_title\"><a href=\"https:\/\/artsetculture.fr\/index.php\/event\/les-grands-aventuriers-1\/\">Explorateurs c\u00e9l\u00e8bres - 1<\/a><\/h2><p class=\"desc\" style=\"font-weight: bold; font-style: italic; font-size: 100%; \" >Alexander von Humboldt<\/p><p class=\"location\" style=\"font-weight: bold; font-style: italic; color: #dd3333; font-size: 90%; \" >Salle de l'amiti\u00e9<\/p><p class=\"organisation\" style=\"font-weight: bold; color: #021ed6; font-size: 100%; \" >Pierre-Alain Mallet<\/p><div style=\"clear:both\"><\/div><\/div><\/div>\r\n\n<h2><\/h2>\n<h2><\/h2>\n<h2><\/h2>\n<h2><\/h2>\n<h2><\/h2>\n<h2><\/h2>\n<h2><\/h2>\n<h2><\/h2>\n<h2><\/h2>\n<h2>avril 2022<\/h2><div class=\"qem \"><div class=\"qem-icon\"><div class=\"qem-calendar-small\" style=\"margin:0 6px 8px 0;\"><span class=\"day\" >07<\/span><span class=\"nonday\" ><span class=\"month\"><b><em>Avr<\/em><\/b><\/span><span class=\"year\">2022<\/span><\/span><\/div><\/div><div class=\"qem-small\"><div class=\"qemlistright\">\r\n<a href=\"https:\/\/artsetculture.fr\/index.php\/event\/loeil-et-loreille-2-2\/\"><img decoding=\"async\" class=\"qem-list-image\" src=\"http:\/\/artsetculture.fr\/wp-content\/uploads\/2021\/08\/Degas-1-CARC1.jpg\"><\/a><br>\r\n<\/div>\r\n<h2 class=\"qem_title\"><a href=\"https:\/\/artsetculture.fr\/index.php\/event\/loeil-et-loreille-2-2\/\">L'oeil et l'oreille - 2<\/a><\/h2><p class=\"desc\" style=\"font-weight: bold; font-style: italic; font-size: 100%; \" >Degas, Dlibes, Copp\u00e9lia, Sylvia, La Source<\/p><p class=\"location\" style=\"font-weight: bold; font-style: italic; color: #dd3333; font-size: 90%; \" >ATTENTION - Conf\u00e9rence au cin\u00e9ma LE CONTI.<\/p><p class=\"organisation\" style=\"font-weight: bold; color: #021ed6; font-size: 100%; \" >Catherine Aubriot<\/p><div style=\"clear:both\"><\/div><\/div><\/div>\r\n<div class=\"qem \"><div class=\"qem-icon\"><div class=\"qem-calendar-small\" style=\"margin:0 6px 8px 0;\"><span class=\"day\" >14<\/span><span class=\"nonday\" ><span class=\"month\"><b><em>Avr<\/em><\/b><\/span><span class=\"year\">2022<\/span><\/span><\/div><\/div><div class=\"qem-small\"><div class=\"qemlistright\">\r\n<a href=\"https:\/\/artsetculture.fr\/index.php\/event\/histoire-du-ballet-1-3\/\"><img decoding=\"async\" class=\"qem-list-image\" src=\"http:\/\/artsetculture.fr\/wp-content\/uploads\/2020\/08\/Degas.jpg\"><\/a><br>\r\n<\/div>\r\n<h2 class=\"qem_title\"><a href=\"https:\/\/artsetculture.fr\/index.php\/event\/histoire-du-ballet-1-3\/\">Histoire du Ballet-1<\/a><\/h2><p class=\"desc\" style=\"font-weight: bold; font-style: italic; font-size: 100%; \" >Histoire et actualit\u00e9 de l'Op\u00e9ra de Paris<\/p><p class=\"location\" style=\"font-weight: bold; font-style: italic; color: #dd3333; font-size: 90%; \" >Cin\u00e9ma Le Conti -  Conf\u00e9rence annuj\u00e9e<\/p><p class=\"organisation\" style=\"font-weight: bold; color: #021ed6; font-size: 100%; \" >Martine Anstett<\/p><div style=\"clear:both\"><\/div><\/div><\/div>\r\n<div class=\"qem \"><div class=\"qem-icon\"><div class=\"qem-calendar-small\" style=\"margin:0 6px 8px 0;\"><span class=\"day\" >21<\/span><span class=\"nonday\" ><span class=\"month\"><b><em>Avr<\/em><\/b><\/span><span class=\"year\">2022<\/span><\/span><\/div><\/div><div class=\"qem-small\"><div class=\"qemlistright\">\r\n<a href=\"https:\/\/artsetculture.fr\/index.php\/event\/histoire-du-ballet-2-3\/\"><img decoding=\"async\" class=\"qem-list-image\" src=\"http:\/\/artsetculture.fr\/wp-content\/uploads\/2020\/08\/Noureev-1.jpg\"><\/a><br>\r\n<\/div>\r\n<h2 class=\"qem_title\"><a href=\"https:\/\/artsetculture.fr\/index.php\/event\/histoire-du-ballet-2-3\/\">Histoire du Ballet-2<\/a><\/h2><p class=\"desc\" style=\"font-weight: bold; font-style: italic; font-size: 100%; \" >Rudolf Noureev, danseur et chor\u00e9graphe<\/p><p class=\"location\" style=\"font-weight: bold; font-style: italic; color: #dd3333; font-size: 90%; \" >Cin\u00e9ma Le Conti<\/p><p class=\"organisation\" style=\"font-weight: bold; color: #021ed6; font-size: 100%; \" >Martine Anstett<\/p><div style=\"clear:both\"><\/div><\/div><\/div>\r\n\n<h2><\/h2>\n<h2>mars 2022<\/h2><div class=\"qem \"><div class=\"qem-icon\"><div class=\"qem-calendar-small\" style=\"margin:0 6px 8px 0;\"><span class=\"day\" >10<\/span><span class=\"nonday\" ><span class=\"month\"><b><em>Mar<\/em><\/b><\/span><span class=\"year\">2022<\/span><\/span><\/div><\/div><div class=\"qem-small\"><div class=\"qemlistright\">\r\n<a href=\"https:\/\/artsetculture.fr\/index.php\/event\/syrie-histoire-archeologie-3-2\/\"><img decoding=\"async\" class=\"qem-list-image\" src=\"http:\/\/artsetculture.fr\/wp-content\/uploads\/2020\/08\/Damas-WEB.jpg\"><\/a><br>\r\n<\/div>\r\n<h2 class=\"qem_title\"><a href=\"https:\/\/artsetculture.fr\/index.php\/event\/syrie-histoire-archeologie-3-2\/\">Syrie-Histoire arch\u00e9ologie-3<\/a><\/h2><p class=\"desc\" style=\"font-weight: bold; font-style: italic; font-size: 100%; \" >L'\u00e9poque musulmane<\/p><p class=\"location\" style=\"font-weight: bold; font-style: italic; color: #dd3333; font-size: 90%; \" >Maison de l'amiti\u00e9<\/p><p class=\"organisation\" style=\"font-weight: bold; color: #021ed6; font-size: 100%; \" >Christine Darmagnac<\/p><div style=\"clear:both\"><\/div><\/div><\/div>\r\n<div class=\"qem \"><div class=\"qem-icon\"><div class=\"qem-calendar-small\" style=\"margin:0 6px 8px 0;\"><span class=\"day\" >17<\/span><span class=\"nonday\" ><span class=\"month\"><b><em>Mar<\/em><\/b><\/span><span class=\"year\">2022<\/span><\/span><\/div><\/div><div class=\"qem-small\"><div class=\"qemlistright\">\r\n<a href=\"https:\/\/artsetculture.fr\/index.php\/event\/syrie-histoire-archeologie-4-2\/\"><img decoding=\"async\" class=\"qem-list-image\" src=\"http:\/\/artsetculture.fr\/wp-content\/uploads\/2020\/08\/Citadelle-Alep.jpg\"><\/a><br>\r\n<\/div>\r\n<h2 class=\"qem_title\"><a href=\"https:\/\/artsetculture.fr\/index.php\/event\/syrie-histoire-archeologie-4-2\/\">Syrie-Histoire arch\u00e9ologie-4<\/a><\/h2><p class=\"desc\" style=\"font-weight: bold; font-style: italic; font-size: 100%; \" >La Syrie  des Crois\u00e9s<\/p><p class=\"location\" style=\"font-weight: bold; font-style: italic; color: #dd3333; font-size: 90%; \" >Maison de l'amiti\u00e9<\/p><p class=\"organisation\" style=\"font-weight: bold; color: #021ed6; font-size: 100%; \" >Christine Darmagnac<\/p><div style=\"clear:both\"><\/div><\/div><\/div>\r\n<div class=\"qem \"><div class=\"qem-icon\"><div class=\"qem-calendar-small\" style=\"margin:0 6px 8px 0;\"><span class=\"day\" >24<\/span><span class=\"nonday\" ><span class=\"month\"><b><em>Mar<\/em><\/b><\/span><span class=\"year\">2022<\/span><\/span><\/div><\/div><div class=\"qem-small\"><div class=\"qemlistright\">\r\n<a href=\"https:\/\/artsetculture.fr\/index.php\/event\/syrie-histoire-archeologie-5-2\/\"><img decoding=\"async\" class=\"qem-list-image\" src=\"http:\/\/artsetculture.fr\/wp-content\/uploads\/2020\/08\/25-mars-2021.jpg\"><\/a><br>\r\n<\/div>\r\n<h2 class=\"qem_title\"><a href=\"https:\/\/artsetculture.fr\/index.php\/event\/syrie-histoire-archeologie-5-2\/\">Syrie-Histoire arch\u00e9ologie-5<\/a><\/h2><p class=\"desc\" style=\"font-weight: bold; font-style: italic; font-size: 100%; \" >Mamelouks, Ottomans, Fran\u00e7ais,... Guerre<\/p><p class=\"location\" style=\"font-weight: bold; font-style: italic; color: #dd3333; font-size: 90%; \" >Maison de l'amiti\u00e9<\/p><p class=\"organisation\" style=\"font-weight: bold; color: #021ed6; font-size: 100%; \" >Christine Darmagnac<\/p><div style=\"clear:both\"><\/div><\/div><\/div>\r\n<div class=\"qem \"><div class=\"qem-icon\"><div class=\"qem-calendar-small\" style=\"margin:0 6px 8px 0;\"><span class=\"day\" >31<\/span><span class=\"nonday\" ><span class=\"month\"><b><em>Mar<\/em><\/b><\/span><span class=\"year\">2022<\/span><\/span><\/div><\/div><div class=\"qem-small\"><div class=\"qemlistright\">\r\n<a href=\"https:\/\/artsetculture.fr\/index.php\/event\/loeil-et-loreille-1-2\/\"><img decoding=\"async\" class=\"qem-list-image\" src=\"http:\/\/artsetculture.fr\/wp-content\/uploads\/2021\/08\/Chagall-2-CAWEB.jpg\"><\/a><br>\r\n<\/div>\r\n<h2 class=\"qem_title\"><a href=\"https:\/\/artsetculture.fr\/index.php\/event\/loeil-et-loreille-1-2\/\">L'oeil et l'oreille - 1<\/a><\/h2><p class=\"desc\" style=\"font-weight: bold; font-style: italic; font-size: 100%; \" >Chagall, Prokofiev, la musique klezmer<\/p><p class=\"location\" style=\"font-weight: bold; font-style: italic; color: #dd3333; font-size: 90%; \" >Maison de l'amiti\u00e9<\/p><p class=\"organisation\" style=\"font-weight: bold; color: #021ed6; font-size: 100%; \" >Catherine Aubriot<\/p><div style=\"clear:both\"><\/div><\/div><\/div>\r\n\n<h2><\/h2>\n<h2>f\u00e9vrier 2022<\/h2><div class=\"qem \"><div class=\"qem-icon\"><div class=\"qem-calendar-small\" style=\"margin:0 6px 8px 0;\"><span class=\"day\" >03<\/span><span class=\"nonday\" ><span class=\"month\"><b><em>F\u00e9v<\/em><\/b><\/span><span class=\"year\">2022<\/span><\/span><\/div><\/div><div class=\"qem-small\"><div class=\"qemlistright\">\r\n<a href=\"https:\/\/artsetculture.fr\/index.php\/event\/mythes-grecs-et-romains-5-2\/\"><img decoding=\"async\" class=\"qem-list-image\" src=\"http:\/\/artsetculture.fr\/wp-content\/uploads\/2021\/07\/Enfers-CAC1-.jpg\"><\/a><br>\r\n<\/div>\r\n<h2 class=\"qem_title\"><a href=\"https:\/\/artsetculture.fr\/index.php\/event\/mythes-grecs-et-romains-5-2\/\">Mythes grecs et romains-5<\/a><\/h2><p class=\"desc\" style=\"font-weight: bold; font-style: italic; font-size: 100%; \" >La descente aux enfers<\/p><p class=\"location\" style=\"font-weight: bold; font-style: italic; color: #dd3333; font-size: 90%; \" >Maison de l'amiti\u00e9<\/p><p class=\"organisation\" style=\"font-weight: bold; color: #021ed6; font-size: 100%; \" >Claire Gr\u00e9bille<\/p><div style=\"clear:both\"><\/div><\/div><\/div>\r\n<div class=\"qem \"><div class=\"qem-icon\"><div class=\"qem-calendar-small\" style=\"margin:0 6px 8px 0;\"><span class=\"day\" >10<\/span><span class=\"nonday\" ><span class=\"month\"><b><em>F\u00e9v<\/em><\/b><\/span><span class=\"year\">2022<\/span><\/span><\/div><\/div><div class=\"qem-small\"><div class=\"qemlistright\">\r\n<a href=\"https:\/\/artsetculture.fr\/index.php\/event\/syrie-histoire-archeologie-1-2\/\"><img decoding=\"async\" class=\"qem-list-image\" src=\"http:\/\/artsetculture.fr\/wp-content\/uploads\/2020\/08\/Tablette.jpg\"><\/a><br>\r\n<\/div>\r\n<h2 class=\"qem_title\"><a href=\"https:\/\/artsetculture.fr\/index.php\/event\/syrie-histoire-archeologie-1-2\/\">Syrie-Histoire arch\u00e9ologie-1<\/a><\/h2><p class=\"desc\" style=\"font-weight: bold; font-style: italic; font-size: 100%; \" >La Haute Antiquit\u00e9<\/p><p class=\"location\" style=\"font-weight: bold; font-style: italic; color: #dd3333; font-size: 90%; \" >Maison de l'amiti\u00e9<\/p><p class=\"organisation\" style=\"font-weight: bold; color: #021ed6; font-size: 100%; \" >Christine Darmagnac<\/p><div style=\"clear:both\"><\/div><\/div><\/div>\r\n<div class=\"qem \"><div class=\"qem-icon\"><div class=\"qem-calendar-small\" style=\"margin:0 6px 8px 0;\"><span class=\"day\" >17<\/span><span class=\"nonday\" ><span class=\"month\"><b><em>F\u00e9v<\/em><\/b><\/span><span class=\"year\">2022<\/span><\/span><\/div><\/div><div class=\"qem-small\"><div class=\"qemlistright\">\r\n<a href=\"https:\/\/artsetculture.fr\/index.php\/event\/syrie-histoire-archeologie-2-2\/\"><img decoding=\"async\" class=\"qem-list-image\" src=\"http:\/\/artsetculture.fr\/wp-content\/uploads\/2020\/08\/Ruines-C1RWEB.jpg\"><\/a><br>\r\n<\/div>\r\n<h2 class=\"qem_title\"><a href=\"https:\/\/artsetculture.fr\/index.php\/event\/syrie-histoire-archeologie-2-2\/\">Syrie-Histoire arch\u00e9ologie-2<\/a><\/h2><p class=\"desc\" style=\"font-weight: bold; font-style: italic; font-size: 100%; \" >La Syrie hell\u00e9nistique, romaine, byzantine<\/p><p class=\"location\" style=\"font-weight: bold; font-style: italic; color: #dd3333; font-size: 90%; \" >Maison de l'amiti\u00e9<\/p><p class=\"organisation\" style=\"font-weight: bold; color: #021ed6; font-size: 100%; \" >Christine Darmagnac<\/p><div style=\"clear:both\"><\/div><\/div><\/div>\r\n\n<h2><\/h2>\n<h2>janvier 2022<\/h2><div class=\"qem \"><div class=\"qem-icon\"><div class=\"qem-calendar-small\" style=\"margin:0 6px 8px 0;\"><span class=\"day\" >06<\/span><span class=\"nonday\" ><span class=\"month\"><b><em>Jan<\/em><\/b><\/span><span class=\"year\">2022<\/span><\/span><\/div><\/div><div class=\"qem-small\"><div class=\"qemlistright\">\r\n<a href=\"https:\/\/artsetculture.fr\/index.php\/event\/mythes-grecs-et-romains-1\/\"><img decoding=\"async\" class=\"qem-list-image\" src=\"http:\/\/artsetculture.fr\/wp-content\/uploads\/2020\/08\/Pandora.jpg\"><\/a><br>\r\n<\/div>\r\n<h2 class=\"qem_title\"><a href=\"https:\/\/artsetculture.fr\/index.php\/event\/mythes-grecs-et-romains-1\/\">Mythes grecs et romains dans l'art-1<\/a><\/h2><p class=\"desc\" style=\"font-weight: bold; font-style: italic; font-size: 100%; \" >Les Dieux et l'ordre du monde<\/p><p class=\"location\" style=\"font-weight: bold; font-style: italic; color: #dd3333; font-size: 90%; \" >Maison de l'amiti\u00e9<\/p><p class=\"organisation\" style=\"font-weight: bold; color: #021ed6; font-size: 100%; \" >Claire Gr\u00e9bille<\/p><div style=\"clear:both\"><\/div><\/div><\/div>\r\n<div class=\"qem \"><div class=\"qem-icon\"><div class=\"qem-calendar-small\" style=\"margin:0 6px 8px 0;\"><span class=\"day\" >13<\/span><span class=\"nonday\" ><span class=\"month\"><b><em>Jan<\/em><\/b><\/span><span class=\"year\">2022<\/span><\/span><\/div><\/div><div class=\"qem-small\"><div class=\"qemlistright\">\r\n<a href=\"https:\/\/artsetculture.fr\/index.php\/event\/mythes-grecs-et-romains-2-2\/\"><img decoding=\"async\" class=\"qem-list-image\" src=\"http:\/\/artsetculture.fr\/wp-content\/uploads\/2020\/08\/Gatal\u00e9e.jpg\"><\/a><br>\r\n<\/div>\r\n<h2 class=\"qem_title\"><a href=\"https:\/\/artsetculture.fr\/index.php\/event\/mythes-grecs-et-romains-2-2\/\">Mythes grecs et romains-2<\/a><\/h2><p class=\"desc\" style=\"font-weight: bold; font-style: italic; font-size: 100%; \" >M\u00e9tamorphoses et Amours des Dieux<\/p><p class=\"location\" style=\"font-weight: bold; font-style: italic; color: #dd3333; font-size: 90%; \" >Maison de l'amiti\u00e9<\/p><p class=\"organisation\" style=\"font-weight: bold; color: #021ed6; font-size: 100%; \" >Claire Gr\u00e9bille<\/p><div style=\"clear:both\"><\/div><\/div><\/div>\r\n<div class=\"qem \"><div class=\"qem-icon\"><div class=\"qem-calendar-small\" style=\"margin:0 6px 8px 0;\"><span class=\"day\" >20<\/span><span class=\"nonday\" ><span class=\"month\"><b><em>Jan<\/em><\/b><\/span><span class=\"year\">2022<\/span><\/span><\/div><\/div><div class=\"qem-small\"><div class=\"qemlistright\">\r\n<a href=\"https:\/\/artsetculture.fr\/index.php\/event\/mythes-grecs-et-romains-3-2\/\"><img decoding=\"async\" class=\"qem-list-image\" src=\"http:\/\/artsetculture.fr\/wp-content\/uploads\/2021\/07\/V\u00e9ron\u00e8se-Pers\u00e9e-et-Androm\u00e8de-CAC1.jpg\"><\/a><br>\r\n<\/div>\r\n<h2 class=\"qem_title\"><a href=\"https:\/\/artsetculture.fr\/index.php\/event\/mythes-grecs-et-romains-3-2\/\">Mythes grecs et romains-3<\/a><\/h2><p class=\"desc\" style=\"font-weight: bold; font-style: italic; font-size: 100%; \" >Exploits des H\u00e9ros: Hercule, Th\u00e9s\u00e9e, Pers\u00e9e<\/p><p class=\"location\" style=\"font-weight: bold; font-style: italic; color: #dd3333; font-size: 90%; \" >Maison de l'amiti\u00e9<\/p><p class=\"organisation\" style=\"font-weight: bold; color: #021ed6; font-size: 100%; \" >Claire Gr\u00e9bille<\/p><div style=\"clear:both\"><\/div><\/div><\/div>\r\n<div class=\"qem \"><div class=\"qem-icon\"><div class=\"qem-calendar-small\" style=\"margin:0 6px 8px 0;\"><span class=\"day\" >27<\/span><span class=\"nonday\" ><span class=\"month\"><b><em>Jan<\/em><\/b><\/span><span class=\"year\">2022<\/span><\/span><\/div><\/div><div class=\"qem-small\"><div class=\"qemlistright\">\r\n<a href=\"https:\/\/artsetculture.fr\/index.php\/event\/mythes-grecs-et-romains-4-2\/\"><img decoding=\"async\" class=\"qem-list-image\" src=\"http:\/\/artsetculture.fr\/wp-content\/uploads\/2020\/08\/Cheval-de-Troie.jpg\"><\/a><br>\r\n<\/div>\r\n<h2 class=\"qem_title\"><a href=\"https:\/\/artsetculture.fr\/index.php\/event\/mythes-grecs-et-romains-4-2\/\">Mythes grecs et romains-4<\/a><\/h2><p class=\"desc\" style=\"font-weight: bold; font-style: italic; font-size: 100%; \" >Les grandes \u00e9pop\u00e9es<\/p><p class=\"location\" style=\"font-weight: bold; font-style: italic; color: #dd3333; font-size: 90%; \" >Maison de l'amiti\u00e9<\/p><p class=\"organisation\" style=\"font-weight: bold; color: #021ed6; font-size: 100%; \" >Claire Gr\u00e9bille<\/p><div style=\"clear:both\"><\/div><\/div><\/div>\r\n\n<h2><\/h2>\n<p><strong><em>\u00a0<\/em><\/strong><\/p>\n<h4><strong><span style=\"color: #ffffff;\">_______<\/span><a style=\"pointer-events: none;\" href=\"https:\/\/artsetculture.fr\/index.php\/historique\/saison-2019-2020\/__trashed\/\">___________________________________________\u21d1<\/a><\/strong><\/h4>\n","protected":false},"excerpt":{"rendered":"<p>\u00a0 __________________________________________________\u21d1<\/p>\n","protected":false},"author":111,"featured_media":0,"parent":13507,"menu_order":1,"comment_status":"closed","ping_status":"closed","template":"","meta":{"footnotes":""},"class_list":["post-13510","page","type-page","status-publish","hentry"],"_links":{"self":[{"href":"https:\/\/artsetculture.fr\/index.php\/wp-json\/wp\/v2\/pages\/13510","targetHints":{"allow":["GET"]}}],"collection":[{"href":"https:\/\/artsetculture.fr\/index.php\/wp-json\/wp\/v2\/pages"}],"about":[{"href":"https:\/\/artsetculture.fr\/index.php\/wp-json\/wp\/v2\/types\/page"}],"author":[{"embeddable":true,"href":"https:\/\/artsetculture.fr\/index.php\/wp-json\/wp\/v2\/users\/111"}],"replies":[{"embeddable":true,"href":"https:\/\/artsetculture.fr\/index.php\/wp-json\/wp\/v2\/comments?post=13510"}],"version-history":[{"count":4,"href":"https:\/\/artsetculture.fr\/index.php\/wp-json\/wp\/v2\/pages\/13510\/revisions"}],"predecessor-version":[{"id":13518,"href":"https:\/\/artsetculture.fr\/index.php\/wp-json\/wp\/v2\/pages\/13510\/revisions\/13518"}],"up":[{"embeddable":true,"href":"https:\/\/artsetculture.fr\/index.php\/wp-json\/wp\/v2\/pages\/13507"}],"wp:attachment":[{"href":"https:\/\/artsetculture.fr\/index.php\/wp-json\/wp\/v2\/media?parent=13510"}],"curies":[{"name":"wp","href":"https:\/\/api.w.org\/{rel}","templated":true}]}}