{"id":9513,"date":"2019-08-15T16:17:20","date_gmt":"2019-08-15T15:17:20","guid":{"rendered":"http:\/\/artsetculture.fr\/?post_type=event&#038;p=9513"},"modified":"2020-07-01T11:58:35","modified_gmt":"2020-07-01T10:58:35","slug":"de-reynolds-a-turner-ab","status":"publish","type":"event","link":"https:\/\/artsetculture.fr\/index.php\/event\/de-reynolds-a-turner-ab\/","title":{"rendered":"De Reynolds \u00e0 Turner &#8211; AB"},"content":{"rendered":"<p>&nbsp;<\/p>\n<p><span style=\"color: #ff0000;\"><em><strong>D\u00e9part du car :\u00a0 8h45<span style=\"color: #000000;\">\u00a0 <span style=\"color: #ffffff;\">\u00a0_____\u00a0<\/span> \u00a0<\/span>RV\u00a0sur place : 10h45\u00a0 et 13h15\u00a0 \u00a0<span style=\"color: #ffffff;\">\u00a0<\/span><\/strong><\/em><\/span><span style=\"color: #ffffff;\"><em><strong>______________________<\/strong><\/em><\/span><em><strong>\u00a0<\/strong><\/em><span style=\"color: #ff0000;\"><em><strong>\u00a0 \u00a0 Visites : 11h00 et 13h30<span style=\"color: #ffffff;\">___\u00a0 \u00a0 \u00a0<\/span>Entr\u00e9e : 13,00\u20ac<\/strong><\/em><\/span><\/p>\n<p style=\"text-align: justify;\">\u00a0<span style=\"color: #ffffff;\">___________________________<\/span><\/p>\n<p style=\"text-align: justify;\">Cette exposition, construite \u00e0 partir des chefs-d\u2019\u0153uvre de la Tate Britain, met \u00e0 l\u2019honneur une p\u00e9riode phare dans l\u2019histoire de la peinture en Angleterre, allant des ann\u00e9es 1760 jusqu\u2019\u00e0 1820 environ. Elle en dresse un panorama qui permet de saisir toute l\u2019originalit\u00e9 et la diversit\u00e9 des \u0153uvres. Elle m\u00e8ne le visiteur de la <img loading=\"lazy\" decoding=\"async\" class=\"alignleft wp-image-9515\" src=\"http:\/\/artsetculture.fr\/wp-content\/uploads\/2019\/08\/1200px-Turner_J._M._W._-_The_Fighting_T\u00e9m\u00e9raire_tugged_tCAWEB-300x223.jpg\" alt=\"1200px-Turner,_J._M._W._-_The_Fighting_T\u00e9m\u00e9raire_tugged_tCAWEB\" width=\"200\" height=\"149\" srcset=\"https:\/\/artsetculture.fr\/wp-content\/uploads\/2019\/08\/1200px-Turner_J._M._W._-_The_Fighting_T\u00e9m\u00e9raire_tugged_tCAWEB-300x223.jpg 300w, https:\/\/artsetculture.fr\/wp-content\/uploads\/2019\/08\/1200px-Turner_J._M._W._-_The_Fighting_T\u00e9m\u00e9raire_tugged_tCAWEB.jpg 448w\" sizes=\"auto, (max-width: 200px) 100vw, 200px\" \/>fondation de la Royal Academy, avec des artistes comme Reynolds et Gainsborough, jusqu\u2019au nouveau tournant qui s\u2019amorce au d\u00e9but du XIX\u00e8me si\u00e8cle, notamment avec Turner.<\/p>\n<p style=\"text-align: justify;\">Le public y red\u00e9couvrira les grands classiques de l\u2019art britannique, trop rarement pr\u00e9sent\u00e9s en France.\u00a0<\/p>\n<p style=\"text-align: justify;\"><span style=\"color: #ffffff;\">_________________________________________<\/span><\/p>\n<p style=\"text-align: justify;\"><em><span style=\"color: #ff0000;\">Limit\u00e9 \u00e0 20 personnes par groupe<\/span><\/em><\/p>\n","protected":false},"excerpt":{"rendered":"<p>&nbsp; D\u00e9part du car :\u00a0 8h45\u00a0 \u00a0_____\u00a0 \u00a0RV\u00a0sur place : 10h45\u00a0 et 13h15\u00a0 \u00a0\u00a0______________________\u00a0\u00a0 \u00a0 Visites : 11h00 et 13h30___\u00a0 \u00a0 \u00a0Entr\u00e9e : 13,00\u20ac \u00a0___________________________ Cette exposition, construite \u00e0 partir des chefs-d\u2019\u0153uvre de la Tate Britain, met \u00e0 l\u2019honneur une p\u00e9riode phare dans l\u2019histoire de la peinture en Angleterre, allant des ann\u00e9es 1760 jusqu\u2019\u00e0 1820 &hellip; <a href=\"https:\/\/artsetculture.fr\/index.php\/event\/de-reynolds-a-turner-ab\/\" class=\"more-link\">Continuer la lecture de <span class=\"screen-reader-text\">De Reynolds \u00e0 Turner &#8211; AB<\/span>  <span class=\"meta-nav\">&rarr;<\/span><\/a><\/p>\n","protected":false},"author":8,"featured_media":0,"comment_status":"closed","ping_status":"closed","template":"","categories":[36],"tags":[],"class_list":["post-9513","event","type-event","status-publish","hentry","category-visit"],"_links":{"self":[{"href":"https:\/\/artsetculture.fr\/index.php\/wp-json\/wp\/v2\/event\/9513","targetHints":{"allow":["GET"]}}],"collection":[{"href":"https:\/\/artsetculture.fr\/index.php\/wp-json\/wp\/v2\/event"}],"about":[{"href":"https:\/\/artsetculture.fr\/index.php\/wp-json\/wp\/v2\/types\/event"}],"author":[{"embeddable":true,"href":"https:\/\/artsetculture.fr\/index.php\/wp-json\/wp\/v2\/users\/8"}],"replies":[{"embeddable":true,"href":"https:\/\/artsetculture.fr\/index.php\/wp-json\/wp\/v2\/comments?post=9513"}],"version-history":[{"count":0,"href":"https:\/\/artsetculture.fr\/index.php\/wp-json\/wp\/v2\/event\/9513\/revisions"}],"wp:attachment":[{"href":"https:\/\/artsetculture.fr\/index.php\/wp-json\/wp\/v2\/media?parent=9513"}],"wp:term":[{"taxonomy":"category","embeddable":true,"href":"https:\/\/artsetculture.fr\/index.php\/wp-json\/wp\/v2\/categories?post=9513"},{"taxonomy":"post_tag","embeddable":true,"href":"https:\/\/artsetculture.fr\/index.php\/wp-json\/wp\/v2\/tags?post=9513"}],"curies":[{"name":"wp","href":"https:\/\/api.w.org\/{rel}","templated":true}]}}