{"id":9471,"date":"2019-08-04T11:32:00","date_gmt":"2019-08-04T10:32:00","guid":{"rendered":"http:\/\/artsetculture.fr\/?post_type=event&#038;p=9471"},"modified":"2019-08-22T18:57:08","modified_gmt":"2019-08-22T17:57:08","slug":"le-baroque-faste-et-illusions-5-2","status":"publish","type":"event","link":"https:\/\/artsetculture.fr\/index.php\/event\/le-baroque-faste-et-illusions-5-2\/","title":{"rendered":"5-Le Baroque, faste et illusions"},"content":{"rendered":"<p style=\"text-align: justify;\"><span style=\"color: #ffffff;\"><strong>________________________________<\/strong><\/span><\/p>\n<p style=\"text-align: justify;\">Les jardins baroques int\u00e8grent la nature qu\u2019ils redessinent et soumettent \u00e0 une composition libre et pleine d\u2019imagination tout en s\u2019ouvrant et dominant le paysage environnant. Terrasses et amphith\u00e9\u00e2tres, statues, grottes, rochers, sculptures, cascades et fontaines sont dispos\u00e9s pour surprendre et \u00e9merveiller les <img loading=\"lazy\" decoding=\"async\" class=\"alignleft wp-image-9474\" src=\"http:\/\/artsetculture.fr\/wp-content\/uploads\/2019\/08\/cycle-baroque-2-190412-jardin-de-lev\u00eache-Castres-CAWEB-300x225.jpg\" alt=\"cycle baroque 2-190412 jardin de l'ev\u00eache Castres-CAWEB\" width=\"200\" height=\"150\" srcset=\"https:\/\/artsetculture.fr\/wp-content\/uploads\/2019\/08\/cycle-baroque-2-190412-jardin-de-lev\u00eache-Castres-CAWEB-300x225.jpg 300w, https:\/\/artsetculture.fr\/wp-content\/uploads\/2019\/08\/cycle-baroque-2-190412-jardin-de-lev\u00eache-Castres-CAWEB.jpg 448w\" sizes=\"auto, (max-width: 200px) 100vw, 200px\" \/>promeneurs par leur exag\u00e9ration et leur fantaisie. Les plus beaux jardins servent d\u2019\u00e9crin \u00e0 de somptueuses f\u00eates royales, comme les Plaisirs de l\u2019Ile enchant\u00e9e, offerte par Louis XIV \u00e0 ses courtisans\u00a0: jets d\u2019eaux, feux d\u2019artifices, gastronomie, musique tous les arts sont convoqu\u00e9s pour subjuguer la cour et soumettre une aristocratie trop souvent r\u00e9tive.<\/p>\n","protected":false},"excerpt":{"rendered":"<p>________________________________ Les jardins baroques int\u00e8grent la nature qu\u2019ils redessinent et soumettent \u00e0 une composition libre et pleine d\u2019imagination tout en s\u2019ouvrant et dominant le paysage environnant. Terrasses et amphith\u00e9\u00e2tres, statues, grottes, rochers, sculptures, cascades et fontaines sont dispos\u00e9s pour surprendre et \u00e9merveiller les promeneurs par leur exag\u00e9ration et leur fantaisie. Les plus beaux jardins servent &hellip; <a href=\"https:\/\/artsetculture.fr\/index.php\/event\/le-baroque-faste-et-illusions-5-2\/\" class=\"more-link\">Continuer la lecture de <span class=\"screen-reader-text\">5-Le Baroque, faste et illusions<\/span>  <span class=\"meta-nav\">&rarr;<\/span><\/a><\/p>\n","protected":false},"author":1,"featured_media":0,"comment_status":"closed","ping_status":"closed","template":"","categories":[10],"tags":[],"class_list":["post-9471","event","type-event","status-publish","hentry","category-conferences"],"_links":{"self":[{"href":"https:\/\/artsetculture.fr\/index.php\/wp-json\/wp\/v2\/event\/9471","targetHints":{"allow":["GET"]}}],"collection":[{"href":"https:\/\/artsetculture.fr\/index.php\/wp-json\/wp\/v2\/event"}],"about":[{"href":"https:\/\/artsetculture.fr\/index.php\/wp-json\/wp\/v2\/types\/event"}],"author":[{"embeddable":true,"href":"https:\/\/artsetculture.fr\/index.php\/wp-json\/wp\/v2\/users\/1"}],"replies":[{"embeddable":true,"href":"https:\/\/artsetculture.fr\/index.php\/wp-json\/wp\/v2\/comments?post=9471"}],"version-history":[{"count":1,"href":"https:\/\/artsetculture.fr\/index.php\/wp-json\/wp\/v2\/event\/9471\/revisions"}],"predecessor-version":[{"id":9588,"href":"https:\/\/artsetculture.fr\/index.php\/wp-json\/wp\/v2\/event\/9471\/revisions\/9588"}],"wp:attachment":[{"href":"https:\/\/artsetculture.fr\/index.php\/wp-json\/wp\/v2\/media?parent=9471"}],"wp:term":[{"taxonomy":"category","embeddable":true,"href":"https:\/\/artsetculture.fr\/index.php\/wp-json\/wp\/v2\/categories?post=9471"},{"taxonomy":"post_tag","embeddable":true,"href":"https:\/\/artsetculture.fr\/index.php\/wp-json\/wp\/v2\/tags?post=9471"}],"curies":[{"name":"wp","href":"https:\/\/api.w.org\/{rel}","templated":true}]}}