{"id":8866,"date":"2018-11-26T15:56:36","date_gmt":"2018-11-26T14:56:36","guid":{"rendered":"http:\/\/artsetculture.fr\/?post_type=event&#038;p=8866"},"modified":"2018-11-27T17:11:07","modified_gmt":"2018-11-27T16:11:07","slug":"mathurin-meheut","status":"publish","type":"event","link":"https:\/\/artsetculture.fr\/index.php\/event\/mathurin-meheut\/","title":{"rendered":"Mathurin M\u00e9heut"},"content":{"rendered":"<p>&nbsp;<\/p>\n<p>&nbsp;<\/p>\n<p><span style=\"color: #ff0000;\"><em><strong>Rendez-vous sur place : 10h15\u00a0 Visite: 10h30\u00a0 \u00a0 \u00a0 \u00a0 Entr\u00e9e: 5\u20ac\u00a0\u00a0<span style=\"color: #ffffff;\">_\u00a0 \u00a0 \u00a0 \u00a0 \u00a0_\u00a0 \u00a0 \u00a0 \u00a0____<\/span>\u00a0<\/strong><\/em><\/span><\/p>\n<p>&nbsp;<\/p>\n<p style=\"text-align: justify;\">De 1914 \u00e0 1918, Mathurin M\u00e9heut (1882-1958), peintre, d\u00e9corateur et \u00a0c\u00e9ramiste breton a combattu sur presque tous les fronts. De 1914 \u00e0 1916, en Artois et en Argonne, il participe en 1<sup>\u00e8re<\/sup> ligne aux violents combats de la guerre de tranch\u00e9es. En 1916, ses talents d\u2019observateur et de dessinateur ajout\u00e9s \u00e0 la qualit\u00e9 de ses relev\u00e9s topographiques le conduisent au Service topographique de l\u2019Arm\u00e9e \u00e0 Sainte-Menehould dans la Marne.<\/p>\n<p style=\"text-align: justify;\">Entre chaque assaut, l\u2019artiste consacre l\u2019essentiel de son temps libre \u00e0 \u00ab\u00a0croquer\u00a0\u00bb les poilus. Quotidiennement et par tous\u00a0 les temps, en premi\u00e8re ligne, dans les tranch\u00e9es comme au cantonnement, il fait des croquis, peint des aquarelles et des gouaches. Il s\u2019attache aux d\u00e9tails, \u00e0 ces petits riens qui racontent la vie telle qu\u2019elle est. De ses visions de l\u2019enfer, M\u00e9heut restitue les sc\u00e8nes famili\u00e8res avec une grande pudeur. Son \u0153uvre est un t\u00e9moignage d\u2019une rare pr\u00e9cision sur la vie quotidienne du front.\u00a0<\/p>\n<p style=\"text-align: justify;\">Plus de cinquante dessins jalonnent l\u2019exposition.<\/p>\n<p style=\"text-align: justify;\">\u00a0<\/p>\n","protected":false},"excerpt":{"rendered":"<p>&nbsp; &nbsp; Rendez-vous sur place : 10h15\u00a0 Visite: 10h30\u00a0 \u00a0 \u00a0 \u00a0 Entr\u00e9e: 5\u20ac\u00a0\u00a0_\u00a0 \u00a0 \u00a0 \u00a0 \u00a0_\u00a0 \u00a0 \u00a0 \u00a0____\u00a0 &nbsp; De 1914 \u00e0 1918, Mathurin M\u00e9heut (1882-1958), peintre, d\u00e9corateur et \u00a0c\u00e9ramiste breton a combattu sur presque tous les fronts. De 1914 \u00e0 1916, en Artois et en Argonne, il participe en 1\u00e8re ligne &hellip; <a href=\"https:\/\/artsetculture.fr\/index.php\/event\/mathurin-meheut\/\" class=\"more-link\">Continuer la lecture de <span class=\"screen-reader-text\">Mathurin M\u00e9heut<\/span>  <span class=\"meta-nav\">&rarr;<\/span><\/a><\/p>\n","protected":false},"author":1,"featured_media":0,"comment_status":"closed","ping_status":"closed","template":"","categories":[40],"tags":[],"class_list":["post-8866","event","type-event","status-publish","hentry","category-patrimoine-local"],"_links":{"self":[{"href":"https:\/\/artsetculture.fr\/index.php\/wp-json\/wp\/v2\/event\/8866","targetHints":{"allow":["GET"]}}],"collection":[{"href":"https:\/\/artsetculture.fr\/index.php\/wp-json\/wp\/v2\/event"}],"about":[{"href":"https:\/\/artsetculture.fr\/index.php\/wp-json\/wp\/v2\/types\/event"}],"author":[{"embeddable":true,"href":"https:\/\/artsetculture.fr\/index.php\/wp-json\/wp\/v2\/users\/1"}],"replies":[{"embeddable":true,"href":"https:\/\/artsetculture.fr\/index.php\/wp-json\/wp\/v2\/comments?post=8866"}],"version-history":[{"count":1,"href":"https:\/\/artsetculture.fr\/index.php\/wp-json\/wp\/v2\/event\/8866\/revisions"}],"predecessor-version":[{"id":8876,"href":"https:\/\/artsetculture.fr\/index.php\/wp-json\/wp\/v2\/event\/8866\/revisions\/8876"}],"wp:attachment":[{"href":"https:\/\/artsetculture.fr\/index.php\/wp-json\/wp\/v2\/media?parent=8866"}],"wp:term":[{"taxonomy":"category","embeddable":true,"href":"https:\/\/artsetculture.fr\/index.php\/wp-json\/wp\/v2\/categories?post=8866"},{"taxonomy":"post_tag","embeddable":true,"href":"https:\/\/artsetculture.fr\/index.php\/wp-json\/wp\/v2\/tags?post=8866"}],"curies":[{"name":"wp","href":"https:\/\/api.w.org\/{rel}","templated":true}]}}