{"id":8474,"date":"2018-07-31T12:40:45","date_gmt":"2018-07-31T11:40:45","guid":{"rendered":"http:\/\/artsetculture.fr\/?post_type=event&#038;p=8474"},"modified":"2018-08-19T18:39:58","modified_gmt":"2018-08-19T17:39:58","slug":"le-baroque-faste-et-illusions-2","status":"publish","type":"event","link":"https:\/\/artsetculture.fr\/index.php\/event\/le-baroque-faste-et-illusions-2\/","title":{"rendered":"Le Baroque &#8211; Faste et illusions-2"},"content":{"rendered":"<div class=\"\">\u00a0<\/div>\n<div class=\"\" style=\"text-align: justify;\">\n<p>Le\u00a0baroque trouve ses pr\u00e9mices \u00e0 Rome avec la restructuration de l\u2019espace urbain, sous le pontificat de Sixte Quint. L\u2019architecture baroque triomphaliste d\u00e9ploie ses fastes et sa d\u00e9lirante\u00a0inventivit\u00e9 \u00e0 travers les r\u00e9alisations du Bernin (colonnade et baldaquin de Saint-Pierre) et de son rival Borromini (Palais Spada, Saint-Charles aux <img loading=\"lazy\" decoding=\"async\" class=\"wp-image-8303 alignleft\" src=\"http:\/\/artsetculture.fr\/wp-content\/uploads\/2018\/06\/cycle-baroque-180507-St_Peters_Square_Vatican_City_-_April_2007-CAWEBR-300x205.jpg\" alt=\"cycle baroque-180507 St_Peter's_Square,_Vatican_City_-_April_2007-CAWEBR\" width=\"455\" height=\"311\" srcset=\"https:\/\/artsetculture.fr\/wp-content\/uploads\/2018\/06\/cycle-baroque-180507-St_Peters_Square_Vatican_City_-_April_2007-CAWEBR-300x205.jpg 300w, https:\/\/artsetculture.fr\/wp-content\/uploads\/2018\/06\/cycle-baroque-180507-St_Peters_Square_Vatican_City_-_April_2007-CAWEBR.jpg 368w\" sizes=\"auto, (max-width: 455px) 100vw, 455px\" \/>Quatre Fontaines). L\u2019exub\u00e9rance th\u00e9\u00e2trale connait de vertigineuses \u00e9volutions au si\u00e8cle suivant avec l\u2019escalier de la Trinit\u00e9 des Monts et la fontaine de Trevi.<\/p>\n<\/div>\n","protected":false},"excerpt":{"rendered":"<p>\u00a0 Le\u00a0baroque trouve ses pr\u00e9mices \u00e0 Rome avec la restructuration de l\u2019espace urbain, sous le pontificat de Sixte Quint. L\u2019architecture baroque triomphaliste d\u00e9ploie ses fastes et sa d\u00e9lirante\u00a0inventivit\u00e9 \u00e0 travers les r\u00e9alisations du Bernin (colonnade et baldaquin de Saint-Pierre) et de son rival Borromini (Palais Spada, Saint-Charles aux Quatre Fontaines). L\u2019exub\u00e9rance th\u00e9\u00e2trale connait de vertigineuses &hellip; <a href=\"https:\/\/artsetculture.fr\/index.php\/event\/le-baroque-faste-et-illusions-2\/\" class=\"more-link\">Continuer la lecture de <span class=\"screen-reader-text\">Le Baroque &#8211; Faste et illusions-2<\/span>  <span class=\"meta-nav\">&rarr;<\/span><\/a><\/p>\n","protected":false},"author":1,"featured_media":0,"comment_status":"closed","ping_status":"closed","template":"","categories":[10],"tags":[],"class_list":["post-8474","event","type-event","status-publish","hentry","category-conferences"],"_links":{"self":[{"href":"https:\/\/artsetculture.fr\/index.php\/wp-json\/wp\/v2\/event\/8474","targetHints":{"allow":["GET"]}}],"collection":[{"href":"https:\/\/artsetculture.fr\/index.php\/wp-json\/wp\/v2\/event"}],"about":[{"href":"https:\/\/artsetculture.fr\/index.php\/wp-json\/wp\/v2\/types\/event"}],"author":[{"embeddable":true,"href":"https:\/\/artsetculture.fr\/index.php\/wp-json\/wp\/v2\/users\/1"}],"replies":[{"embeddable":true,"href":"https:\/\/artsetculture.fr\/index.php\/wp-json\/wp\/v2\/comments?post=8474"}],"version-history":[{"count":1,"href":"https:\/\/artsetculture.fr\/index.php\/wp-json\/wp\/v2\/event\/8474\/revisions"}],"predecessor-version":[{"id":8505,"href":"https:\/\/artsetculture.fr\/index.php\/wp-json\/wp\/v2\/event\/8474\/revisions\/8505"}],"wp:attachment":[{"href":"https:\/\/artsetculture.fr\/index.php\/wp-json\/wp\/v2\/media?parent=8474"}],"wp:term":[{"taxonomy":"category","embeddable":true,"href":"https:\/\/artsetculture.fr\/index.php\/wp-json\/wp\/v2\/categories?post=8474"},{"taxonomy":"post_tag","embeddable":true,"href":"https:\/\/artsetculture.fr\/index.php\/wp-json\/wp\/v2\/tags?post=8474"}],"curies":[{"name":"wp","href":"https:\/\/api.w.org\/{rel}","templated":true}]}}