{"id":3741,"date":"2016-05-14T10:20:25","date_gmt":"2016-05-14T09:20:25","guid":{"rendered":"http:\/\/artsetculture.fr\/?post_type=event&#038;p=3741"},"modified":"2017-08-19T17:00:39","modified_gmt":"2017-08-19T16:00:39","slug":"la-peinture-hollandaise-2","status":"publish","type":"event","link":"https:\/\/artsetculture.fr\/index.php\/event\/la-peinture-hollandaise-2\/","title":{"rendered":"Les Primitifs flamands_2"},"content":{"rendered":"<p>&nbsp;<\/p>\n<p style=\"text-align: justify;\">Am\u00e9lior\u00e9e\u00a0dans\u00a0l\u2019entourage des Van Eyck, la technique de la peinture \u00e0 l\u2019huile accompagne un complet bouleversement de la repr\u00e9sentation du monde, par la pr\u00e9cision optique du rendu des <img loading=\"lazy\" decoding=\"async\" class=\"wp-image-3854 alignleft\" src=\"http:\/\/artsetculture.fr\/wp-content\/uploads\/2016\/06\/Van-Eyck.-Auto-portrait.jpg\" alt=\"Van Eyck. Auto portrait\" width=\"112\" height=\"154\" \/>mati\u00e8res. Roger Van Der Weyden et Hans Memling magnifient, chacun \u00e0 leur mani\u00e8re, l\u2019h\u00e9ritage du grand ma\u00eetre, par la subtilit\u00e9 des jeux de lumi\u00e8re et des textures ainsi que la modulation des glacis.<\/p>\n<p>&nbsp;<\/p>\n","protected":false},"excerpt":{"rendered":"<p>&nbsp; Am\u00e9lior\u00e9e\u00a0dans\u00a0l\u2019entourage des Van Eyck, la technique de la peinture \u00e0 l\u2019huile accompagne un complet bouleversement de la repr\u00e9sentation du monde, par la pr\u00e9cision optique du rendu des mati\u00e8res. Roger Van Der Weyden et Hans Memling magnifient, chacun \u00e0 leur mani\u00e8re, l\u2019h\u00e9ritage du grand ma\u00eetre, par la subtilit\u00e9 des jeux de lumi\u00e8re et des textures &hellip; <a href=\"https:\/\/artsetculture.fr\/index.php\/event\/la-peinture-hollandaise-2\/\" class=\"more-link\">Continuer la lecture de <span class=\"screen-reader-text\">Les Primitifs flamands_2<\/span>  <span class=\"meta-nav\">&rarr;<\/span><\/a><\/p>\n","protected":false},"author":8,"featured_media":0,"comment_status":"closed","ping_status":"closed","template":"","categories":[10],"tags":[],"class_list":["post-3741","event","type-event","status-publish","hentry","category-conferences"],"_links":{"self":[{"href":"https:\/\/artsetculture.fr\/index.php\/wp-json\/wp\/v2\/event\/3741","targetHints":{"allow":["GET"]}}],"collection":[{"href":"https:\/\/artsetculture.fr\/index.php\/wp-json\/wp\/v2\/event"}],"about":[{"href":"https:\/\/artsetculture.fr\/index.php\/wp-json\/wp\/v2\/types\/event"}],"author":[{"embeddable":true,"href":"https:\/\/artsetculture.fr\/index.php\/wp-json\/wp\/v2\/users\/8"}],"replies":[{"embeddable":true,"href":"https:\/\/artsetculture.fr\/index.php\/wp-json\/wp\/v2\/comments?post=3741"}],"version-history":[{"count":1,"href":"https:\/\/artsetculture.fr\/index.php\/wp-json\/wp\/v2\/event\/3741\/revisions"}],"predecessor-version":[{"id":3932,"href":"https:\/\/artsetculture.fr\/index.php\/wp-json\/wp\/v2\/event\/3741\/revisions\/3932"}],"wp:attachment":[{"href":"https:\/\/artsetculture.fr\/index.php\/wp-json\/wp\/v2\/media?parent=3741"}],"wp:term":[{"taxonomy":"category","embeddable":true,"href":"https:\/\/artsetculture.fr\/index.php\/wp-json\/wp\/v2\/categories?post=3741"},{"taxonomy":"post_tag","embeddable":true,"href":"https:\/\/artsetculture.fr\/index.php\/wp-json\/wp\/v2\/tags?post=3741"}],"curies":[{"name":"wp","href":"https:\/\/api.w.org\/{rel}","templated":true}]}}