{"id":13641,"date":"2025-07-09T20:54:58","date_gmt":"2025-07-09T19:54:58","guid":{"rendered":"https:\/\/artsetculture.fr\/?post_type=event&#038;p=13641"},"modified":"2025-07-09T20:54:58","modified_gmt":"2025-07-09T19:54:58","slug":"remplissage-textes-et-photos-18-3","status":"publish","type":"event","link":"https:\/\/artsetculture.fr\/index.php\/event\/remplissage-textes-et-photos-18-3\/","title":{"rendered":"L&rsquo;OEIL ET L&rsquo;OREILLE &#8211; 2"},"content":{"rendered":"<p>&nbsp;<\/p>\n<p style=\"text-align: justify;\">En contraste avec la volont\u00e9 de grandeur qui pr\u00e9valait auparavant, les artistes du XVIIIe si\u00e8cle recherchent davantage de simplicit\u00e9 et d&rsquo;humanit\u00e9. L&rsquo;\u0153uvre de Chardin se caract\u00e9rise par la douceur et la subtilit\u00e9 dans la repr\u00e9sentation des sc\u00e8nes quotidiennes de la bourgeoisie, o\u00f9 les femmes et les enfants ont le premier r\u00f4le. Ses portraits t\u00e9moignent d&rsquo;une grande acuit\u00e9 psychologique. A la fin du si\u00e8cle, Mozart d\u00e9couvre la clarinette gr\u00e2ce \u00e0 un ami de loge ma\u00e7onnique. Il compose quelques \u0153uvres magnifiques et symboliques dans lesquelles le timbre de l&rsquo;instrument devient l&rsquo;expression de l&rsquo;\u00e2me du compositeur.<\/p>\n<div>\u00a0<\/div>\n<div>\n<p style=\"text-align: justify;\"><img loading=\"lazy\" decoding=\"async\" class=\"alignnone size-medium wp-image-13643\" src=\"http:\/\/artsetculture.fr\/wp-content\/uploads\/2025\/06\/Aubriot-250512-Chardin-2-242x300.jpg\" alt=\"\" width=\"242\" height=\"300\" srcset=\"https:\/\/artsetculture.fr\/wp-content\/uploads\/2025\/06\/Aubriot-250512-Chardin-2-242x300.jpg 242w, https:\/\/artsetculture.fr\/wp-content\/uploads\/2025\/06\/Aubriot-250512-Chardin-2.jpg 500w\" sizes=\"auto, (max-width: 242px) 100vw, 242px\" \/><\/p>\n<p>&nbsp;<\/p>\n<\/div>\n<div class=\"gmail_default\">\n<p style=\"text-align: justify;\">\u00a0<\/p>\n<\/div>\n","protected":false},"excerpt":{"rendered":"<p>&nbsp; En contraste avec la volont\u00e9 de grandeur qui pr\u00e9valait auparavant, les artistes du XVIIIe si\u00e8cle recherchent davantage de simplicit\u00e9 et d&rsquo;humanit\u00e9. L&rsquo;\u0153uvre de Chardin se caract\u00e9rise par la douceur et la subtilit\u00e9 dans la repr\u00e9sentation des sc\u00e8nes quotidiennes de la bourgeoisie, o\u00f9 les femmes et les enfants ont le premier r\u00f4le. Ses portraits t\u00e9moignent &hellip; <a href=\"https:\/\/artsetculture.fr\/index.php\/event\/remplissage-textes-et-photos-18-3\/\" class=\"more-link\">Continuer la lecture de <span class=\"screen-reader-text\">L&rsquo;OEIL ET L&rsquo;OREILLE &#8211; 2<\/span>  <span class=\"meta-nav\">&rarr;<\/span><\/a><\/p>\n","protected":false},"author":8,"featured_media":0,"comment_status":"closed","ping_status":"closed","template":"","categories":[10],"tags":[77],"class_list":["post-13641","event","type-event","status-publish","hentry","category-conferences","tag-al"],"_links":{"self":[{"href":"https:\/\/artsetculture.fr\/index.php\/wp-json\/wp\/v2\/event\/13641","targetHints":{"allow":["GET"]}}],"collection":[{"href":"https:\/\/artsetculture.fr\/index.php\/wp-json\/wp\/v2\/event"}],"about":[{"href":"https:\/\/artsetculture.fr\/index.php\/wp-json\/wp\/v2\/types\/event"}],"author":[{"embeddable":true,"href":"https:\/\/artsetculture.fr\/index.php\/wp-json\/wp\/v2\/users\/8"}],"replies":[{"embeddable":true,"href":"https:\/\/artsetculture.fr\/index.php\/wp-json\/wp\/v2\/comments?post=13641"}],"version-history":[{"count":4,"href":"https:\/\/artsetculture.fr\/index.php\/wp-json\/wp\/v2\/event\/13641\/revisions"}],"predecessor-version":[{"id":13703,"href":"https:\/\/artsetculture.fr\/index.php\/wp-json\/wp\/v2\/event\/13641\/revisions\/13703"}],"wp:attachment":[{"href":"https:\/\/artsetculture.fr\/index.php\/wp-json\/wp\/v2\/media?parent=13641"}],"wp:term":[{"taxonomy":"category","embeddable":true,"href":"https:\/\/artsetculture.fr\/index.php\/wp-json\/wp\/v2\/categories?post=13641"},{"taxonomy":"post_tag","embeddable":true,"href":"https:\/\/artsetculture.fr\/index.php\/wp-json\/wp\/v2\/tags?post=13641"}],"curies":[{"name":"wp","href":"https:\/\/api.w.org\/{rel}","templated":true}]}}