{"id":13623,"date":"2025-07-09T21:07:28","date_gmt":"2025-07-09T20:07:28","guid":{"rendered":"https:\/\/artsetculture.fr\/?post_type=event&#038;p=13623"},"modified":"2025-07-09T21:07:28","modified_gmt":"2025-07-09T20:07:28","slug":"remplissage-textes-et-photos-2-2-7","status":"publish","type":"event","link":"https:\/\/artsetculture.fr\/index.php\/event\/remplissage-textes-et-photos-2-2-7\/","title":{"rendered":"DES PHENICIENS AUX PUNIQUES &#8211; 5"},"content":{"rendered":"<p>&nbsp;<\/p>\n<p style=\"text-align: justify;\">Fond\u00e9e en 814 avant notre \u00e8re, Carthage d\u00e9ploie \u00e0 partir du V\u00e8me si\u00e8cle avant notre \u00e8re une politique h\u00e9g\u00e9monique qui l\u2019oppose \u00e0 ses proches voisins, les Grecs de Sicile. La cit\u00e9 est devenue une puissance \u00e9conomique dominante en M\u00e9diterran\u00e9e. Sa r\u00e9ussite va la placer face \u00e0 Rome \u00e0 travers les trois Guerres puniques qui conduiront d\u2019abord \u00e0 son d\u00e9clin, puis \u00e0 sa disparition en 146 avant notre \u00e8re.<\/p>\n<p><img loading=\"lazy\" decoding=\"async\" class=\"alignnone size-medium wp-image-13625\" src=\"http:\/\/artsetculture.fr\/wp-content\/uploads\/2025\/06\/Image13-300x192.png\" alt=\"\" width=\"300\" height=\"192\" srcset=\"https:\/\/artsetculture.fr\/wp-content\/uploads\/2025\/06\/Image13-300x192.png 300w, https:\/\/artsetculture.fr\/wp-content\/uploads\/2025\/06\/Image13-768x492.png 768w, https:\/\/artsetculture.fr\/wp-content\/uploads\/2025\/06\/Image13.png 816w\" sizes=\"auto, (max-width: 300px) 100vw, 300px\" \/><\/p>\n<p>&nbsp;<\/p>\n<p>&nbsp;<\/p>\n<p>&nbsp;<\/p>\n<p style=\"text-align: justify;\">\u00a0<\/p>\n","protected":false},"excerpt":{"rendered":"<p>&nbsp; Fond\u00e9e en 814 avant notre \u00e8re, Carthage d\u00e9ploie \u00e0 partir du V\u00e8me si\u00e8cle avant notre \u00e8re une politique h\u00e9g\u00e9monique qui l\u2019oppose \u00e0 ses proches voisins, les Grecs de Sicile. La cit\u00e9 est devenue une puissance \u00e9conomique dominante en M\u00e9diterran\u00e9e. Sa r\u00e9ussite va la placer face \u00e0 Rome \u00e0 travers les trois Guerres puniques qui &hellip; <a href=\"https:\/\/artsetculture.fr\/index.php\/event\/remplissage-textes-et-photos-2-2-7\/\" class=\"more-link\">Continuer la lecture de <span class=\"screen-reader-text\">DES PHENICIENS AUX PUNIQUES &#8211; 5<\/span>  <span class=\"meta-nav\">&rarr;<\/span><\/a><\/p>\n","protected":false},"author":8,"featured_media":0,"comment_status":"closed","ping_status":"closed","template":"","categories":[10],"tags":[77],"class_list":["post-13623","event","type-event","status-publish","hentry","category-conferences","tag-al"],"_links":{"self":[{"href":"https:\/\/artsetculture.fr\/index.php\/wp-json\/wp\/v2\/event\/13623","targetHints":{"allow":["GET"]}}],"collection":[{"href":"https:\/\/artsetculture.fr\/index.php\/wp-json\/wp\/v2\/event"}],"about":[{"href":"https:\/\/artsetculture.fr\/index.php\/wp-json\/wp\/v2\/types\/event"}],"author":[{"embeddable":true,"href":"https:\/\/artsetculture.fr\/index.php\/wp-json\/wp\/v2\/users\/8"}],"replies":[{"embeddable":true,"href":"https:\/\/artsetculture.fr\/index.php\/wp-json\/wp\/v2\/comments?post=13623"}],"version-history":[{"count":3,"href":"https:\/\/artsetculture.fr\/index.php\/wp-json\/wp\/v2\/event\/13623\/revisions"}],"predecessor-version":[{"id":13716,"href":"https:\/\/artsetculture.fr\/index.php\/wp-json\/wp\/v2\/event\/13623\/revisions\/13716"}],"wp:attachment":[{"href":"https:\/\/artsetculture.fr\/index.php\/wp-json\/wp\/v2\/media?parent=13623"}],"wp:term":[{"taxonomy":"category","embeddable":true,"href":"https:\/\/artsetculture.fr\/index.php\/wp-json\/wp\/v2\/categories?post=13623"},{"taxonomy":"post_tag","embeddable":true,"href":"https:\/\/artsetculture.fr\/index.php\/wp-json\/wp\/v2\/tags?post=13623"}],"curies":[{"name":"wp","href":"https:\/\/api.w.org\/{rel}","templated":true}]}}