{"id":13411,"date":"2024-07-29T18:05:18","date_gmt":"2024-07-29T17:05:18","guid":{"rendered":"https:\/\/artsetculture.fr\/?post_type=event&#038;p=13411"},"modified":"2024-07-29T18:05:18","modified_gmt":"2024-07-29T17:05:18","slug":"metro-le-grand-paris-en-mouvement-3","status":"publish","type":"event","link":"https:\/\/artsetculture.fr\/index.php\/event\/metro-le-grand-paris-en-mouvement-3\/","title":{"rendered":"LE TROMPE L&rsquo;OEIL DE 1520 A NOS JOURS"},"content":{"rendered":"<p><span style=\"color: #ff0000\"><strong><img loading=\"lazy\" decoding=\"async\" class=\"wp-image-13414 alignleft\" src=\"http:\/\/artsetculture.fr\/wp-content\/uploads\/2024\/07\/Escaping_criticism-by_pere_borrel_del_caso-240x300.png\" alt=\"\" width=\"180\" height=\"225\" srcset=\"https:\/\/artsetculture.fr\/wp-content\/uploads\/2024\/07\/Escaping_criticism-by_pere_borrel_del_caso-240x300.png 240w, https:\/\/artsetculture.fr\/wp-content\/uploads\/2024\/07\/Escaping_criticism-by_pere_borrel_del_caso.png 640w\" sizes=\"auto, (max-width: 180px) 100vw, 180px\" \/>MARDI 10 d\u00e9cembre 2024\u00a0 \u2013 DEPART:10 h 15<br \/><\/strong><\/span><\/p>\n<p><span style=\"color: #ff0000\"><strong>GROUPES A ET B\u00a0<\/strong><\/span><\/p>\n<p><span style=\"color: #ff0000\"><strong> UNE SEULE DATE POUR LES DEUX GROUPES : deux visites-conf\u00e9rences : 12 h 40- 15 h 40 &#8211; Entr\u00e9e\u00a0 14 \u20ac<\/strong><\/span><\/p>\n<p><span style=\"color: #ff0000\"><strong>Pour ceux qui nous rejoignent sur place : <\/strong><\/span><span style=\"color: #ff0000\"><strong>groupe A : 12 h 15 &#8211; groupe B : 15 h 15 &#8211; Mus\u00e9e Marmottan Monet<\/strong><\/span><span style=\"color: #ff0000\"><strong>\u00a0 &#8211;\u00a0 2 rue Louis Boilly &#8211; 75016 Paris<br \/><\/strong><\/span><\/p>\n<p style=\"text-align: justify\">Cette exposition retrace l&rsquo;histoire de la repr\u00e9sentation de la r\u00e9alit\u00e9<\/p>\n<p style=\"text-align: justify\"><span style=\"color: #ff0000\"><strong><img loading=\"lazy\" decoding=\"async\" class=\"wp-image-13416 alignright\" src=\"http:\/\/artsetculture.fr\/wp-content\/uploads\/2024\/07\/exposition-le-trompe-loeil-au-musee-marmottan-monet-cornelis-norbertus-gysbrechts-trompe-loeil-1665-977x1024-1-286x300.jpg\" alt=\"\" width=\"213\" height=\"223\" srcset=\"https:\/\/artsetculture.fr\/wp-content\/uploads\/2024\/07\/exposition-le-trompe-loeil-au-musee-marmottan-monet-cornelis-norbertus-gysbrechts-trompe-loeil-1665-977x1024-1-286x300.jpg 286w, https:\/\/artsetculture.fr\/wp-content\/uploads\/2024\/07\/exposition-le-trompe-loeil-au-musee-marmottan-monet-cornelis-norbertus-gysbrechts-trompe-loeil-1665-977x1024-1-768x805.jpg 768w, https:\/\/artsetculture.fr\/wp-content\/uploads\/2024\/07\/exposition-le-trompe-loeil-au-musee-marmottan-monet-cornelis-norbertus-gysbrechts-trompe-loeil-1665-977x1024-1.jpg 977w\" sizes=\"auto, (max-width: 213px) 100vw, 213px\" \/><\/strong><\/span>dans les Arts et entend rendre hommage \u00e0 une facette m\u00e9connue des collections du mus\u00e9e ainsi qu&rsquo;au go\u00fbt de Jules et Paul Marmottan pour ce genre pictural.<\/p>\n<p style=\"text-align: justify\">Outre les th\u00e8mes connus du trompe l&rsquo;oeil : vanit\u00e9s, troph\u00e9es de chasse, grisaille, d&rsquo;autres aspects sont abord\u00e9s dans cette exposition comme les d\u00e9clinaisons d\u00e9coratives dans le mobilier et les fa\u00efences ou encore la port\u00e9e politique de ce genre pictural \u00e0 diff\u00e9rentes \u00e9poques.<\/p>\n<p style=\"text-align: justify\">\u00a0<\/p>\n<p>&nbsp;<\/p>\n<p>&nbsp;<\/p>\n","protected":false},"excerpt":{"rendered":"<p>MARDI 10 d\u00e9cembre 2024\u00a0 \u2013 DEPART:10 h 15 GROUPES A ET B\u00a0 UNE SEULE DATE POUR LES DEUX GROUPES : deux visites-conf\u00e9rences : 12 h 40- 15 h 40 &#8211; Entr\u00e9e\u00a0 14 \u20ac Pour ceux qui nous rejoignent sur place : groupe A : 12 h 15 &#8211; groupe B : 15 h 15 &#8211; &hellip; <a href=\"https:\/\/artsetculture.fr\/index.php\/event\/metro-le-grand-paris-en-mouvement-3\/\" class=\"more-link\">Continuer la lecture de <span class=\"screen-reader-text\">LE TROMPE L&rsquo;OEIL DE 1520 A NOS JOURS<\/span>  <span class=\"meta-nav\">&rarr;<\/span><\/a><\/p>\n","protected":false},"author":8,"featured_media":0,"comment_status":"closed","ping_status":"closed","template":"","categories":[36],"tags":[],"class_list":["post-13411","event","type-event","status-publish","hentry","category-visit"],"_links":{"self":[{"href":"https:\/\/artsetculture.fr\/index.php\/wp-json\/wp\/v2\/event\/13411","targetHints":{"allow":["GET"]}}],"collection":[{"href":"https:\/\/artsetculture.fr\/index.php\/wp-json\/wp\/v2\/event"}],"about":[{"href":"https:\/\/artsetculture.fr\/index.php\/wp-json\/wp\/v2\/types\/event"}],"author":[{"embeddable":true,"href":"https:\/\/artsetculture.fr\/index.php\/wp-json\/wp\/v2\/users\/8"}],"replies":[{"embeddable":true,"href":"https:\/\/artsetculture.fr\/index.php\/wp-json\/wp\/v2\/comments?post=13411"}],"version-history":[{"count":5,"href":"https:\/\/artsetculture.fr\/index.php\/wp-json\/wp\/v2\/event\/13411\/revisions"}],"predecessor-version":[{"id":13420,"href":"https:\/\/artsetculture.fr\/index.php\/wp-json\/wp\/v2\/event\/13411\/revisions\/13420"}],"wp:attachment":[{"href":"https:\/\/artsetculture.fr\/index.php\/wp-json\/wp\/v2\/media?parent=13411"}],"wp:term":[{"taxonomy":"category","embeddable":true,"href":"https:\/\/artsetculture.fr\/index.php\/wp-json\/wp\/v2\/categories?post=13411"},{"taxonomy":"post_tag","embeddable":true,"href":"https:\/\/artsetculture.fr\/index.php\/wp-json\/wp\/v2\/tags?post=13411"}],"curies":[{"name":"wp","href":"https:\/\/api.w.org\/{rel}","templated":true}]}}