{"id":11679,"date":"2021-08-09T18:59:28","date_gmt":"2021-08-09T17:59:28","guid":{"rendered":"http:\/\/artsetculture.fr\/?post_type=event&#038;p=11679"},"modified":"2022-01-11T11:26:56","modified_gmt":"2022-01-11T10:26:56","slug":"la-bourse-du-commerce-ab","status":"publish","type":"event","link":"https:\/\/artsetculture.fr\/index.php\/event\/la-bourse-du-commerce-ab\/","title":{"rendered":"La Bourse du Commerce-AB"},"content":{"rendered":"<p>&nbsp;<\/p>\n<p><span style=\"color: #ff0000;\"><em><strong>D\u00e9part du car :\u00a0 9h30<span style=\"color: #000000;\">\u00a0<span style=\"color: #ffffff;\">\u00a0__________________________________________\u00a0 \u00a0<\/span><span style=\"color: #ff0000;\">2<span style=\"color: #ffffff;\">_<\/span>visites-conf\u00e9rences:\u00a0 \u00a011h45 &#8211; 13h45<\/span>\u00a0 <span style=\"color: #ffffff;\">___________________\u00a0<\/span> \u00a0<\/span>RV\u00a0sur place :\u00a0 \u00a011h15\u00a0 et 13h15\u00a0\u00a0<span style=\"color: #ffffff;\">_______________________________<\/span><\/strong><\/em><\/span><span style=\"color: #ffffff;\"><em><strong>\u00a0 \u00a0<\/strong><\/em><\/span><span style=\"color: #ff0000;\"><em><strong>Fondation Pinault &#8211; 2 rue de Viarmes &#8211; Paris 1er\u00a0 \u00a0<span style=\"color: #ffffff;\"> ___________\u00a0<\/span> \u00a0 \u00a0 Entr\u00e9e: 14\u20ac<\/strong><\/em><\/span><span style=\"color: #ffffff;\">___________________________<\/span><\/p>\n<p style=\"text-align: justify;\">Nouveau mus\u00e9e parmi le r\u00e9seau de lieux et d\u2019initiatives d\u00e9velopp\u00e9s depuis 2006 par Fran\u00e7ois Pinault, la Bourse du Commerce \u2013 Pinault Collection\u00a0 propose un point de vue sur la collection <img loading=\"lazy\" decoding=\"async\" class=\"wp-image-11682 alignleft\" src=\"http:\/\/artsetculture.fr\/wp-content\/uploads\/2021\/08\/44787121465_f2f9cdc246_b-300x200.jpg\" alt=\"44787121465_f2f9cdc246_b\" width=\"227\" height=\"151\" srcset=\"https:\/\/artsetculture.fr\/wp-content\/uploads\/2021\/08\/44787121465_f2f9cdc246_b-300x200.jpg 300w, https:\/\/artsetculture.fr\/wp-content\/uploads\/2021\/08\/44787121465_f2f9cdc246_b.jpg 570w\" sizes=\"auto, (max-width: 227px) 100vw, 227px\" \/>d\u2019\u0153uvres contemporaines qu\u2019il rassemble depuis plus de cinquante ans, \u00e0 travers un programme d\u2019expositions et d\u2019\u00e9v\u00e8nements. La collection, un ensemble exceptionnel de plus de 10\u00a0000 \u0153uvres de pr\u00e8s de 350 artistes, est constitu\u00e9e de sculptures, de vid\u00e9os, de photographies, d\u2019\u0153uvres sonores, d\u2019installations et de performances. Les artistes dont Fran\u00e7ois Pinault collectionne les \u0153uvres sont issus de tous les pays et repr\u00e9sentent toutes les <img loading=\"lazy\" decoding=\"async\" class=\"wp-image-11681 alignright\" src=\"http:\/\/artsetculture.fr\/wp-content\/uploads\/2021\/08\/Bourse-pano2-CAR-300x186.jpg\" alt=\"????????????????????????????????????\" width=\"190\" height=\"118\" srcset=\"https:\/\/artsetculture.fr\/wp-content\/uploads\/2021\/08\/Bourse-pano2-CAR-300x186.jpg 300w, https:\/\/artsetculture.fr\/wp-content\/uploads\/2021\/08\/Bourse-pano2-CAR.jpg 429w\" sizes=\"auto, (max-width: 190px) 100vw, 190px\" \/>g\u00e9n\u00e9rations. Ils explorent tous les territoires de la cr\u00e9ation et t\u00e9moignent de l\u2019attention toute particuli\u00e8re port\u00e9e par le collectionneur aux courants \u00e9mergents. Cet ensemble, d\u00e9di\u00e9 \u00e0 l\u2019art des ann\u00e9es 1960 \u00e0 nos jours, offre un regard sur l\u2019art de notre temps, le regard d\u2019un passionn\u00e9, un regard subjectif, qui contribue \u00e0 saisir notre \u00e9poque.\u00a0 \u00a0 \u00a0 \u00a0 \u00a0 \u00a0 \u00a0 \u00a0 \u00a0 \u00a0 \u00a0 \u00a0 \u00a0 \u00a0 \u00a0 \u00a0 \u00a0 \u00a0 \u00a0 \u00a0 \u00a0 <span style=\"color: #ffffff;\">_____________________________________________________<\/span><\/p>\n<p style=\"text-align: justify;\"><em>Limit\u00e9 \u00e0 20 personnes par groupe<\/em><\/p>\n","protected":false},"excerpt":{"rendered":"<p>&nbsp; D\u00e9part du car :\u00a0 9h30\u00a0\u00a0__________________________________________\u00a0 \u00a02_visites-conf\u00e9rences:\u00a0 \u00a011h45 &#8211; 13h45\u00a0 ___________________\u00a0 \u00a0RV\u00a0sur place :\u00a0 \u00a011h15\u00a0 et 13h15\u00a0\u00a0_______________________________\u00a0 \u00a0Fondation Pinault &#8211; 2 rue de Viarmes &#8211; Paris 1er\u00a0 \u00a0 ___________\u00a0 \u00a0 \u00a0 Entr\u00e9e: 14\u20ac___________________________ Nouveau mus\u00e9e parmi le r\u00e9seau de lieux et d\u2019initiatives d\u00e9velopp\u00e9s depuis 2006 par Fran\u00e7ois Pinault, la Bourse du Commerce \u2013 Pinault Collection\u00a0 &hellip; <a href=\"https:\/\/artsetculture.fr\/index.php\/event\/la-bourse-du-commerce-ab\/\" class=\"more-link\">Continuer la lecture de <span class=\"screen-reader-text\">La Bourse du Commerce-AB<\/span>  <span class=\"meta-nav\">&rarr;<\/span><\/a><\/p>\n","protected":false},"author":1,"featured_media":0,"comment_status":"closed","ping_status":"closed","template":"","categories":[36],"tags":[],"class_list":["post-11679","event","type-event","status-publish","hentry","category-visit"],"_links":{"self":[{"href":"https:\/\/artsetculture.fr\/index.php\/wp-json\/wp\/v2\/event\/11679","targetHints":{"allow":["GET"]}}],"collection":[{"href":"https:\/\/artsetculture.fr\/index.php\/wp-json\/wp\/v2\/event"}],"about":[{"href":"https:\/\/artsetculture.fr\/index.php\/wp-json\/wp\/v2\/types\/event"}],"author":[{"embeddable":true,"href":"https:\/\/artsetculture.fr\/index.php\/wp-json\/wp\/v2\/users\/1"}],"replies":[{"embeddable":true,"href":"https:\/\/artsetculture.fr\/index.php\/wp-json\/wp\/v2\/comments?post=11679"}],"version-history":[{"count":0,"href":"https:\/\/artsetculture.fr\/index.php\/wp-json\/wp\/v2\/event\/11679\/revisions"}],"wp:attachment":[{"href":"https:\/\/artsetculture.fr\/index.php\/wp-json\/wp\/v2\/media?parent=11679"}],"wp:term":[{"taxonomy":"category","embeddable":true,"href":"https:\/\/artsetculture.fr\/index.php\/wp-json\/wp\/v2\/categories?post=11679"},{"taxonomy":"post_tag","embeddable":true,"href":"https:\/\/artsetculture.fr\/index.php\/wp-json\/wp\/v2\/tags?post=11679"}],"curies":[{"name":"wp","href":"https:\/\/api.w.org\/{rel}","templated":true}]}}