{"id":11598,"date":"2021-07-31T18:36:55","date_gmt":"2021-07-31T17:36:55","guid":{"rendered":"http:\/\/artsetculture.fr\/?post_type=event&#038;p=11598"},"modified":"2021-09-28T16:14:02","modified_gmt":"2021-09-28T15:14:02","slug":"deux-mille-ans-de-papaute-4-2","status":"publish","type":"event","link":"https:\/\/artsetculture.fr\/index.php\/event\/deux-mille-ans-de-papaute-4-2\/","title":{"rendered":"Deux mille ans de Papaut\u00e9-5"},"content":{"rendered":"<p>&nbsp;<\/p>\n<p style=\"text-align: justify;\">Lieu du martyre de Pierre, le Vatican est peu \u00e0 peu devenu le c\u0153ur du pouvoir de la papaut\u00e9, le centre d&rsquo;un Etat.<br \/> <img loading=\"lazy\" decoding=\"async\" class=\"wp-image-11643 alignleft\" src=\"http:\/\/artsetculture.fr\/wp-content\/uploads\/2021\/07\/Vatican-Pieta-300x277.jpg\" alt=\"Vatican- Pieta\" width=\"209\" height=\"193\" srcset=\"https:\/\/artsetculture.fr\/wp-content\/uploads\/2021\/07\/Vatican-Pieta-300x277.jpg 300w, https:\/\/artsetculture.fr\/wp-content\/uploads\/2021\/07\/Vatican-Pieta.jpg 364w\" sizes=\"auto, (max-width: 209px) 100vw, 209px\" \/>T\u00e9moin de la puissance des papes, le palais est \u00e9galement celui de leur m\u00e9c\u00e9nat,\u00a0 et de leur passion pour les collections d&rsquo;oeuvres d&rsquo;art. Encore aujourd&rsquo;hui les mus\u00e9es du Vatican pr\u00e9sentent des collections parmi les plus riches au monde.<\/p>\n<p style=\"text-align: justify;\">\u00a0<\/p>\n","protected":false},"excerpt":{"rendered":"<p>&nbsp; Lieu du martyre de Pierre, le Vatican est peu \u00e0 peu devenu le c\u0153ur du pouvoir de la papaut\u00e9, le centre d&rsquo;un Etat. T\u00e9moin de la puissance des papes, le palais est \u00e9galement celui de leur m\u00e9c\u00e9nat,\u00a0 et de leur passion pour les collections d&rsquo;oeuvres d&rsquo;art. Encore aujourd&rsquo;hui les mus\u00e9es du Vatican pr\u00e9sentent des &hellip; <a href=\"https:\/\/artsetculture.fr\/index.php\/event\/deux-mille-ans-de-papaute-4-2\/\" class=\"more-link\">Continuer la lecture de <span class=\"screen-reader-text\">Deux mille ans de Papaut\u00e9-5<\/span>  <span class=\"meta-nav\">&rarr;<\/span><\/a><\/p>\n","protected":false},"author":1,"featured_media":0,"comment_status":"closed","ping_status":"closed","template":"","categories":[10],"tags":[],"class_list":["post-11598","event","type-event","status-publish","hentry","category-conferences"],"_links":{"self":[{"href":"https:\/\/artsetculture.fr\/index.php\/wp-json\/wp\/v2\/event\/11598","targetHints":{"allow":["GET"]}}],"collection":[{"href":"https:\/\/artsetculture.fr\/index.php\/wp-json\/wp\/v2\/event"}],"about":[{"href":"https:\/\/artsetculture.fr\/index.php\/wp-json\/wp\/v2\/types\/event"}],"author":[{"embeddable":true,"href":"https:\/\/artsetculture.fr\/index.php\/wp-json\/wp\/v2\/users\/1"}],"replies":[{"embeddable":true,"href":"https:\/\/artsetculture.fr\/index.php\/wp-json\/wp\/v2\/comments?post=11598"}],"version-history":[{"count":1,"href":"https:\/\/artsetculture.fr\/index.php\/wp-json\/wp\/v2\/event\/11598\/revisions"}],"predecessor-version":[{"id":11644,"href":"https:\/\/artsetculture.fr\/index.php\/wp-json\/wp\/v2\/event\/11598\/revisions\/11644"}],"wp:attachment":[{"href":"https:\/\/artsetculture.fr\/index.php\/wp-json\/wp\/v2\/media?parent=11598"}],"wp:term":[{"taxonomy":"category","embeddable":true,"href":"https:\/\/artsetculture.fr\/index.php\/wp-json\/wp\/v2\/categories?post=11598"},{"taxonomy":"post_tag","embeddable":true,"href":"https:\/\/artsetculture.fr\/index.php\/wp-json\/wp\/v2\/tags?post=11598"}],"curies":[{"name":"wp","href":"https:\/\/api.w.org\/{rel}","templated":true}]}}