{"id":11595,"date":"2021-07-31T18:32:21","date_gmt":"2021-07-31T17:32:21","guid":{"rendered":"http:\/\/artsetculture.fr\/?post_type=event&#038;p=11595"},"modified":"2021-09-28T16:10:35","modified_gmt":"2021-09-28T15:10:35","slug":"deux-mille-ans-de-papaute-2-2","status":"publish","type":"event","link":"https:\/\/artsetculture.fr\/index.php\/event\/deux-mille-ans-de-papaute-2-2\/","title":{"rendered":"Deux mille ans de Papaut\u00e9-2"},"content":{"rendered":"<p>&nbsp;<\/p>\n<p style=\"text-align: justify;\">A travers la d\u00eeme, l\u2019imp\u00f4t pontifical, la papaut\u00e9 est devenue une puissance \u00e9conomique jalous\u00e9e, m\u00eame au sein de l\u2019\u00c9glise. L\u2019exil des papes \u00e0 Avignon, le Grand schisme puis la R\u00e9forme sont autant d\u2019\u00e9preuves qui remirent en cause le r\u00f4le que la papaut\u00e9 avait impos\u00e9. Entre tentation th\u00e9ocratique, et lutte contre le c\u00e9saro-papisme, un m\u00e9c\u00e9nat outrancier et des ambitions politiques, rythment et red\u00e9finissent ce que doit \u00eatre un pape, en Italie et en Europe.<\/p>\n<p style=\"text-align: justify;\">\u00a0<\/p>\n","protected":false},"excerpt":{"rendered":"<p>&nbsp; A travers la d\u00eeme, l\u2019imp\u00f4t pontifical, la papaut\u00e9 est devenue une puissance \u00e9conomique jalous\u00e9e, m\u00eame au sein de l\u2019\u00c9glise. L\u2019exil des papes \u00e0 Avignon, le Grand schisme puis la R\u00e9forme sont autant d\u2019\u00e9preuves qui remirent en cause le r\u00f4le que la papaut\u00e9 avait impos\u00e9. Entre tentation th\u00e9ocratique, et lutte contre le c\u00e9saro-papisme, un m\u00e9c\u00e9nat &hellip; <a href=\"https:\/\/artsetculture.fr\/index.php\/event\/deux-mille-ans-de-papaute-2-2\/\" class=\"more-link\">Continuer la lecture de <span class=\"screen-reader-text\">Deux mille ans de Papaut\u00e9-2<\/span>  <span class=\"meta-nav\">&rarr;<\/span><\/a><\/p>\n","protected":false},"author":1,"featured_media":0,"comment_status":"closed","ping_status":"closed","template":"","categories":[10],"tags":[77],"class_list":["post-11595","event","type-event","status-publish","hentry","category-conferences","tag-al"],"_links":{"self":[{"href":"https:\/\/artsetculture.fr\/index.php\/wp-json\/wp\/v2\/event\/11595","targetHints":{"allow":["GET"]}}],"collection":[{"href":"https:\/\/artsetculture.fr\/index.php\/wp-json\/wp\/v2\/event"}],"about":[{"href":"https:\/\/artsetculture.fr\/index.php\/wp-json\/wp\/v2\/types\/event"}],"author":[{"embeddable":true,"href":"https:\/\/artsetculture.fr\/index.php\/wp-json\/wp\/v2\/users\/1"}],"replies":[{"embeddable":true,"href":"https:\/\/artsetculture.fr\/index.php\/wp-json\/wp\/v2\/comments?post=11595"}],"version-history":[{"count":0,"href":"https:\/\/artsetculture.fr\/index.php\/wp-json\/wp\/v2\/event\/11595\/revisions"}],"wp:attachment":[{"href":"https:\/\/artsetculture.fr\/index.php\/wp-json\/wp\/v2\/media?parent=11595"}],"wp:term":[{"taxonomy":"category","embeddable":true,"href":"https:\/\/artsetculture.fr\/index.php\/wp-json\/wp\/v2\/categories?post=11595"},{"taxonomy":"post_tag","embeddable":true,"href":"https:\/\/artsetculture.fr\/index.php\/wp-json\/wp\/v2\/tags?post=11595"}],"curies":[{"name":"wp","href":"https:\/\/api.w.org\/{rel}","templated":true}]}}