{"id":10854,"date":"2020-08-02T18:13:36","date_gmt":"2020-08-02T17:13:36","guid":{"rendered":"http:\/\/artsetculture.fr\/?post_type=event&#038;p=10854"},"modified":"2021-08-06T19:48:08","modified_gmt":"2021-08-06T18:48:08","slug":"empire_romain-germanique-4","status":"publish","type":"event","link":"https:\/\/artsetculture.fr\/index.php\/event\/empire_romain-germanique-4\/","title":{"rendered":"Empire_romain germanique-4"},"content":{"rendered":"<p style=\"text-align: justify;\">\u00a0<\/p>\n<p style=\"text-align: justify;\">Fr\u00e9d\u00e9ric II est un souverain fascinant, d\u00e9j\u00e0 surnomm\u00e9 de son vivant <em>Stupor mundi<\/em> (la \u00ab\u00a0Stupeur du monde\u00a0\u00bb) et \u00ab\u00a0prodigieux transformateur des choses\u00a0\u00bb. M\u00eame sa naissance le 26 d\u00e9cembre 1194 est extraordinaire. Orphelin tr\u00e8s jeune, h\u00e9ritier du sud de l\u2019Italie par sa m\u00e8re Constance, il eut du mal \u00e0 r\u00e9cup\u00e9rer la couronne germanique tenue par son p\u00e8re Henri VI puis son oncle Fr\u00e9d\u00e9ric IV, prise ensuite par Otton IV de Brunswick. Ce dernier fut chass\u00e9 par Philippe Auguste, alli\u00e9 des Hohenstaufen (Bouvines, 1214). C\u2019est l\u2019origine des Guelfes et Gibelins. D\u2019une remarquable culture, \u00e9clectique, attach\u00e9e \u00e0 l\u2019Orient, il fait preuve d\u2019une large ouverture d\u2019esprit et entre en conflit violent avec le pape. M\u00e9c\u00e8ne, il fait r\u00e9aliser des imitations de l\u2019Antiquit\u00e9 romaine dont il revendique l\u2019h\u00e9ritage politique et fait b\u00e2tir des ch\u00e2teaux dans le sud de l\u2019Italie, dont Castel del Monte, le plus c\u00e9l\u00e8bre et le plus \u00e9nigmatique. Apr\u00e8s sa mort en 1250, ses h\u00e9ritiers sont \u00e9limin\u00e9s durant une p\u00e9riode de troubles (le Grand Interr\u00e8gne) qui conduira \u00e0 l\u2019\u00e9lection de Rodolphe 1er de Habsbourg en 1273.<\/p>\n<p style=\"text-align: justify;\">\u00a0<\/p>\n","protected":false},"excerpt":{"rendered":"<p>\u00a0 Fr\u00e9d\u00e9ric II est un souverain fascinant, d\u00e9j\u00e0 surnomm\u00e9 de son vivant Stupor mundi (la \u00ab\u00a0Stupeur du monde\u00a0\u00bb) et \u00ab\u00a0prodigieux transformateur des choses\u00a0\u00bb. M\u00eame sa naissance le 26 d\u00e9cembre 1194 est extraordinaire. Orphelin tr\u00e8s jeune, h\u00e9ritier du sud de l\u2019Italie par sa m\u00e8re Constance, il eut du mal \u00e0 r\u00e9cup\u00e9rer la couronne germanique tenue par &hellip; <a href=\"https:\/\/artsetculture.fr\/index.php\/event\/empire_romain-germanique-4\/\" class=\"more-link\">Continuer la lecture de <span class=\"screen-reader-text\">Empire_romain germanique-4<\/span>  <span class=\"meta-nav\">&rarr;<\/span><\/a><\/p>\n","protected":false},"author":8,"featured_media":0,"comment_status":"closed","ping_status":"closed","template":"","categories":[81],"tags":[77],"class_list":["post-10854","event","type-event","status-publish","hentry","category-reportc","tag-al"],"_links":{"self":[{"href":"https:\/\/artsetculture.fr\/index.php\/wp-json\/wp\/v2\/event\/10854","targetHints":{"allow":["GET"]}}],"collection":[{"href":"https:\/\/artsetculture.fr\/index.php\/wp-json\/wp\/v2\/event"}],"about":[{"href":"https:\/\/artsetculture.fr\/index.php\/wp-json\/wp\/v2\/types\/event"}],"author":[{"embeddable":true,"href":"https:\/\/artsetculture.fr\/index.php\/wp-json\/wp\/v2\/users\/8"}],"replies":[{"embeddable":true,"href":"https:\/\/artsetculture.fr\/index.php\/wp-json\/wp\/v2\/comments?post=10854"}],"version-history":[{"count":0,"href":"https:\/\/artsetculture.fr\/index.php\/wp-json\/wp\/v2\/event\/10854\/revisions"}],"wp:attachment":[{"href":"https:\/\/artsetculture.fr\/index.php\/wp-json\/wp\/v2\/media?parent=10854"}],"wp:term":[{"taxonomy":"category","embeddable":true,"href":"https:\/\/artsetculture.fr\/index.php\/wp-json\/wp\/v2\/categories?post=10854"},{"taxonomy":"post_tag","embeddable":true,"href":"https:\/\/artsetculture.fr\/index.php\/wp-json\/wp\/v2\/tags?post=10854"}],"curies":[{"name":"wp","href":"https:\/\/api.w.org\/{rel}","templated":true}]}}