{"id":4466,"date":"2015-07-11T19:04:27","date_gmt":"2015-07-11T18:04:27","guid":{"rendered":"http:\/\/artsetculture.fr\/?page_id=4466"},"modified":"2017-02-21T12:33:30","modified_gmt":"2017-02-21T11:33:30","slug":"patrimoine-local-2016","status":"publish","type":"page","link":"http:\/\/artsetculture.fr\/index.php\/historique\/saison2015-2016\/patrimoine-local-2016\/","title":{"rendered":"Patrimoine local 2016"},"content":{"rendered":"<h2>f\u00e9vrier 2016<\/h2><div class=\"qem \"><div class=\"qem-icon\"><div class=\"qem-calendar-small\" style=\"margin:0 6px 8px 0;\"><span class=\"day\" >02<\/span><span class=\"nonday\" ><span class=\"month\"><b><em>F\u00e9v<\/em><\/b><\/span><span class=\"year\">2016<\/span><\/span><\/div><\/div><div class=\"qem-small\"><div class=\"qemright\">\r\n<img decoding=\"async\" class=\"qem-image\" src=\"http:\/\/artsetculture.fr\/wp-content\/uploads\/2016\/01\/Jannin-WEB.jpg\"><br>\r\n<\/div>\r\n<h2 class=\"qem_title\">Mus\u00e9e d'Aubigny<\/h2><p class=\"desc\" style=\"font-weight: bold; font-style: italic; font-size: 100%; \" >Les graveurs de l'imaginaire<\/p><p class=\"location\" style=\"font-weight: bold; font-style: italic; color: #dd3333; font-size: 90%; \" >Auvers sur Oise<\/p><p style=\"text-align: left;\">\u00a0 \u00a0\u00a0<\/p>\r\n<p style=\"text-align: left;\"><em><strong>Paule Fraud, Paul Jeannin<\/strong><\/em><\/p>\r\n<p style=\"text-align: justify;\">Dans les gravures de Paule Fraud, son jardin et la nature sont au c\u0153ur de sa cr\u00e9ation et nourrit son imaginaire. Elle poursuit sa qu\u00eate de mati\u00e8res nouvelles en r\u00e9utilisant et en assemblant des fragments de gravures qui sont coll\u00e9es, vernis, pensez \u00e0 plusieurs reprises jusqu'\u00e0 obtenir des panneaux de lac qui \u00e9voque l'art oriental.<\/p>\r\n<p style=\"text-align: justify;\">Paul Jeannin, peintre et graveur \u00e9tait \u00ab capable de tout \u00bb. Il fit de la peinture, des aquarelles, des pastels, s'amusa \u00e0 quelques structures, mais s'accomplit pleinement dans la gravure. Son regard lucide, parfois d\u00e9sabus\u00e9 sur la r\u00e9alit\u00e9 humaine, souvent inqui\u00e9tant, toujours drolatiques, pousse le spectateur a vraiment \u00ab regarder \u00bb.<\/p>\r\n<p style=\"text-align: justify;\">\u00a0<\/p>\r\n<p style=\"text-align: left;\"><em><strong>\u00a0\u00a0<\/strong><\/em><\/p><div style=\"clear:both\"><\/div><\/div><\/div>\r\n\n<p><strong><em>\u00a0 \u00a0 \u00a0 \u00a0 \u00a0 \u00a0 \u00a0 \u00a0 \u00a0 \u00a0 \u00a0 \u00a0 \u00a0 \u00a0 \u00a0 \u00a0 \u00a0 \u00a0 \u00a0<a href=\"http:\/\/artsetculture.fr\/index.php\/historique\/conferences\/conferences-2015-2016\/\">Conf\u00e9rences<\/a>\u00a0 \u00a0 \u00a0 \u00a0 \u00a0 \u00a0 \u00a0 \u00a0 \u00a0 \u00a0 \u00a0 \u00a0 \u00a0 \u00a0 \u00a0 \u00a0 \u00a0 \u00a0<a href=\"http:\/\/artsetculture.fr\/index.php\/historique\/conferences\/visites-2015-2016\/\">Visites<\/a><br \/>\n<\/em><\/strong><\/p>\n<p><em><strong>\u00a0 \u00a0 \u00a0 \u00a0 \u00a0 \u00a0 \u00a0 \u00a0 \u00a0 \u00a0 \u00a0 \u00a0 \u00a0 \u00a0 \u00a0 \u00a0 \u00a0 \u00a0 \u00a0 \u00a0 \u00a0 \u00a0 \u00a0 \u00a0 \u00a0 \u00a0 \u00a0 \u00a0 \u00a0 \u00a0 \u00a0 \u00a0<a href=\"http:\/\/artsetculture.fr\/index.php\/infos-pratiques-2\/conditions\/\">Infos pratiques<\/a><\/strong><\/em><\/p>\n<h4><strong><span style=\"color: #ffffff;\">______<\/span><a href=\"http:\/\/artsetculture.fr\/index.php\/historique\/conferences\/patrimoine-local-2016\/\">_______________________________<span style=\"color: #008000;\">_____________<\/span>____\u00a0\u21d1<\/a><\/strong><\/h4>\n","protected":false},"excerpt":{"rendered":"<p>\u00a0 \u00a0 \u00a0 \u00a0 \u00a0 \u00a0 \u00a0 \u00a0 \u00a0 \u00a0 \u00a0 \u00a0 \u00a0 \u00a0 \u00a0 \u00a0 \u00a0 \u00a0 \u00a0Conf\u00e9rences\u00a0 \u00a0 \u00a0 \u00a0 \u00a0 \u00a0 \u00a0 \u00a0 \u00a0 \u00a0 \u00a0 \u00a0 \u00a0 \u00a0 \u00a0 \u00a0 \u00a0 \u00a0Visites \u00a0 \u00a0 \u00a0 \u00a0 \u00a0 \u00a0 \u00a0 \u00a0 \u00a0 \u00a0 \u00a0 \u00a0 \u00a0 \u00a0 \u00a0 \u00a0 \u00a0 \u00a0 \u00a0 &hellip; <a href=\"http:\/\/artsetculture.fr\/index.php\/event\/brancusi-2-3-3-3-2\/\" class=\"more-link\">Continuer la lecture de <span class=\"screen-reader-text\">MATISSE<\/span>  <span class=\"meta-nav\">&rarr;<\/span><\/a><\/p>\n","protected":false},"author":1,"featured_media":0,"parent":46,"menu_order":3,"comment_status":"closed","ping_status":"closed","template":"","meta":{"footnotes":""},"class_list":["post-4466","page","type-page","status-publish","hentry"],"_links":{"self":[{"href":"http:\/\/artsetculture.fr\/index.php\/wp-json\/wp\/v2\/pages\/4466","targetHints":{"allow":["GET"]}}],"collection":[{"href":"http:\/\/artsetculture.fr\/index.php\/wp-json\/wp\/v2\/pages"}],"about":[{"href":"http:\/\/artsetculture.fr\/index.php\/wp-json\/wp\/v2\/types\/page"}],"author":[{"embeddable":true,"href":"http:\/\/artsetculture.fr\/index.php\/wp-json\/wp\/v2\/users\/1"}],"replies":[{"embeddable":true,"href":"http:\/\/artsetculture.fr\/index.php\/wp-json\/wp\/v2\/comments?post=4466"}],"version-history":[{"count":13,"href":"http:\/\/artsetculture.fr\/index.php\/wp-json\/wp\/v2\/pages\/4466\/revisions"}],"predecessor-version":[{"id":5895,"href":"http:\/\/artsetculture.fr\/index.php\/wp-json\/wp\/v2\/pages\/4466\/revisions\/5895"}],"up":[{"embeddable":true,"href":"http:\/\/artsetculture.fr\/index.php\/wp-json\/wp\/v2\/pages\/46"}],"wp:attachment":[{"href":"http:\/\/artsetculture.fr\/index.php\/wp-json\/wp\/v2\/media?parent=4466"}],"curies":[{"name":"wp","href":"https:\/\/api.w.org\/{rel}","templated":true}]}}