{"id":12992,"date":"2024-01-24T14:50:02","date_gmt":"2024-01-24T13:50:02","guid":{"rendered":"https:\/\/artsetculture.fr\/?page_id=12992"},"modified":"2025-07-27T16:28:44","modified_gmt":"2025-07-27T15:28:44","slug":"accueil-2","status":"publish","type":"page","link":"http:\/\/artsetculture.fr\/index.php\/infos-pratiques\/accueil-2\/","title":{"rendered":"Qui sommes-nous ?"},"content":{"rendered":"<p style=\"text-align: left;\"><img loading=\"lazy\" decoding=\"async\" class=\"alignnone wp-image-6651\" src=\"http:\/\/artsetculture.fr\/wp-content\/uploads\/2016\/01\/Titre-300x27.jpg\" alt=\"Titre\" width=\"480\" height=\"44\" srcset=\"http:\/\/artsetculture.fr\/wp-content\/uploads\/2016\/01\/Titre-300x27.jpg 300w, http:\/\/artsetculture.fr\/wp-content\/uploads\/2016\/01\/Titre-768x70.jpg 768w, http:\/\/artsetculture.fr\/wp-content\/uploads\/2016\/01\/Titre.jpg 909w\" sizes=\"auto, (max-width: 480px) 100vw, 480px\" \/><img loading=\"lazy\" decoding=\"async\" class=\"alignnone wp-image-6652\" src=\"http:\/\/artsetculture.fr\/wp-content\/uploads\/2016\/01\/Titre2-300x18.jpg\" alt=\"Titre2\" width=\"480\" height=\"30\" srcset=\"http:\/\/artsetculture.fr\/wp-content\/uploads\/2016\/01\/Titre2-300x18.jpg 300w, http:\/\/artsetculture.fr\/wp-content\/uploads\/2016\/01\/Titre2-768x47.jpg 768w, http:\/\/artsetculture.fr\/wp-content\/uploads\/2016\/01\/Titre2.jpg 910w\" sizes=\"auto, (max-width: 480px) 100vw, 480px\" \/><\/p>\n<p class=\"p1\"><span style=\"text-decoration: underline;\"><b>Des conf\u00e9rences<\/b><\/span><b><\/b><\/p>\n<p class=\"p3\">Les conf\u00e9rences ont pour but, dans un <span class=\"s1\"><b>contexte convivial<\/b><\/span>, d\u2019enrichir ou d\u2019approfondir vos connaissances <span class=\"s1\"><b>sur les arts et leur histoire<\/b><\/span>, mais aussi sur diff\u00e9rents <span class=\"s1\"><b>autres sujets culturels<\/b><\/span>, choisis pour leur int\u00e9r\u00eat ou leur actualit\u00e9.<\/p>\n<p class=\"p3\">Tous les intervenants sont dipl\u00f4m\u00e9s de l\u2019Ecole du Louvre ou de niveau \u00e9quivalent.<\/p>\n<p class=\"p3\"><span class=\"s1\"><b>Les conf\u00e9rences avec vid\u00e9o-projections<\/b><\/span> ont lieu toutes les semaines de septembre \u00e0 avril, hors vacances scolaires.<\/p>\n<p class=\"p1\"><span style=\"text-decoration: underline;\"><b>Des visites &#8211; conf\u00e9rences<\/b><\/span><\/p>\n<p class=\"p1\">L\u2019association Arts &amp; Culture propose pour cette ann\u00e9e un cycle de sept visites conf\u00e9rences : <span class=\"s1\"><b>mus\u00e9es-expositions<\/b><\/span> avec notre conf\u00e9renci\u00e8re agr\u00e9\u00e9e, Mme Gagliano et ses coll\u00e8gues, <span class=\"s1\"><b>quartiers parisiens et environs de Paris<\/b><\/span> avec avec un guide conf\u00e9rencier de la ville de Paris.<\/p>\n<p class=\"p1\">Un service de cars prend les adh\u00e9rents au d\u00e9part de la Maison de l\u2019Isle-Adam pour chacune de ces visites.<\/p>\n<p class=\"p1\"><span style=\"text-decoration: underline;\"><b>Des visites du patrimoine local<\/b><\/span><\/p>\n<p class=\"p1\">En collaboration avec les mus\u00e9es de l\u2019Isle-Adam et des environs, l\u2019association organise pour ses adh\u00e9rents, la visite comment\u00e9e des expositions temporaires.<\/p>\n<p class=\"p1\"><span style=\"text-decoration: underline;\"><b>Des \u00ab Escapades culturelles \u00bb<\/b><\/span><\/p>\n<p class=\"p1\">Une belle journ\u00e9e \u00e0 la d\u00e9couverte des innombrables richesses souvent oubli\u00e9es de notre patrimoine culturel : monuments, mus\u00e9es, demeures de personnages c\u00e9l\u00e8bres, sites remarquables\u2026 sans oublier un peu de gastronomie\u2026<\/p>\n<p style=\"text-align: left;\">\n<p style=\"text-align: left;\"><strong><em>\u00a0 \u00a0 \u00a0 \u00a0 \u00a0 \u00a0 \u00a0 \u00a0 \u00a0 \u00a0 \u00a0 \u00a0 \u00a0 \u00a0 <span style=\"color: #0000ff;\">06 84 47 69 64<a href=\"mailto:contact@artsetculture.fr\">\u00a0<\/a>\u00a0 \u00a0 \u00a0 \u00a0\u00a0<\/span>\u00a0\u00a0\u00a0<a href=\"mailto:contact@artsetculture.fr\"><span style=\"color: #0000ff;\">contact@artsetculture.fr<\/span><\/a><\/em><\/strong><\/p>\n<p><em><strong>\u00a0 \u00a0 \u00a0 \u00a0\u00a0<\/strong><\/em><em><strong>\u00a0 \u00a0 \u00a0 \u00a0 \u00a0 \u00a0 \u00a0 \u00a0 \u00a0 \u00a0<a href=\"http:\/\/artsetculture.fr\/\">Actualit\u00e9s<\/a>\u00a0 \u00a0 \u00a0 \u00a0 \u00a0 \u00a0 \u00a0 \u00a0 \u00a0 \u00a0 \u00a0 \u00a0 \u00a0 \u00a0 \u00a0 \u00a0 \u00a0 \u00a0 \u00a0 \u00a0 \u00a0 \u00a0 \u00a0 \u00a0\u00a0 \u00a0<a href=\"http:\/\/artsetculture.fr\/index.php\/infos-pratiques\/adhesion\/\">Adh\u00e9sions<\/a>\u00a0 \u00a0 \u00a0 \u00a0<\/strong><\/em><\/p>\n<p><em><strong>\u00a0 \u00a0 \u00a0 \u00a0 \u00a0<a href=\"https:\/\/artsetculture.fr\/index.php\/activites1\/programme-de-la-saison\/\">Programme \u00a0de la saison<\/a>\u00a0 \u00a0 \u00a0 \u00a0 \u00a0 \u00a0 \u00a0 \u00a0 \u00a0 \u00a0 \u00a0\u00a0<a href=\"http:\/\/artsetculture.fr\/index.php\/infos-pratiques-2\/conditions\/\">Informations \u00a0pratiques<\/a><\/strong><\/em><\/p>\n<h1 style=\"text-align: left;\"><a href=\"http:\/\/artsetculture.fr\/index.php\/accueil\/\"><span style=\"color: #008000;\"><strong>___________________________________________\u21d1<\/strong><\/span><\/a><\/h1>\n","protected":false},"excerpt":{"rendered":"<p>Des conf\u00e9rences Les conf\u00e9rences ont pour but, dans un contexte convivial, d\u2019enrichir ou d\u2019approfondir vos connaissances sur les arts et leur histoire, mais aussi sur diff\u00e9rents autres sujets culturels, choisis pour leur int\u00e9r\u00eat ou leur actualit\u00e9. Tous les intervenants sont dipl\u00f4m\u00e9s de l\u2019Ecole du Louvre ou de niveau \u00e9quivalent. Les conf\u00e9rences avec vid\u00e9o-projections ont lieu &hellip; <a href=\"http:\/\/artsetculture.fr\/index.php\/infos-pratiques\/accueil-2\/\" class=\"more-link\">Continuer la lecture de <span class=\"screen-reader-text\">Qui sommes-nous ?<\/span>  <span class=\"meta-nav\">&rarr;<\/span><\/a><\/p>\n","protected":false},"author":111,"featured_media":0,"parent":1043,"menu_order":1,"comment_status":"closed","ping_status":"closed","template":"","meta":{"footnotes":""},"class_list":["post-12992","page","type-page","status-publish","hentry"],"_links":{"self":[{"href":"http:\/\/artsetculture.fr\/index.php\/wp-json\/wp\/v2\/pages\/12992","targetHints":{"allow":["GET"]}}],"collection":[{"href":"http:\/\/artsetculture.fr\/index.php\/wp-json\/wp\/v2\/pages"}],"about":[{"href":"http:\/\/artsetculture.fr\/index.php\/wp-json\/wp\/v2\/types\/page"}],"author":[{"embeddable":true,"href":"http:\/\/artsetculture.fr\/index.php\/wp-json\/wp\/v2\/users\/111"}],"replies":[{"embeddable":true,"href":"http:\/\/artsetculture.fr\/index.php\/wp-json\/wp\/v2\/comments?post=12992"}],"version-history":[{"count":3,"href":"http:\/\/artsetculture.fr\/index.php\/wp-json\/wp\/v2\/pages\/12992\/revisions"}],"predecessor-version":[{"id":13730,"href":"http:\/\/artsetculture.fr\/index.php\/wp-json\/wp\/v2\/pages\/12992\/revisions\/13730"}],"up":[{"embeddable":true,"href":"http:\/\/artsetculture.fr\/index.php\/wp-json\/wp\/v2\/pages\/1043"}],"wp:attachment":[{"href":"http:\/\/artsetculture.fr\/index.php\/wp-json\/wp\/v2\/media?parent=12992"}],"curies":[{"name":"wp","href":"https:\/\/api.w.org\/{rel}","templated":true}]}}