{"id":9533,"date":"2019-08-15T19:31:20","date_gmt":"2019-08-15T18:31:20","guid":{"rendered":"http:\/\/artsetculture.fr\/?post_type=event&#038;p=9533"},"modified":"2019-08-20T12:44:19","modified_gmt":"2019-08-20T11:44:19","slug":"greco-b","status":"publish","type":"event","link":"http:\/\/artsetculture.fr\/index.php\/event\/greco-b\/","title":{"rendered":"Greco-B"},"content":{"rendered":"<p>&nbsp;<\/p>\n<p><span style=\"color: #ff0000;\"><em><strong>D\u00e9part du car : 12h15<span style=\"color: #ffffff;\">\u00a0 ___<\/span>\u00a0 RV\u00a0sur place : 13h45\u00a0 \u00a0\u00a0<span style=\"color: #ffffff;\">\u00a0_____<\/span>\u00a0 \u00a0 \u00a0 Visite: 14h00\u00a0\u00a0<span style=\"color: #ffffff;\">_\u00a0 \u00a0 \u00a0 \u00a0 \u00a0_ 8888__\u00a0 \u00a0 \u00a0 \u00a0<\/span>Entr\u00e9e 15\u20ac\u00a0<\/strong><\/em><\/span><\/p>\n<p>&nbsp;<\/p>\n<p style=\"text-align: justify;\">Cette r\u00e9trospective est la premi\u00e8re grande exposition jamais consacr\u00e9e en France \u00e0 ce g\u00e9nie artistique.\u00a0<br \/> \u00a0<br \/> N\u00e9 en 1541 en Cr\u00e8te, Domenico Theotokopoulos, dit El Greco, fait son premier apprentissage dans la tradition byzantine avant de parfaire sa formation \u00e0 Venise puis \u00e0 Rome.<\/p>\n<p style=\"text-align: justify;\">C\u2019est cependant en Espagne que son art s\u2019\u00e9panouit et s\u2019implante durablement \u00e0 partir de la d\u00e9cennie 1570. Attir\u00e9 par les mirifiques promesses du chantier de l\u2019Escorial, l\u2019artiste importe <img loading=\"lazy\" decoding=\"async\" class=\"alignleft wp-image-9532\" src=\"http:\/\/artsetculture.fr\/wp-content\/uploads\/2019\/08\/Marchands-temple-CAWEB-300x224.jpg\" alt=\"Marchands temple-CAWEB\" width=\"240\" height=\"179\" srcset=\"http:\/\/artsetculture.fr\/wp-content\/uploads\/2019\/08\/Marchands-temple-CAWEB-300x224.jpg 300w, http:\/\/artsetculture.fr\/wp-content\/uploads\/2019\/08\/Marchands-temple-CAWEB.jpg 448w\" sizes=\"auto, (max-width: 240px) 100vw, 240px\" \/>dans la p\u00e9ninsule la couleur du Titien, les audaces du Tintoret et la force plastique de Michel-Ange. Cette \u00e9loquente synth\u00e8se, originale mais coh\u00e9rente par rapport \u00e0 sa trajectoire, donne \u00e0 Greco, mort quatre ans apr\u00e8s Caravage, une place particuli\u00e8re dans l\u2019histoire de la peinture : celle du dernier grand ma\u00eetre de la Renaissance et du premier grand peintre du Si\u00e8cle d\u2019Or.<\/p>\n<p style=\"text-align: justify;\">Ce sont les avant-gardes europ\u00e9ennes qui, au tournant des XIXe et XXe si\u00e8cles, red\u00e9couvrent Greco, \u00e9blouis par son oeuvre \u00e0 la fois fougueuse et \u00e9lectrique, inscrivant son nom \u00e0 c\u00f4t\u00e9 du leur dans le grand livre naissant de la modernit\u00e9.<\/p>\n<p style=\"text-align: justify;\"><span style=\"color: #ffffff;\">____________________________<\/span><\/p>\n<p style=\"text-align: justify;\"><em>Limit\u00e9 \u00e0 25 personnes<\/em><\/p>\n","protected":false},"excerpt":{"rendered":"<p>&nbsp; D\u00e9part du car : 12h15\u00a0 ___\u00a0 RV\u00a0sur place : 13h45\u00a0 \u00a0\u00a0\u00a0_____\u00a0 \u00a0 \u00a0 Visite: 14h00\u00a0\u00a0_\u00a0 \u00a0 \u00a0 \u00a0 \u00a0_ 8888__\u00a0 \u00a0 \u00a0 \u00a0Entr\u00e9e 15\u20ac\u00a0 &nbsp; Cette r\u00e9trospective est la premi\u00e8re grande exposition jamais consacr\u00e9e en France \u00e0 ce g\u00e9nie artistique.\u00a0 \u00a0 N\u00e9 en 1541 en Cr\u00e8te, Domenico Theotokopoulos, dit El Greco, fait son premier &hellip; <a href=\"http:\/\/artsetculture.fr\/index.php\/event\/greco-b\/\" class=\"more-link\">Continuer la lecture de <span class=\"screen-reader-text\">Greco-B<\/span>  <span class=\"meta-nav\">&rarr;<\/span><\/a><\/p>\n","protected":false},"author":1,"featured_media":0,"comment_status":"closed","ping_status":"closed","template":"","categories":[36],"tags":[],"class_list":["post-9533","event","type-event","status-publish","hentry","category-visit"],"_links":{"self":[{"href":"http:\/\/artsetculture.fr\/index.php\/wp-json\/wp\/v2\/event\/9533","targetHints":{"allow":["GET"]}}],"collection":[{"href":"http:\/\/artsetculture.fr\/index.php\/wp-json\/wp\/v2\/event"}],"about":[{"href":"http:\/\/artsetculture.fr\/index.php\/wp-json\/wp\/v2\/types\/event"}],"author":[{"embeddable":true,"href":"http:\/\/artsetculture.fr\/index.php\/wp-json\/wp\/v2\/users\/1"}],"replies":[{"embeddable":true,"href":"http:\/\/artsetculture.fr\/index.php\/wp-json\/wp\/v2\/comments?post=9533"}],"version-history":[{"count":0,"href":"http:\/\/artsetculture.fr\/index.php\/wp-json\/wp\/v2\/event\/9533\/revisions"}],"wp:attachment":[{"href":"http:\/\/artsetculture.fr\/index.php\/wp-json\/wp\/v2\/media?parent=9533"}],"wp:term":[{"taxonomy":"category","embeddable":true,"href":"http:\/\/artsetculture.fr\/index.php\/wp-json\/wp\/v2\/categories?post=9533"},{"taxonomy":"post_tag","embeddable":true,"href":"http:\/\/artsetculture.fr\/index.php\/wp-json\/wp\/v2\/tags?post=9533"}],"curies":[{"name":"wp","href":"https:\/\/api.w.org\/{rel}","templated":true}]}}