{"id":5333,"date":"2017-01-07T17:58:43","date_gmt":"2017-01-07T16:58:43","guid":{"rendered":"http:\/\/artsetculture.fr\/?post_type=event&#038;p=5333"},"modified":"2017-05-11T10:08:13","modified_gmt":"2017-05-11T09:08:13","slug":"rembrandt-2-2-3","status":"publish","type":"event","link":"http:\/\/artsetculture.fr\/index.php\/event\/rembrandt-2-2-3\/","title":{"rendered":"21 rue La Bo\u00e9tie"},"content":{"rendered":"<p style=\"text-align: justify;\">\u00a0\u00a0<\/p>\n<p style=\"text-align: justify;\"><em><strong>\u00a0Groupes A et B<\/strong><\/em><\/p>\n<p style=\"text-align: justify;\"><span style=\"color: #ff0000;\"><em><strong>D\u00e9par<\/strong><\/em><\/span><span style=\"color: #ff0000;\"><em><strong>t du car : \u00a08h45 \u00a0 \u00a0 \u00a0 \u00a0 \u00a0 \u00a0 \u00a0 \u00a0 \u00a0 \u00a0 \u00a0 \u00a0 \u00a0 \u00a0 \u00a0 \u00a0 \u00a0 \u00a0 \u00a0 \u00a0 \u00a0 \u00a0 \u00a0 \u00a0 \u00a0 \u00a0 \u00a0 \u00a0 \u00a0 \u00a0 \u00a0 \u00a0 \u00a0 \u00a0 \u00a0 \u00a0 \u00a0 \u00a0 \u00a0 \u00a0 \u00a0 <span style=\"text-decoration: underline;\">Visites<\/span> : \u00a0Groupe A : \u00a010h45 \u00a0 &#8211; \u00a0 Groupe B : 12h45 \u00a0 \u00a0 \u00a0 \u00a0 \u00a0 \u00a0 \u00a0 \u00a0 \u00a0 \u00a0 \u00a0 \u00a0 <span style=\"text-decoration: underline;\">RV sur place<\/span> : \u00a0Groupe A : \u00a010h30 \u00a0 &#8211; \u00a0 Groupe B : 12h30 \u00a0 \u00a0 \u00a0 \u00a0 \u00a0 \u00a0 \u00a0 Mus\u00e9e Maillol &#8211; 59-61 \u00a0rue de Grenelle Paris VII \u00a0 \u00a0 \u00a0 \u00a0 \u00a0 \u00a0 \u00a0 \u00a0 \u00a0 \u00a0 \u00a0 \u00a0 \u00a0 \u00a0 \u00a0 Entr\u00e9e \u00a012,50 \u20ac<\/strong><\/em><\/span><\/p>\n<p style=\"text-align: justify;\">\u00a0<br \/><a href=\"http:\/\/www.21ruelaboetie.com\/\"><img loading=\"lazy\" decoding=\"async\" class=\"alignleft wp-image-5337 size-thumbnail\" src=\"http:\/\/artsetculture.fr\/wp-content\/uploads\/2017\/01\/marie_laurencin_portrait_danne_sinclair_WEB-150x150.jpg\" alt=\"marie_laurencin_portrait_danne_sinclair_web\" width=\"150\" height=\"150\" srcset=\"http:\/\/artsetculture.fr\/wp-content\/uploads\/2017\/01\/marie_laurencin_portrait_danne_sinclair_WEB-150x150.jpg 150w, http:\/\/artsetculture.fr\/wp-content\/uploads\/2017\/01\/marie_laurencin_portrait_danne_sinclair_WEB.jpg 300w\" sizes=\"auto, (max-width: 150px) 100vw, 150px\" \/><\/a>L\u2019exposition retrace le parcours singulier de Paul Rosenberg (1881-1959), l\u2019un des grands marchands d\u2019art de la premi\u00e8re moiti\u00e9 du XX\u00e8me si\u00e8cle. Elle rassemble plus d\u2019une soixantaine de chefs d\u2019\u0153uvre de l\u2019art moderne, pour certains in\u00e9dits en France et provenant des plus grandes collections publiques ou priv\u00e9es d\u2019Europe. La petite-fille de Paul Rosenberg, Anne Sinclair a apport\u00e9 son soutien actif \u00e0 l\u2019organisation de cette exposition qui porte le nom de son livre\u00a0: \u00ab\u00a021 rue la Bo\u00e9tie\u00a0\u00bb \u00e9crit en 2012.<\/p>\n<p style=\"text-align: justify;\"><a href=\"http:\/\/www.21ruelaboetie.com\/\"><img loading=\"lazy\" decoding=\"async\" class=\"alignright wp-image-5338 size-thumbnail\" src=\"http:\/\/artsetculture.fr\/wp-content\/uploads\/2017\/01\/georges_braque_nu_coucheu_1935-WEB-150x150.jpg\" alt=\"georges_braque_nu_coucheu_1935-web\" width=\"150\" height=\"150\" srcset=\"http:\/\/artsetculture.fr\/wp-content\/uploads\/2017\/01\/georges_braque_nu_coucheu_1935-WEB-150x150.jpg 150w, http:\/\/artsetculture.fr\/wp-content\/uploads\/2017\/01\/georges_braque_nu_coucheu_1935-WEB.jpg 300w\" sizes=\"auto, (max-width: 150px) 100vw, 150px\" \/><\/a>M\u00ealant histoire de l\u2019art, histoire sociale et politique, l\u2019exposition met en lumi\u00e8re un moment crucial du XX\u00e8me si\u00e8cle, dont Paul Rosenberg a \u00e9t\u00e9 un t\u00e9moin embl\u00e9matique, \u00e0 la fois acteur et victime. En effet, la carri\u00e8re de ce marchand d\u2019art passionn\u00e9, ami et agent des plus grands artistes de son temps permet d\u2019appr\u00e9hender sous un prisme nouveau le double tournant de l\u2019histoire de l\u2019art que repr\u00e9sentent l\u2019\u00e9mergence de l\u2019art moderne et le d\u00e9placement du centre artistique mondial de Paris vers New-York en pleine seconde guerre mondiale.<\/p>\n<p style=\"text-align: justify;\">\u00a0 \u00a0<\/p>\n<p style=\"text-align: justify;\"><em>Entr\u00e9es limit\u00e9es \u00e0 20 personnes par groupe<\/em><\/p>\n","protected":false},"excerpt":{"rendered":"<p>\u00a0\u00a0 \u00a0Groupes A et B D\u00e9part du car : \u00a08h45 \u00a0 \u00a0 \u00a0 \u00a0 \u00a0 \u00a0 \u00a0 \u00a0 \u00a0 \u00a0 \u00a0 \u00a0 \u00a0 \u00a0 \u00a0 \u00a0 \u00a0 \u00a0 \u00a0 \u00a0 \u00a0 \u00a0 \u00a0 \u00a0 \u00a0 \u00a0 \u00a0 \u00a0 \u00a0 \u00a0 \u00a0 \u00a0 \u00a0 \u00a0 \u00a0 \u00a0 \u00a0 \u00a0 \u00a0 \u00a0 \u00a0 Visites : \u00a0Groupe A &hellip; <a href=\"http:\/\/artsetculture.fr\/index.php\/event\/rembrandt-2-2-3\/\" class=\"more-link\">Continuer la lecture de <span class=\"screen-reader-text\">21 rue La Bo\u00e9tie<\/span>  <span class=\"meta-nav\">&rarr;<\/span><\/a><\/p>\n","protected":false},"author":1,"featured_media":0,"comment_status":"closed","ping_status":"closed","template":"","categories":[36],"tags":[],"class_list":["post-5333","event","type-event","status-publish","hentry","category-visit"],"_links":{"self":[{"href":"http:\/\/artsetculture.fr\/index.php\/wp-json\/wp\/v2\/event\/5333","targetHints":{"allow":["GET"]}}],"collection":[{"href":"http:\/\/artsetculture.fr\/index.php\/wp-json\/wp\/v2\/event"}],"about":[{"href":"http:\/\/artsetculture.fr\/index.php\/wp-json\/wp\/v2\/types\/event"}],"author":[{"embeddable":true,"href":"http:\/\/artsetculture.fr\/index.php\/wp-json\/wp\/v2\/users\/1"}],"replies":[{"embeddable":true,"href":"http:\/\/artsetculture.fr\/index.php\/wp-json\/wp\/v2\/comments?post=5333"}],"version-history":[{"count":1,"href":"http:\/\/artsetculture.fr\/index.php\/wp-json\/wp\/v2\/event\/5333\/revisions"}],"predecessor-version":[{"id":5445,"href":"http:\/\/artsetculture.fr\/index.php\/wp-json\/wp\/v2\/event\/5333\/revisions\/5445"}],"wp:attachment":[{"href":"http:\/\/artsetculture.fr\/index.php\/wp-json\/wp\/v2\/media?parent=5333"}],"wp:term":[{"taxonomy":"category","embeddable":true,"href":"http:\/\/artsetculture.fr\/index.php\/wp-json\/wp\/v2\/categories?post=5333"},{"taxonomy":"post_tag","embeddable":true,"href":"http:\/\/artsetculture.fr\/index.php\/wp-json\/wp\/v2\/tags?post=5333"}],"curies":[{"name":"wp","href":"https:\/\/api.w.org\/{rel}","templated":true}]}}