{"id":3744,"date":"2016-05-15T10:28:49","date_gmt":"2016-05-15T09:28:49","guid":{"rendered":"http:\/\/artsetculture.fr\/?post_type=event&#038;p=3744"},"modified":"2017-08-19T17:02:08","modified_gmt":"2017-08-19T16:02:08","slug":"la-peinture-hollandaise-2-2","status":"publish","type":"event","link":"http:\/\/artsetculture.fr\/index.php\/event\/la-peinture-hollandaise-2-2\/","title":{"rendered":"Les Primitifs flamands_3"},"content":{"rendered":"<p>&nbsp;<\/p>\n<p style=\"text-align: justify;\">Surnomm\u00e9e Ars Nova en raison de sa capacit\u00e9 \u00e0 rendre l\u2019illusionnisme, la peinture flamande traduit une nouvelle forme de pi\u00e9t\u00e9, le Devotio Moderna, n\u00e9e en Rh\u00e9nanie, \u00e0 la fin du XIV\u00e8me si\u00e8cle. Pi\u00e9t\u00e9 individuelle fond\u00e9e sur l\u2019oraison priv\u00e9e et la visualisation des sc\u00e8nes de la passion, le Devotio Moderna diversifie consid\u00e9rablement une imagerie religieuse plus \u00e9motionnelle, intime ou th\u00e9\u00e2trale.<\/p>\n<p>&nbsp;<\/p>\n","protected":false},"excerpt":{"rendered":"<p>&nbsp; Surnomm\u00e9e Ars Nova en raison de sa capacit\u00e9 \u00e0 rendre l\u2019illusionnisme, la peinture flamande traduit une nouvelle forme de pi\u00e9t\u00e9, le Devotio Moderna, n\u00e9e en Rh\u00e9nanie, \u00e0 la fin du XIV\u00e8me si\u00e8cle. Pi\u00e9t\u00e9 individuelle fond\u00e9e sur l\u2019oraison priv\u00e9e et la visualisation des sc\u00e8nes de la passion, le Devotio Moderna diversifie consid\u00e9rablement une imagerie religieuse &hellip; <a href=\"http:\/\/artsetculture.fr\/index.php\/event\/la-peinture-hollandaise-2-2\/\" class=\"more-link\">Continuer la lecture de <span class=\"screen-reader-text\">Les Primitifs flamands_3<\/span>  <span class=\"meta-nav\">&rarr;<\/span><\/a><\/p>\n","protected":false},"author":8,"featured_media":0,"comment_status":"closed","ping_status":"closed","template":"","categories":[10],"tags":[],"class_list":["post-3744","event","type-event","status-publish","hentry","category-conferences"],"_links":{"self":[{"href":"http:\/\/artsetculture.fr\/index.php\/wp-json\/wp\/v2\/event\/3744","targetHints":{"allow":["GET"]}}],"collection":[{"href":"http:\/\/artsetculture.fr\/index.php\/wp-json\/wp\/v2\/event"}],"about":[{"href":"http:\/\/artsetculture.fr\/index.php\/wp-json\/wp\/v2\/types\/event"}],"author":[{"embeddable":true,"href":"http:\/\/artsetculture.fr\/index.php\/wp-json\/wp\/v2\/users\/8"}],"replies":[{"embeddable":true,"href":"http:\/\/artsetculture.fr\/index.php\/wp-json\/wp\/v2\/comments?post=3744"}],"version-history":[{"count":1,"href":"http:\/\/artsetculture.fr\/index.php\/wp-json\/wp\/v2\/event\/3744\/revisions"}],"predecessor-version":[{"id":3748,"href":"http:\/\/artsetculture.fr\/index.php\/wp-json\/wp\/v2\/event\/3744\/revisions\/3748"}],"wp:attachment":[{"href":"http:\/\/artsetculture.fr\/index.php\/wp-json\/wp\/v2\/media?parent=3744"}],"wp:term":[{"taxonomy":"category","embeddable":true,"href":"http:\/\/artsetculture.fr\/index.php\/wp-json\/wp\/v2\/categories?post=3744"},{"taxonomy":"post_tag","embeddable":true,"href":"http:\/\/artsetculture.fr\/index.php\/wp-json\/wp\/v2\/tags?post=3744"}],"curies":[{"name":"wp","href":"https:\/\/api.w.org\/{rel}","templated":true}]}}