{"id":13628,"date":"2025-07-09T20:53:14","date_gmt":"2025-07-09T19:53:14","guid":{"rendered":"https:\/\/artsetculture.fr\/?post_type=event&#038;p=13628"},"modified":"2025-07-10T09:46:38","modified_gmt":"2025-07-10T08:46:38","slug":"remplissage-textes-et-photos-2-2-2","status":"publish","type":"event","link":"http:\/\/artsetculture.fr\/index.php\/event\/remplissage-textes-et-photos-2-2-2\/","title":{"rendered":"LES IMAGES CACHEES DANS LA PEINTURE"},"content":{"rendered":"<p>&nbsp;<\/p>\n<p><img loading=\"lazy\" decoding=\"async\" class=\"alignnone  wp-image-13629\" src=\"http:\/\/artsetculture.fr\/wp-content\/uploads\/2025\/06\/Image1-300x72.png\" alt=\"\" width=\"529\" height=\"127\" srcset=\"http:\/\/artsetculture.fr\/wp-content\/uploads\/2025\/06\/Image1-300x72.png 300w, http:\/\/artsetculture.fr\/wp-content\/uploads\/2025\/06\/Image1.png 412w\" sizes=\"auto, (max-width: 529px) 100vw, 529px\" \/><\/p>\n<p>&nbsp;<\/p>\n<p>&nbsp;<\/p>\n<p style=\"text-align: justify;\">Arcimboldo et ses portraits compos\u00e9s de fruits et l\u00e9gumes, Dali et ses \u00e9nigmes visuelles, Degas cachant une femme dans les courbes d&rsquo;un paysage\u2026 Les images cach\u00e9es dans la peinture sont plus nombreuses qu&rsquo;il n&rsquo;y para\u00eet. Cette conf\u00e9rence se propose d&rsquo;aff\u00fbter notre regard, de traquer les images composites\u00a0ou r\u00e9versibles, les formes cach\u00e9es ou sugg\u00e9r\u00e9es, les anamorphoses ou autres effets d\u2019optique. Et de d\u00e9busquer les pi\u00e8ges que nous ont tendus de fac\u00e9tieux artistes\u00a0!<\/p>\n<p>&nbsp;<\/p>\n<p>&nbsp;<\/p>\n<p>&nbsp;<\/p>\n<p>&nbsp;<\/p>\n<p>&nbsp;<\/p>\n<p style=\"text-align: justify;\">\u00a0<\/p>\n","protected":false},"excerpt":{"rendered":"<p>&nbsp; &nbsp; &nbsp; Arcimboldo et ses portraits compos\u00e9s de fruits et l\u00e9gumes, Dali et ses \u00e9nigmes visuelles, Degas cachant une femme dans les courbes d&rsquo;un paysage\u2026 Les images cach\u00e9es dans la peinture sont plus nombreuses qu&rsquo;il n&rsquo;y para\u00eet. Cette conf\u00e9rence se propose d&rsquo;aff\u00fbter notre regard, de traquer les images composites\u00a0ou r\u00e9versibles, les formes cach\u00e9es ou &hellip; <a href=\"http:\/\/artsetculture.fr\/index.php\/event\/remplissage-textes-et-photos-2-2-2\/\" class=\"more-link\">Continuer la lecture de <span class=\"screen-reader-text\">LES IMAGES CACHEES DANS LA PEINTURE<\/span>  <span class=\"meta-nav\">&rarr;<\/span><\/a><\/p>\n","protected":false},"author":8,"featured_media":0,"comment_status":"closed","ping_status":"closed","template":"","categories":[10],"tags":[77],"class_list":["post-13628","event","type-event","status-publish","hentry","category-conferences","tag-al"],"_links":{"self":[{"href":"http:\/\/artsetculture.fr\/index.php\/wp-json\/wp\/v2\/event\/13628","targetHints":{"allow":["GET"]}}],"collection":[{"href":"http:\/\/artsetculture.fr\/index.php\/wp-json\/wp\/v2\/event"}],"about":[{"href":"http:\/\/artsetculture.fr\/index.php\/wp-json\/wp\/v2\/types\/event"}],"author":[{"embeddable":true,"href":"http:\/\/artsetculture.fr\/index.php\/wp-json\/wp\/v2\/users\/8"}],"replies":[{"embeddable":true,"href":"http:\/\/artsetculture.fr\/index.php\/wp-json\/wp\/v2\/comments?post=13628"}],"version-history":[{"count":3,"href":"http:\/\/artsetculture.fr\/index.php\/wp-json\/wp\/v2\/event\/13628\/revisions"}],"predecessor-version":[{"id":13701,"href":"http:\/\/artsetculture.fr\/index.php\/wp-json\/wp\/v2\/event\/13628\/revisions\/13701"}],"wp:attachment":[{"href":"http:\/\/artsetculture.fr\/index.php\/wp-json\/wp\/v2\/media?parent=13628"}],"wp:term":[{"taxonomy":"category","embeddable":true,"href":"http:\/\/artsetculture.fr\/index.php\/wp-json\/wp\/v2\/categories?post=13628"},{"taxonomy":"post_tag","embeddable":true,"href":"http:\/\/artsetculture.fr\/index.php\/wp-json\/wp\/v2\/tags?post=13628"}],"curies":[{"name":"wp","href":"https:\/\/api.w.org\/{rel}","templated":true}]}}