{"id":13266,"date":"2024-07-29T17:59:11","date_gmt":"2024-07-29T16:59:11","guid":{"rendered":"https:\/\/artsetculture.fr\/?post_type=event&#038;p=13266"},"modified":"2024-07-29T17:59:11","modified_gmt":"2024-07-29T16:59:11","slug":"brancusi-2","status":"publish","type":"event","link":"http:\/\/artsetculture.fr\/index.php\/event\/brancusi-2\/","title":{"rendered":"LA NAISSANCE DES GRANDS MAGASINS"},"content":{"rendered":"<p>&nbsp;<\/p>\n<p style=\"text-align: justify\"><span style=\"color: #ff0000\"><strong>D\u00e9part de la Sc\u00e8ne Adamoise\u00a0 \u00e0 9 h 30<\/strong><\/span><\/p>\n<p><span style=\"color: #ff0000\"><strong>GROUPES A ET B\u00a0<\/strong><\/span><\/p>\n<p><span style=\"color: #ff0000\"><strong> UNE SEULE DATE POUR LES DEUX GROUPES : deux visites-conf\u00e9rences :11 h 45<\/strong><\/span><strong style=\"color: #ff0000\"> &#8211; 13 h 45 &#8211; Entr\u00e9e 15 \u20ac<\/strong><\/p>\n<p><span style=\"color: #ff0000\"><strong>Pour ceux qui nous rejoignent sur place : <\/strong><\/span><span style=\"color: #ff0000\"><strong>groupe A : 11 h 30 groupe B : 13 h 30 &#8211; Mus\u00e9e des Arts D\u00e9coratifs &#8230;.. Paris<br \/><\/strong><\/span><\/p>\n<p>&nbsp;<\/p>\n<p style=\"text-align: justify\">Les grands magasins deviennent, au milieu du XX\u00e8me si\u00e8cle, les nouveaux temples de la modernit\u00e9 et de la consommation. Le Bon March\u00e9, les grands magasins du Louvre, le Printemps, la Samaritaine, les Galeries Lafayette d\u00e9voilent leurs facettes \u00e0 travers l\u2019histoire, la politique et la soci\u00e9t\u00e9 du second Empire jusqu\u2019\u00e0 leur cons\u00e9cration lors de l\u2019exposition internationale des Arts d\u00e9coratifs et industriels modernes de 1925.<\/p>\n<p>&nbsp;<\/p>\n","protected":false},"excerpt":{"rendered":"<p>&nbsp; D\u00e9part de la Sc\u00e8ne Adamoise\u00a0 \u00e0 9 h 30 GROUPES A ET B\u00a0 UNE SEULE DATE POUR LES DEUX GROUPES : deux visites-conf\u00e9rences :11 h 45 &#8211; 13 h 45 &#8211; Entr\u00e9e 15 \u20ac Pour ceux qui nous rejoignent sur place : groupe A : 11 h 30 groupe B : 13 h 30 &hellip; <a href=\"http:\/\/artsetculture.fr\/index.php\/event\/brancusi-2\/\" class=\"more-link\">Continuer la lecture de <span class=\"screen-reader-text\">LA NAISSANCE DES GRANDS MAGASINS<\/span>  <span class=\"meta-nav\">&rarr;<\/span><\/a><\/p>\n","protected":false},"author":8,"featured_media":0,"comment_status":"closed","ping_status":"closed","template":"","categories":[36],"tags":[],"class_list":["post-13266","event","type-event","status-publish","hentry","category-visit"],"_links":{"self":[{"href":"http:\/\/artsetculture.fr\/index.php\/wp-json\/wp\/v2\/event\/13266","targetHints":{"allow":["GET"]}}],"collection":[{"href":"http:\/\/artsetculture.fr\/index.php\/wp-json\/wp\/v2\/event"}],"about":[{"href":"http:\/\/artsetculture.fr\/index.php\/wp-json\/wp\/v2\/types\/event"}],"author":[{"embeddable":true,"href":"http:\/\/artsetculture.fr\/index.php\/wp-json\/wp\/v2\/users\/8"}],"replies":[{"embeddable":true,"href":"http:\/\/artsetculture.fr\/index.php\/wp-json\/wp\/v2\/comments?post=13266"}],"version-history":[{"count":8,"href":"http:\/\/artsetculture.fr\/index.php\/wp-json\/wp\/v2\/event\/13266\/revisions"}],"predecessor-version":[{"id":13276,"href":"http:\/\/artsetculture.fr\/index.php\/wp-json\/wp\/v2\/event\/13266\/revisions\/13276"}],"wp:attachment":[{"href":"http:\/\/artsetculture.fr\/index.php\/wp-json\/wp\/v2\/media?parent=13266"}],"wp:term":[{"taxonomy":"category","embeddable":true,"href":"http:\/\/artsetculture.fr\/index.php\/wp-json\/wp\/v2\/categories?post=13266"},{"taxonomy":"post_tag","embeddable":true,"href":"http:\/\/artsetculture.fr\/index.php\/wp-json\/wp\/v2\/tags?post=13266"}],"curies":[{"name":"wp","href":"https:\/\/api.w.org\/{rel}","templated":true}]}}