{"id":12741,"date":"2023-07-26T18:08:26","date_gmt":"2023-07-26T17:08:26","guid":{"rendered":"https:\/\/artsetculture.fr\/?post_type=event&#038;p=12741"},"modified":"2023-07-26T18:08:26","modified_gmt":"2023-07-26T17:08:26","slug":"la-grece-antique-5-2-2","status":"publish","type":"event","link":"http:\/\/artsetculture.fr\/index.php\/event\/la-grece-antique-5-2-2\/","title":{"rendered":"AL ANDALOUS &#8211; 5"},"content":{"rendered":"<h4>\u00a0<\/h4>\n<p style=\"text-align: justify;\">La prise de Grenade par les Rois catholiques\u00a0\u00a0 en 1492 \u00a0marque\u00a0 la fin, apr\u00e8s huit si\u00e8cles de pr\u00e9sence, du pouvoir musulman. La d\u00e9couverte de l\u2019Alhambra confirme le raffinement de l\u2019architecture musulmane d\u2019Al Andalous.\u00a0 Les souverains catholiques \u00e9tablissent des d\u00e9crets qui conduisent les juifs et les musulmans \u00e0 l\u2019exil. A la suite de la d\u00e9couverte de l\u2019Am\u00e9rique, S\u00e9ville incarne le Si\u00e8cle d\u2019or de l\u2019Espagne de Charles Quint et des ses successeurs.<\/p>\n<p><img loading=\"lazy\" decoding=\"async\" class=\"alignnone size-medium wp-image-12744\" src=\"http:\/\/artsetculture.fr\/wp-content\/uploads\/2023\/05\/Al-Andalous-6-300x221.png\" alt=\"\" width=\"300\" height=\"221\" srcset=\"http:\/\/artsetculture.fr\/wp-content\/uploads\/2023\/05\/Al-Andalous-6-300x221.png 300w, http:\/\/artsetculture.fr\/wp-content\/uploads\/2023\/05\/Al-Andalous-6.png 378w\" sizes=\"auto, (max-width: 300px) 100vw, 300px\" \/><\/p>\n","protected":false},"excerpt":{"rendered":"<p>\u00a0 La prise de Grenade par les Rois catholiques\u00a0\u00a0 en 1492 \u00a0marque\u00a0 la fin, apr\u00e8s huit si\u00e8cles de pr\u00e9sence, du pouvoir musulman. La d\u00e9couverte de l\u2019Alhambra confirme le raffinement de l\u2019architecture musulmane d\u2019Al Andalous.\u00a0 Les souverains catholiques \u00e9tablissent des d\u00e9crets qui conduisent les juifs et les musulmans \u00e0 l\u2019exil. A la suite de la d\u00e9couverte &hellip; <a href=\"http:\/\/artsetculture.fr\/index.php\/event\/la-grece-antique-5-2-2\/\" class=\"more-link\">Continuer la lecture de <span class=\"screen-reader-text\">AL ANDALOUS &#8211; 5<\/span>  <span class=\"meta-nav\">&rarr;<\/span><\/a><\/p>\n","protected":false},"author":8,"featured_media":0,"comment_status":"closed","ping_status":"closed","template":"","categories":[10],"tags":[77],"class_list":["post-12741","event","type-event","status-publish","hentry","category-conferences","tag-al"],"_links":{"self":[{"href":"http:\/\/artsetculture.fr\/index.php\/wp-json\/wp\/v2\/event\/12741","targetHints":{"allow":["GET"]}}],"collection":[{"href":"http:\/\/artsetculture.fr\/index.php\/wp-json\/wp\/v2\/event"}],"about":[{"href":"http:\/\/artsetculture.fr\/index.php\/wp-json\/wp\/v2\/types\/event"}],"author":[{"embeddable":true,"href":"http:\/\/artsetculture.fr\/index.php\/wp-json\/wp\/v2\/users\/8"}],"replies":[{"embeddable":true,"href":"http:\/\/artsetculture.fr\/index.php\/wp-json\/wp\/v2\/comments?post=12741"}],"version-history":[{"count":4,"href":"http:\/\/artsetculture.fr\/index.php\/wp-json\/wp\/v2\/event\/12741\/revisions"}],"predecessor-version":[{"id":12912,"href":"http:\/\/artsetculture.fr\/index.php\/wp-json\/wp\/v2\/event\/12741\/revisions\/12912"}],"wp:attachment":[{"href":"http:\/\/artsetculture.fr\/index.php\/wp-json\/wp\/v2\/media?parent=12741"}],"wp:term":[{"taxonomy":"category","embeddable":true,"href":"http:\/\/artsetculture.fr\/index.php\/wp-json\/wp\/v2\/categories?post=12741"},{"taxonomy":"post_tag","embeddable":true,"href":"http:\/\/artsetculture.fr\/index.php\/wp-json\/wp\/v2\/tags?post=12741"}],"curies":[{"name":"wp","href":"https:\/\/api.w.org\/{rel}","templated":true}]}}