{"id":11613,"date":"2021-07-31T19:55:04","date_gmt":"2021-07-31T18:55:04","guid":{"rendered":"http:\/\/artsetculture.fr\/?post_type=event&#038;p=11613"},"modified":"2021-08-06T12:37:55","modified_gmt":"2021-08-06T11:37:55","slug":"syrie-histoire-archeologie-5-2","status":"publish","type":"event","link":"http:\/\/artsetculture.fr\/index.php\/event\/syrie-histoire-archeologie-5-2\/","title":{"rendered":"Syrie-Histoire arch\u00e9ologie-5"},"content":{"rendered":"<p>&nbsp;<\/p>\n<p style=\"text-align: justify;\">C\u2019est au d\u00e9but du XVI \u00e8me si\u00e8cle, que l\u2019espace syrien passa des Mamelouks au Ottomans. Les vell\u00e9it\u00e9s europ\u00e9ennes allaient, \u00e0 la suite de la Premi\u00e8re Guerre mondiale, placer la Syrie sous autorit\u00e9 fran\u00e7aise. Depuis son ind\u00e9pendance en 1946, la Syrie a connu une histoire compliqu\u00e9e, en parall\u00e8le \u00e0 celle du monde arabe. Depuis dix ans, sa population subit la guerre, le pays est quant \u00e0 lui le terrain de combats de groupuscules terroristes et de luttes d\u2019influence des puissances \u00e9trang\u00e8res.<\/p>\n<p>&nbsp;<\/p>\n","protected":false},"excerpt":{"rendered":"<p>&nbsp; C\u2019est au d\u00e9but du XVI \u00e8me si\u00e8cle, que l\u2019espace syrien passa des Mamelouks au Ottomans. Les vell\u00e9it\u00e9s europ\u00e9ennes allaient, \u00e0 la suite de la Premi\u00e8re Guerre mondiale, placer la Syrie sous autorit\u00e9 fran\u00e7aise. Depuis son ind\u00e9pendance en 1946, la Syrie a connu une histoire compliqu\u00e9e, en parall\u00e8le \u00e0 celle du monde arabe. Depuis dix &hellip; <a href=\"http:\/\/artsetculture.fr\/index.php\/event\/syrie-histoire-archeologie-5-2\/\" class=\"more-link\">Continuer la lecture de <span class=\"screen-reader-text\">Syrie-Histoire arch\u00e9ologie-5<\/span>  <span class=\"meta-nav\">&rarr;<\/span><\/a><\/p>\n","protected":false},"author":1,"featured_media":0,"comment_status":"closed","ping_status":"closed","template":"","categories":[10],"tags":[77],"class_list":["post-11613","event","type-event","status-publish","hentry","category-conferences","tag-al"],"_links":{"self":[{"href":"http:\/\/artsetculture.fr\/index.php\/wp-json\/wp\/v2\/event\/11613","targetHints":{"allow":["GET"]}}],"collection":[{"href":"http:\/\/artsetculture.fr\/index.php\/wp-json\/wp\/v2\/event"}],"about":[{"href":"http:\/\/artsetculture.fr\/index.php\/wp-json\/wp\/v2\/types\/event"}],"author":[{"embeddable":true,"href":"http:\/\/artsetculture.fr\/index.php\/wp-json\/wp\/v2\/users\/1"}],"replies":[{"embeddable":true,"href":"http:\/\/artsetculture.fr\/index.php\/wp-json\/wp\/v2\/comments?post=11613"}],"version-history":[{"count":0,"href":"http:\/\/artsetculture.fr\/index.php\/wp-json\/wp\/v2\/event\/11613\/revisions"}],"wp:attachment":[{"href":"http:\/\/artsetculture.fr\/index.php\/wp-json\/wp\/v2\/media?parent=11613"}],"wp:term":[{"taxonomy":"category","embeddable":true,"href":"http:\/\/artsetculture.fr\/index.php\/wp-json\/wp\/v2\/categories?post=11613"},{"taxonomy":"post_tag","embeddable":true,"href":"http:\/\/artsetculture.fr\/index.php\/wp-json\/wp\/v2\/tags?post=11613"}],"curies":[{"name":"wp","href":"https:\/\/api.w.org\/{rel}","templated":true}]}}